{"id":51,"date":"2022-08-09T15:08:17","date_gmt":"2022-08-09T15:08:17","guid":{"rendered":"https:\/\/sovdladelund.de\/?page_id=51"},"modified":"2023-06-12T12:57:54","modified_gmt":"2023-06-12T10:57:54","slug":"projekte-und-aktuelles","status":"publish","type":"page","link":"https:\/\/sovdladelund.de\/index.php\/projekte-und-aktuelles\/","title":{"rendered":"Projekte  2022"},"content":{"rendered":"\n<div class=\"wp-block-columns alignwide is-layout-flex wp-container-core-columns-is-layout-9d6595d7 wp-block-columns-is-layout-flex\">\n<div class=\"wp-block-column is-layout-flow wp-block-column-is-layout-flow\" style=\"flex-basis:66.66%\">\n<p>Wir starteten das Jahr mit unserem <strong>75.j\u00e4hrigen Jubil\u00e4um<\/strong> am 07.05.2022. Zahlreiche Mitglieder und G\u00e4ste waren unserer Einladung gefolgt. Nach der Jubi\u00e4umsrede von Willie folgten Reden von unserer Kreisvorsitzenden Petra Lenius-Hemstedt, dem B\u00fcrgermeister unserer Gemeinde Lutz Martensen und dem Pastor Hans Joachim Stuck. Nachdem wir uns mit einem leckeren Essen gest\u00e4rkt hatten. folgte ein Auftritt des <a style=\"pointer-events: none;\" href=\"https:\/\/www.1-hcn.de\/\">1.Harmonika Club e.V.<\/a> Nieb\u00fcll, der uns aus seinem Repertoire einige St\u00fccke spielte.<\/p>\n<p>Am 21.05.2022 fand in Ladelund auf dem Bikeplatz ein <strong>Schubkarrenrennen<\/strong> statt. Wir pr\u00e4sentierten uns mit einem Kuchenstand und Informationen zum Sozialverband Deutschland. Es war eine gelungene Aktion an der nicht nur die Teilnehmer etwas zu lachen hatten. Von uns halfen Ralf, Birgit, Monika und Oskar.<\/p>\n<p>Es folgte eine Woche danach am 28.05.2022 die <strong>Er\u00f6ffnung des Sozialberatungszentrums<\/strong> in Husum. Dort \u00fcberbrachte Monika eine Blumenschale als Aufmerksamkeit des Ortsverbandes Ladelund.<\/p>\n<p>Die geplante Tour in den <em><strong>Hamburger Containerhafen<\/strong><\/em> mussten wir leider <strong><em>stornieren<\/em><\/strong>.<\/p>\n<p>Am 24.06.2022 trafen wir uns im <strong>Naturbad zum Grillen<\/strong>. Mit Beginn jedoch kam auch p\u00fcnktlich ein Gewitter mit Starkregen. Das behinderte unseren Aufbau stark. Doch wir schafften es trotzdem! Es gab viele Salate, die vom Vorstand zur Verf\u00fcgung gestellt wurden, dazu hatten wir Bratwurst, Nackensteaks und Putenschnitzel.<\/p>\n<p>Unser Dank ging an Jenna und ihr Team, die uns die W\u00fcnsche von den Augen abgelesen haben!<\/p>\n<p>Am 09.07.2022 fand im Mildst\u00e4dter Kirchspielkrug die Kreisverbandstagung statt an der Monika teilnahm.<\/p>\n<p>Am 17.08.2022 \u00fcberraschten Birgit und Monika die 14 Einschulungskinder nach dem Gottesdienst mit einer kleinen \u00dcberraschung. Die Freude dar\u00fcber war gro\u00df.!<\/p>\n<p>Zudem gibt es f\u00fcr Kinder die schon lesen k\u00f6nnen oder vorgelesen bekommen \ud83d\ude09<strong> <a style=\"pointer-events: none;\" href=\"https:\/\/www.sovd.de\/fileadmin\/bundesverband\/pdf\/broschueren\/schulmaterial\/sovd-schlumaterial-miteinander-stark-sein-leichte-version.pdf\">einen Download<\/a><\/strong><\/p>\n\n\n\n<figure class=\"wp-block-image size-full\"><img loading=\"lazy\" decoding=\"async\" width=\"300\" height=\"425\" src=\"https:\/\/sovdladelund.de\/wp-content\/uploads\/2022\/08\/csm_sovd-schlumaterial-miteinander-stark-sein-leichte-version_f7cb31c5a4-1.png\" alt=\"\" class=\"wp-image-183\" srcset=\"https:\/\/sovdladelund.de\/wp-content\/uploads\/2022\/08\/csm_sovd-schlumaterial-miteinander-stark-sein-leichte-version_f7cb31c5a4-1.png 300w, https:\/\/sovdladelund.de\/wp-content\/uploads\/2022\/08\/csm_sovd-schlumaterial-miteinander-stark-sein-leichte-version_f7cb31c5a4-1-212x300.png 212w\" sizes=\"auto, (max-width: 300px) 100vw, 300px\" \/><figcaption class=\"wp-element-caption\">Miteinander stark sein in leichter Sprache<\/figcaption><\/figure>\n\n\n\n<p>Am 21.10.2022 folgten 41 Mitglieder, Freunde und G\u00e4ste unserer Einladung zur diesj\u00e4hrigen <strong>Jahreshauptversammlung<\/strong>. Der Unkostenbetrag betrug 12 \u20ac pro Person und beinhaltete das Essen und zwei Lottokarten f\u00fcr den geselligen Teil des Abends. Nach der Begr\u00fc\u00dfung folgte die &#8222;St\u00e4rkung&#8220; f\u00fcr den weiteren Abend. Wir erfreuten uns an <\/p>\n\n\n\n<p>Rundst\u00fcck &#8222;warm&#8220; (Rinderbraten, Champignonrahmso\u00dfe und gestovtes Gem\u00fcse<\/p>\n\n\n\n<p>danach gab es einen \u00dcberraschungsnachtisch (M\u00e4dchentraum).<\/p>\n\n\n\n<p>Es fogten die einzelnen Programmpunkte der Jahreshauptversammlung. Wahlen standen tournusm\u00e4\u00dfig nicht an, geehrt f\u00fcr langj\u00e4hrige Mitgliedschaft wurden 7 Anwesende, 5 konnten leider nicht teilnehmen. Der Ortsverband Ladelund f\u00fchrt aktuell 188 Mitglieder (Stand 21.10.22).<\/p>\n\n\n\n<p>Nach dem offiziellen Teil spielten wir Lotto und so mancher wartete sehns\u00fcchtig auf die noch ben\u00f6tigte Zahl. Dabei ging es sehr humorvoll zu. <\/p>\n\n\n\n<p>Gegen 23 Uhr endete die Jahreshauptveranstaltung. <\/p>\n\n\n\n<figure class=\"wp-block-image size-large\"><img loading=\"lazy\" decoding=\"async\" width=\"1024\" height=\"683\" src=\"https:\/\/sovdladelund.de\/wp-content\/uploads\/2022\/10\/Canon-EOS-Bilder-JHV-2022-085-1024x683.jpg\" alt=\"\" class=\"wp-image-340\" srcset=\"https:\/\/sovdladelund.de\/wp-content\/uploads\/2022\/10\/Canon-EOS-Bilder-JHV-2022-085-1024x683.jpg 1024w, https:\/\/sovdladelund.de\/wp-content\/uploads\/2022\/10\/Canon-EOS-Bilder-JHV-2022-085-300x200.jpg 300w, https:\/\/sovdladelund.de\/wp-content\/uploads\/2022\/10\/Canon-EOS-Bilder-JHV-2022-085-768x512.jpg 768w, https:\/\/sovdladelund.de\/wp-content\/uploads\/2022\/10\/Canon-EOS-Bilder-JHV-2022-085-1536x1024.jpg 1536w, https:\/\/sovdladelund.de\/wp-content\/uploads\/2022\/10\/Canon-EOS-Bilder-JHV-2022-085-2048x1365.jpg 2048w, https:\/\/sovdladelund.de\/wp-content\/uploads\/2022\/10\/Canon-EOS-Bilder-JHV-2022-085-1568x1045.jpg 1568w\" sizes=\"auto, (max-width: 1024px) 100vw, 1024px\" \/><figcaption class=\"wp-element-caption\">Fam. Hoffmann und Herr Dix von links nach rechts<\/figcaption><\/figure>\n\n\n\n<figure class=\"wp-block-image size-large\"><img loading=\"lazy\" decoding=\"async\" width=\"1024\" height=\"683\" src=\"https:\/\/sovdladelund.de\/wp-content\/uploads\/2022\/10\/Canon-EOS-Bilder-JHV-2022-088-1024x683.jpg\" alt=\"\" class=\"wp-image-343\" srcset=\"https:\/\/sovdladelund.de\/wp-content\/uploads\/2022\/10\/Canon-EOS-Bilder-JHV-2022-088-1024x683.jpg 1024w, https:\/\/sovdladelund.de\/wp-content\/uploads\/2022\/10\/Canon-EOS-Bilder-JHV-2022-088-300x200.jpg 300w, https:\/\/sovdladelund.de\/wp-content\/uploads\/2022\/10\/Canon-EOS-Bilder-JHV-2022-088-768x512.jpg 768w, https:\/\/sovdladelund.de\/wp-content\/uploads\/2022\/10\/Canon-EOS-Bilder-JHV-2022-088-1536x1024.jpg 1536w, https:\/\/sovdladelund.de\/wp-content\/uploads\/2022\/10\/Canon-EOS-Bilder-JHV-2022-088-2048x1365.jpg 2048w, https:\/\/sovdladelund.de\/wp-content\/uploads\/2022\/10\/Canon-EOS-Bilder-JHV-2022-088-1568x1045.jpg 1568w\" sizes=\"auto, (max-width: 1024px) 100vw, 1024px\" \/><figcaption class=\"wp-element-caption\">Renate Christoffersen, Werner und Marie Petersen (v.l.n.r.)<\/figcaption><\/figure>\n\n\n\n<p><\/p>\n\n\n\n<p>Am 3. Dezember 2022 fand eine weihnachtliche Verantstaltung der anderen Art in Ladelund statt. Unter dem Motto kl\u00f6nen, schnacken, schmausen hatten sich Vereine und Verb\u00e4nde zusammengetan und zum 2. Mal einen Adventstreff organisiert. Der einzige kommerzielle Hintergrund des Nachmittags war die Absicht einen m\u00f6glichst gro\u00dfz\u00fcgigen Erl\u00f6s zu erwirtschaften. Dieser sollte den F\u00f6rderkreisen der KiTa und der Grundschule, des RuFVereins Wilhelminenhof zu Gute kommen. Nach dem ersten musikalischen Beitrag durch den Posaunenchor der ev. Kirchengemeinde St. Petri, Ladelund erl\u00e4uterte <strong>Moderator Wilfried Dix vom Sozialverband<\/strong>, das aufgrund zweier edler Spenden des B\u00fcrgerwindparks Brebek und der VR Bank Nord schon ein Grundstock von 200 Euro je Verein auf dem Konto seien, ohne bisher etwas verkauft zu haben. Der wahre Erl\u00f6s wird noch geheim gehalten, bis im Rahmen einer kleinen Feierlichkeit entsprechende Schecks \u00fcbergeben werden sollen. Wilfried Dix danke den Spendern famila Leck, EDEKA Ladelund, Holger Petersen Ladelund, Schlachterei Hansen und Malerei Christophersen, beide Ladelund und der Gemeindearbeiter, Organisatoren des Nachmittags und jeweils mit zahlreichen Helferinnen und Helfern vor Ort,die in der Ger\u00e4tehalle der freiwilligen Feuerwehr f\u00fcr eine wundervolle und &#8222;Hygge&#8220; verbreitende Dekoration sorgten und liebevoll zubereitete Leckereien aller Art anboten, waren der Ortskulturring, das Deutsche Rote Kreuz, die Freiwille Feuerwehr, der Landfrauennerein, der Reit- und Fahrverein sowie der <strong>Sozialverband, der auch die Schirmherrschaft \u00fcbernommen hatte<\/strong>. Unter musikalischer Begleitung des Posaunenchores hielt Pastar Hans-Joachim Stuck eine Andacht, bevor der Posaunenchor unter der Leitung von Ilse Kjer mit bekannten Weihnachtsliedern erfreute. Einen weiteren Ohrenschmaus, der mit frenetischem Beifall belohnt wurde,bot der Chor der Kindertagesst\u00e4tte unter der Leitung von Uta Beckert. Gegen Ende des Nachmittags machte der Weihnachtsmann Station in Ladelund. Die zahlreich erschienenen Kinder sangen und sagten Gedichte auf und alle bekamen auch ein Geschenk aus dem gro\u00dfen Sack des Mannes im roten Mantel. Der Andrang war so gro\u00df, da\u00df alle Geschenke und alle Mandarinen restlos verteilt waren.Die Riesentanne, die das Feuerwehrger\u00e4tehaus nachmittags schm\u00fcckte, wurde mit vollem Schmuck und Beleuchtung nach Ende der Veranstaltung per Trecker zur weiteren Verwendung in die Reithalle gefahren.  <\/p>\n<\/div>\n\n\n\n<div class=\"wp-block-column is-layout-flow wp-block-column-is-layout-flow\" style=\"flex-basis:33.33%\">\n<figure class=\"wp-block-image size-large is-resized\"><img loading=\"lazy\" decoding=\"async\" src=\"https:\/\/sovdladelund.de\/wp-content\/uploads\/2022\/08\/IMG-20220521-WA0005-576x1024.jpg\" alt=\"Schubkarrenrennen Ladelund\" class=\"wp-image-83\" width=\"251\" height=\"446\" srcset=\"https:\/\/sovdladelund.de\/wp-content\/uploads\/2022\/08\/IMG-20220521-WA0005-576x1024.jpg 576w, https:\/\/sovdladelund.de\/wp-content\/uploads\/2022\/08\/IMG-20220521-WA0005-169x300.jpg 169w, https:\/\/sovdladelund.de\/wp-content\/uploads\/2022\/08\/IMG-20220521-WA0005-768x1366.jpg 768w, https:\/\/sovdladelund.de\/wp-content\/uploads\/2022\/08\/IMG-20220521-WA0005-864x1536.jpg 864w, https:\/\/sovdladelund.de\/wp-content\/uploads\/2022\/08\/IMG-20220521-WA0005.jpg 899w\" sizes=\"auto, (max-width: 251px) 100vw, 251px\" \/><figcaption class=\"wp-element-caption\">Unser Stand zum Schubkarrenrennen in Ladelund<\/figcaption><\/figure>\n\n\n\n<figure class=\"wp-block-image size-large\"><img loading=\"lazy\" decoding=\"async\" width=\"1024\" height=\"1024\" src=\"https:\/\/sovdladelund.de\/wp-content\/uploads\/2022\/08\/20220507_213348-1024x1024.jpg\" alt=\"\" class=\"wp-image-89\" srcset=\"https:\/\/sovdladelund.de\/wp-content\/uploads\/2022\/08\/20220507_213348-1024x1024.jpg 1024w, https:\/\/sovdladelund.de\/wp-content\/uploads\/2022\/08\/20220507_213348-300x300.jpg 300w, https:\/\/sovdladelund.de\/wp-content\/uploads\/2022\/08\/20220507_213348-150x150.jpg 150w, https:\/\/sovdladelund.de\/wp-content\/uploads\/2022\/08\/20220507_213348-768x768.jpg 768w, https:\/\/sovdladelund.de\/wp-content\/uploads\/2022\/08\/20220507_213348-1536x1536.jpg 1536w, https:\/\/sovdladelund.de\/wp-content\/uploads\/2022\/08\/20220507_213348-2048x2048.jpg 2048w, https:\/\/sovdladelund.de\/wp-content\/uploads\/2022\/08\/20220507_213348-1568x1568.jpg 1568w\" sizes=\"auto, (max-width: 1024px) 100vw, 1024px\" \/><figcaption class=\"wp-element-caption\">Der 1.Haronikum Club e.V. Nieb\u00fcll zum 75.Jubil\u00e4um<\/figcaption><\/figure>\n\n\n\n<figure class=\"wp-block-image size-large is-resized\"><img loading=\"lazy\" decoding=\"async\" src=\"https:\/\/sovdladelund.de\/wp-content\/uploads\/2022\/08\/20220816_103707-1024x1024.jpg\" alt=\"\" class=\"wp-image-286\" width=\"332\" height=\"332\" srcset=\"https:\/\/sovdladelund.de\/wp-content\/uploads\/2022\/08\/20220816_103707-1024x1024.jpg 1024w, https:\/\/sovdladelund.de\/wp-content\/uploads\/2022\/08\/20220816_103707-300x300.jpg 300w, https:\/\/sovdladelund.de\/wp-content\/uploads\/2022\/08\/20220816_103707-150x150.jpg 150w, https:\/\/sovdladelund.de\/wp-content\/uploads\/2022\/08\/20220816_103707-768x768.jpg 768w, https:\/\/sovdladelund.de\/wp-content\/uploads\/2022\/08\/20220816_103707-1536x1536.jpg 1536w, https:\/\/sovdladelund.de\/wp-content\/uploads\/2022\/08\/20220816_103707-2048x2048.jpg 2048w, https:\/\/sovdladelund.de\/wp-content\/uploads\/2022\/08\/20220816_103707-1568x1568.jpg 1568w\" sizes=\"auto, (max-width: 332px) 100vw, 332px\" \/><figcaption class=\"wp-element-caption\">Bei sch\u00f6nstem Wetter konnten wir die T\u00fcten vorbereiten<\/figcaption><\/figure>\n\n\n\n<figure class=\"wp-block-image size-large is-resized\"><img loading=\"lazy\" decoding=\"async\" src=\"https:\/\/sovdladelund.de\/wp-content\/uploads\/2022\/08\/IMG-20220817-WA0014-768x1024.jpg\" alt=\"\" class=\"wp-image-289\" width=\"330\" height=\"440\" srcset=\"https:\/\/sovdladelund.de\/wp-content\/uploads\/2022\/08\/IMG-20220817-WA0014-768x1024.jpg 768w, https:\/\/sovdladelund.de\/wp-content\/uploads\/2022\/08\/IMG-20220817-WA0014-225x300.jpg 225w, https:\/\/sovdladelund.de\/wp-content\/uploads\/2022\/08\/IMG-20220817-WA0014-1152x1536.jpg 1152w, https:\/\/sovdladelund.de\/wp-content\/uploads\/2022\/08\/IMG-20220817-WA0014.jpg 1200w\" sizes=\"auto, (max-width: 330px) 100vw, 330px\" \/><figcaption class=\"wp-element-caption\">Die Zweitkl\u00e4ssler \u00fcberraschten mit Gedichten, Gesang und guten W\u00fcnschen<\/figcaption><\/figure>\n\n\n\n<figure class=\"wp-block-image size-large\"><img loading=\"lazy\" decoding=\"async\" width=\"768\" height=\"1024\" src=\"https:\/\/sovdladelund.de\/wp-content\/uploads\/2022\/08\/IMG-20220817-WA0017-768x1024.jpg\" alt=\"\" class=\"wp-image-287\" srcset=\"https:\/\/sovdladelund.de\/wp-content\/uploads\/2022\/08\/IMG-20220817-WA0017-768x1024.jpg 768w, https:\/\/sovdladelund.de\/wp-content\/uploads\/2022\/08\/IMG-20220817-WA0017-225x300.jpg 225w, https:\/\/sovdladelund.de\/wp-content\/uploads\/2022\/08\/IMG-20220817-WA0017-1152x1536.jpg 1152w, https:\/\/sovdladelund.de\/wp-content\/uploads\/2022\/08\/IMG-20220817-WA0017.jpg 1200w\" sizes=\"auto, (max-width: 768px) 100vw, 768px\" \/><figcaption class=\"wp-element-caption\">Seid beh\u00fctet ! <br>Passend dazu verschiedene H\u00fcte und Helme und ein verschwundenes Schaf.  <\/figcaption><\/figure>\n\n\n\n<figure class=\"wp-block-gallery has-nested-images columns-default is-cropped wp-block-gallery-1 is-layout-flex wp-block-gallery-is-layout-flex\">\n<figure class=\"wp-block-image size-large\"><img loading=\"lazy\" decoding=\"async\" width=\"1024\" height=\"683\" data-id=\"341\" src=\"https:\/\/sovdladelund.de\/wp-content\/uploads\/2022\/10\/Canon-EOS-Bilder-JHV-2022-078-1024x683.jpg\" alt=\"\" class=\"wp-image-341\" srcset=\"https:\/\/sovdladelund.de\/wp-content\/uploads\/2022\/10\/Canon-EOS-Bilder-JHV-2022-078-1024x683.jpg 1024w, https:\/\/sovdladelund.de\/wp-content\/uploads\/2022\/10\/Canon-EOS-Bilder-JHV-2022-078-300x200.jpg 300w, https:\/\/sovdladelund.de\/wp-content\/uploads\/2022\/10\/Canon-EOS-Bilder-JHV-2022-078-768x512.jpg 768w, https:\/\/sovdladelund.de\/wp-content\/uploads\/2022\/10\/Canon-EOS-Bilder-JHV-2022-078-1536x1024.jpg 1536w, https:\/\/sovdladelund.de\/wp-content\/uploads\/2022\/10\/Canon-EOS-Bilder-JHV-2022-078-2048x1365.jpg 2048w, https:\/\/sovdladelund.de\/wp-content\/uploads\/2022\/10\/Canon-EOS-Bilder-JHV-2022-078-1568x1045.jpg 1568w\" sizes=\"auto, (max-width: 1024px) 100vw, 1024px\" \/><figcaption class=\"wp-element-caption\">Kassenbericht Udo Wei\u00df<\/figcaption><\/figure>\n<\/figure>\n\n\n\n<figure class=\"wp-block-image size-large\"><img loading=\"lazy\" decoding=\"async\" width=\"1024\" height=\"683\" src=\"https:\/\/sovdladelund.de\/wp-content\/uploads\/2022\/10\/Canon-EOS-Bilder-JHV-2022-080-1024x683.jpg\" alt=\"\" class=\"wp-image-342\" srcset=\"https:\/\/sovdladelund.de\/wp-content\/uploads\/2022\/10\/Canon-EOS-Bilder-JHV-2022-080-1024x683.jpg 1024w, https:\/\/sovdladelund.de\/wp-content\/uploads\/2022\/10\/Canon-EOS-Bilder-JHV-2022-080-300x200.jpg 300w, https:\/\/sovdladelund.de\/wp-content\/uploads\/2022\/10\/Canon-EOS-Bilder-JHV-2022-080-768x512.jpg 768w, https:\/\/sovdladelund.de\/wp-content\/uploads\/2022\/10\/Canon-EOS-Bilder-JHV-2022-080-1536x1024.jpg 1536w, https:\/\/sovdladelund.de\/wp-content\/uploads\/2022\/10\/Canon-EOS-Bilder-JHV-2022-080-2048x1365.jpg 2048w, https:\/\/sovdladelund.de\/wp-content\/uploads\/2022\/10\/Canon-EOS-Bilder-JHV-2022-080-1568x1045.jpg 1568w\" sizes=\"auto, (max-width: 1024px) 100vw, 1024px\" \/><figcaption class=\"wp-element-caption\">Herr Hans &#8211; Christian Domeyer vom Kreisverband Husum<\/figcaption><\/figure>\n\n\n\n<figure class=\"wp-block-image size-large\"><img loading=\"lazy\" decoding=\"async\" width=\"1024\" height=\"683\" src=\"https:\/\/sovdladelund.de\/wp-content\/uploads\/2022\/12\/Adventstreff-2022-127-1024x683.jpg\" alt=\"\" class=\"wp-image-389\" srcset=\"https:\/\/sovdladelund.de\/wp-content\/uploads\/2022\/12\/Adventstreff-2022-127-1024x683.jpg 1024w, https:\/\/sovdladelund.de\/wp-content\/uploads\/2022\/12\/Adventstreff-2022-127-300x200.jpg 300w, https:\/\/sovdladelund.de\/wp-content\/uploads\/2022\/12\/Adventstreff-2022-127-768x512.jpg 768w, https:\/\/sovdladelund.de\/wp-content\/uploads\/2022\/12\/Adventstreff-2022-127-1536x1024.jpg 1536w, https:\/\/sovdladelund.de\/wp-content\/uploads\/2022\/12\/Adventstreff-2022-127-2048x1365.jpg 2048w, https:\/\/sovdladelund.de\/wp-content\/uploads\/2022\/12\/Adventstreff-2022-127-1568x1045.jpg 1568w\" sizes=\"auto, (max-width: 1024px) 100vw, 1024px\" \/><\/figure>\n\n\n\n<figure class=\"wp-block-image size-large\"><img loading=\"lazy\" decoding=\"async\" width=\"1024\" height=\"683\" src=\"https:\/\/sovdladelund.de\/wp-content\/uploads\/2022\/12\/Adventstreff-2022-115-1-1024x683.jpg\" alt=\"\" class=\"wp-image-390\" srcset=\"https:\/\/sovdladelund.de\/wp-content\/uploads\/2022\/12\/Adventstreff-2022-115-1-1024x683.jpg 1024w, https:\/\/sovdladelund.de\/wp-content\/uploads\/2022\/12\/Adventstreff-2022-115-1-300x200.jpg 300w, https:\/\/sovdladelund.de\/wp-content\/uploads\/2022\/12\/Adventstreff-2022-115-1-768x512.jpg 768w, https:\/\/sovdladelund.de\/wp-content\/uploads\/2022\/12\/Adventstreff-2022-115-1-1536x1024.jpg 1536w, https:\/\/sovdladelund.de\/wp-content\/uploads\/2022\/12\/Adventstreff-2022-115-1-2048x1365.jpg 2048w, https:\/\/sovdladelund.de\/wp-content\/uploads\/2022\/12\/Adventstreff-2022-115-1-1568x1045.jpg 1568w\" sizes=\"auto, (max-width: 1024px) 100vw, 1024px\" \/><\/figure>\n\n\n\n<figure class=\"wp-block-image size-large\"><img loading=\"lazy\" decoding=\"async\" width=\"1024\" height=\"683\" src=\"https:\/\/sovdladelund.de\/wp-content\/uploads\/2022\/12\/Adventstreff-2022-151-1024x683.jpg\" alt=\"\" class=\"wp-image-391\" srcset=\"https:\/\/sovdladelund.de\/wp-content\/uploads\/2022\/12\/Adventstreff-2022-151-1024x683.jpg 1024w, https:\/\/sovdladelund.de\/wp-content\/uploads\/2022\/12\/Adventstreff-2022-151-300x200.jpg 300w, https:\/\/sovdladelund.de\/wp-content\/uploads\/2022\/12\/Adventstreff-2022-151-768x512.jpg 768w, https:\/\/sovdladelund.de\/wp-content\/uploads\/2022\/12\/Adventstreff-2022-151-1536x1024.jpg 1536w, https:\/\/sovdladelund.de\/wp-content\/uploads\/2022\/12\/Adventstreff-2022-151-2048x1365.jpg 2048w, https:\/\/sovdladelund.de\/wp-content\/uploads\/2022\/12\/Adventstreff-2022-151-1568x1045.jpg 1568w\" sizes=\"auto, (max-width: 1024px) 100vw, 1024px\" \/><\/figure>\n\n\n\n<figure class=\"wp-block-image size-large\"><img loading=\"lazy\" decoding=\"async\" width=\"1024\" height=\"683\" src=\"https:\/\/sovdladelund.de\/wp-content\/uploads\/2022\/12\/Adventstreff-2022-162-1024x683.jpg\" alt=\"\" class=\"wp-image-394\" srcset=\"https:\/\/sovdladelund.de\/wp-content\/uploads\/2022\/12\/Adventstreff-2022-162-1024x683.jpg 1024w, https:\/\/sovdladelund.de\/wp-content\/uploads\/2022\/12\/Adventstreff-2022-162-300x200.jpg 300w, https:\/\/sovdladelund.de\/wp-content\/uploads\/2022\/12\/Adventstreff-2022-162-768x512.jpg 768w, https:\/\/sovdladelund.de\/wp-content\/uploads\/2022\/12\/Adventstreff-2022-162-1536x1024.jpg 1536w, https:\/\/sovdladelund.de\/wp-content\/uploads\/2022\/12\/Adventstreff-2022-162-2048x1365.jpg 2048w, https:\/\/sovdladelund.de\/wp-content\/uploads\/2022\/12\/Adventstreff-2022-162-1568x1045.jpg 1568w\" sizes=\"auto, (max-width: 1024px) 100vw, 1024px\" \/><\/figure>\n<\/div>\n<\/div>\n\n\n\n<div class=\"wp-block-columns is-layout-flex wp-container-core-columns-is-layout-9d6595d7 wp-block-columns-is-layout-flex\">\n<div class=\"wp-block-column is-layout-flow wp-block-column-is-layout-flow\">\n<figure class=\"wp-block-image size-large\"><img loading=\"lazy\" decoding=\"async\" width=\"1024\" height=\"683\" src=\"https:\/\/sovdladelund.de\/wp-content\/uploads\/2022\/12\/Adventstreff-2022-149-1024x683.jpg\" alt=\"\" class=\"wp-image-393\" srcset=\"https:\/\/sovdladelund.de\/wp-content\/uploads\/2022\/12\/Adventstreff-2022-149-1024x683.jpg 1024w, https:\/\/sovdladelund.de\/wp-content\/uploads\/2022\/12\/Adventstreff-2022-149-300x200.jpg 300w, https:\/\/sovdladelund.de\/wp-content\/uploads\/2022\/12\/Adventstreff-2022-149-768x512.jpg 768w, https:\/\/sovdladelund.de\/wp-content\/uploads\/2022\/12\/Adventstreff-2022-149-1536x1024.jpg 1536w, https:\/\/sovdladelund.de\/wp-content\/uploads\/2022\/12\/Adventstreff-2022-149-2048x1365.jpg 2048w, https:\/\/sovdladelund.de\/wp-content\/uploads\/2022\/12\/Adventstreff-2022-149-1568x1045.jpg 1568w\" sizes=\"auto, (max-width: 1024px) 100vw, 1024px\" \/><\/figure>\n<\/div>\n\n\n\n<div class=\"wp-block-column is-layout-flow wp-block-column-is-layout-flow\">\n<figure class=\"wp-block-image size-large\"><img loading=\"lazy\" decoding=\"async\" width=\"1024\" height=\"683\" src=\"https:\/\/sovdladelund.de\/wp-content\/uploads\/2022\/12\/Adventstreff-2022-118-1024x683.jpg\" alt=\"\" class=\"wp-image-387\" srcset=\"https:\/\/sovdladelund.de\/wp-content\/uploads\/2022\/12\/Adventstreff-2022-118-1024x683.jpg 1024w, https:\/\/sovdladelund.de\/wp-content\/uploads\/2022\/12\/Adventstreff-2022-118-300x200.jpg 300w, https:\/\/sovdladelund.de\/wp-content\/uploads\/2022\/12\/Adventstreff-2022-118-768x512.jpg 768w, https:\/\/sovdladelund.de\/wp-content\/uploads\/2022\/12\/Adventstreff-2022-118-1536x1024.jpg 1536w, https:\/\/sovdladelund.de\/wp-content\/uploads\/2022\/12\/Adventstreff-2022-118-2048x1365.jpg 2048w, https:\/\/sovdladelund.de\/wp-content\/uploads\/2022\/12\/Adventstreff-2022-118-1568x1045.jpg 1568w\" sizes=\"auto, (max-width: 1024px) 100vw, 1024px\" \/><\/figure>\n<\/div>\n<\/div>\n\n\n\n<div class=\"wp-block-columns is-layout-flex wp-container-core-columns-is-layout-9d6595d7 wp-block-columns-is-layout-flex\">\n<div class=\"wp-block-column is-layout-flow wp-block-column-is-layout-flow\">\n<figure class=\"wp-block-image size-large\"><img loading=\"lazy\" decoding=\"async\" width=\"1024\" height=\"683\" src=\"https:\/\/sovdladelund.de\/wp-content\/uploads\/2022\/12\/Adventstreff-2022-121-1024x683.jpg\" alt=\"\" class=\"wp-image-388\" srcset=\"https:\/\/sovdladelund.de\/wp-content\/uploads\/2022\/12\/Adventstreff-2022-121-1024x683.jpg 1024w, https:\/\/sovdladelund.de\/wp-content\/uploads\/2022\/12\/Adventstreff-2022-121-300x200.jpg 300w, https:\/\/sovdladelund.de\/wp-content\/uploads\/2022\/12\/Adventstreff-2022-121-768x512.jpg 768w, https:\/\/sovdladelund.de\/wp-content\/uploads\/2022\/12\/Adventstreff-2022-121-1536x1024.jpg 1536w, https:\/\/sovdladelund.de\/wp-content\/uploads\/2022\/12\/Adventstreff-2022-121-2048x1365.jpg 2048w, https:\/\/sovdladelund.de\/wp-content\/uploads\/2022\/12\/Adventstreff-2022-121-1568x1045.jpg 1568w\" sizes=\"auto, (max-width: 1024px) 100vw, 1024px\" \/><\/figure>\n<\/div>\n<\/div>\n\n\n\n<p>Weitere Bilder gibt es in der <a href=\"https:\/\/sovdladelund.de\/index.php\/bildergalerie\/\">Bildergalerie<\/a><\/p>\n\n\n\n<h2 class=\"wp-block-heading\"><\/h2>\n\n\n\n<div class=\"wp-block-columns is-layout-flex wp-container-core-columns-is-layout-9d6595d7 wp-block-columns-is-layout-flex\"><\/div>\n\n\n\n<div class=\"wp-block-columns is-layout-flex wp-container-core-columns-is-layout-9d6595d7 wp-block-columns-is-layout-flex\"><\/div>\n\n\n\n<div class=\"wp-block-columns is-layout-flex wp-container-core-columns-is-layout-9d6595d7 wp-block-columns-is-layout-flex\"><\/div>\n","protected":false},"excerpt":{"rendered":"<p>Wir starteten das Jahr mit unserem 75.j\u00e4hrigen Jubil\u00e4um am 07.05.2022. Zahlreiche Mitglieder und G\u00e4ste waren unserer Einladung gefolgt. Nach der Jubi\u00e4umsrede von Willie folgten Reden von unserer Kreisvorsitzenden Petra Lenius-Hemstedt, dem B\u00fcrgermeister unserer Gemeinde Lutz Martensen und dem Pastor Hans Joachim Stuck. Nachdem wir uns mit einem leckeren Essen gest\u00e4rkt hatten. folgte ein Auftritt des&hellip; <a class=\"more-link\" href=\"https:\/\/sovdladelund.de\/index.php\/projekte-und-aktuelles\/\"><span class=\"screen-reader-text\">Projekte  2022<\/span> weiterlesen<\/a><\/p>\n","protected":false},"author":1,"featured_media":0,"parent":0,"menu_order":0,"comment_status":"closed","ping_status":"closed","template":"","meta":{"footnotes":""},"class_list":["post-51","page","type-page","status-publish","hentry","entry"],"yoast_head":"<!-- This site is optimized with the Yoast SEO plugin v25.5 - https:\/\/yoast.com\/wordpress\/plugins\/seo\/ -->\n<title>Projekte 2022 - Sozialverband Ladelund<\/title>\n<meta name=\"robots\" content=\"index, follow, max-snippet:-1, max-image-preview:large, max-video-preview:-1\" \/>\n<link rel=\"canonical\" href=\"https:\/\/sovdladelund.de\/index.php\/projekte-und-aktuelles\/\" \/>\n<meta property=\"og:locale\" content=\"de_DE\" \/>\n<meta property=\"og:type\" content=\"article\" \/>\n<meta property=\"og:title\" content=\"Projekte 2022 - Sozialverband Ladelund\" \/>\n<meta property=\"og:description\" content=\"Wir starteten das Jahr mit unserem 75.j\u00e4hrigen Jubil\u00e4um am 07.05.2022. Zahlreiche Mitglieder und G\u00e4ste waren unserer Einladung gefolgt. Nach der Jubi\u00e4umsrede von Willie folgten Reden von unserer Kreisvorsitzenden Petra Lenius-Hemstedt, dem B\u00fcrgermeister unserer Gemeinde Lutz Martensen und dem Pastor Hans Joachim Stuck. Nachdem wir uns mit einem leckeren Essen gest\u00e4rkt hatten. folgte ein Auftritt des&hellip; Projekte 2022 weiterlesen\" \/>\n<meta property=\"og:url\" content=\"https:\/\/sovdladelund.de\/index.php\/projekte-und-aktuelles\/\" \/>\n<meta property=\"og:site_name\" content=\"Sozialverband Ladelund\" \/>\n<meta property=\"article:publisher\" content=\"https:\/\/www.facebook.com\/groups\/381158450765117\" \/>\n<meta property=\"article:modified_time\" content=\"2023-06-12T10:57:54+00:00\" \/>\n<meta property=\"og:image\" content=\"https:\/\/sovdladelund.de\/wp-content\/uploads\/2022\/08\/csm_sovd-schlumaterial-miteinander-stark-sein-leichte-version_f7cb31c5a4-1.png\" \/>\n<meta name=\"twitter:card\" content=\"summary_large_image\" \/>\n<meta name=\"twitter:label1\" content=\"Gesch\u00e4tzte Lesezeit\" \/>\n\t<meta name=\"twitter:data1\" content=\"8\u00a0Minuten\" \/>\n<script type=\"application\/ld+json\" class=\"yoast-schema-graph\">{\"@context\":\"https:\/\/schema.org\",\"@graph\":[{\"@type\":\"WebPage\",\"@id\":\"https:\/\/sovdladelund.de\/index.php\/projekte-und-aktuelles\/\",\"url\":\"https:\/\/sovdladelund.de\/index.php\/projekte-und-aktuelles\/\",\"name\":\"Projekte 2022 - Sozialverband Ladelund\",\"isPartOf\":{\"@id\":\"https:\/\/sovdladelund.de\/#website\"},\"primaryImageOfPage\":{\"@id\":\"https:\/\/sovdladelund.de\/index.php\/projekte-und-aktuelles\/#primaryimage\"},\"image\":{\"@id\":\"https:\/\/sovdladelund.de\/index.php\/projekte-und-aktuelles\/#primaryimage\"},\"thumbnailUrl\":\"https:\/\/sovdladelund.de\/wp-content\/uploads\/2022\/08\/csm_sovd-schlumaterial-miteinander-stark-sein-leichte-version_f7cb31c5a4-1.png\",\"datePublished\":\"2022-08-09T15:08:17+00:00\",\"dateModified\":\"2023-06-12T10:57:54+00:00\",\"breadcrumb\":{\"@id\":\"https:\/\/sovdladelund.de\/index.php\/projekte-und-aktuelles\/#breadcrumb\"},\"inLanguage\":\"de\",\"potentialAction\":[{\"@type\":\"ReadAction\",\"target\":[\"https:\/\/sovdladelund.de\/index.php\/projekte-und-aktuelles\/\"]}]},{\"@type\":\"ImageObject\",\"inLanguage\":\"de\",\"@id\":\"https:\/\/sovdladelund.de\/index.php\/projekte-und-aktuelles\/#primaryimage\",\"url\":\"https:\/\/sovdladelund.de\/wp-content\/uploads\/2022\/08\/csm_sovd-schlumaterial-miteinander-stark-sein-leichte-version_f7cb31c5a4-1.png\",\"contentUrl\":\"https:\/\/sovdladelund.de\/wp-content\/uploads\/2022\/08\/csm_sovd-schlumaterial-miteinander-stark-sein-leichte-version_f7cb31c5a4-1.png\",\"width\":300,\"height\":425},{\"@type\":\"BreadcrumbList\",\"@id\":\"https:\/\/sovdladelund.de\/index.php\/projekte-und-aktuelles\/#breadcrumb\",\"itemListElement\":[{\"@type\":\"ListItem\",\"position\":1,\"name\":\"Startseite\",\"item\":\"https:\/\/sovdladelund.de\/\"},{\"@type\":\"ListItem\",\"position\":2,\"name\":\"Projekte 2022\"}]},{\"@type\":\"WebSite\",\"@id\":\"https:\/\/sovdladelund.de\/#website\",\"url\":\"https:\/\/sovdladelund.de\/\",\"name\":\"Sozialverband Ladelund\",\"description\":\"Gemeinsam sind wir b\u00e4renstark\",\"publisher\":{\"@id\":\"https:\/\/sovdladelund.de\/#organization\"},\"potentialAction\":[{\"@type\":\"SearchAction\",\"target\":{\"@type\":\"EntryPoint\",\"urlTemplate\":\"https:\/\/sovdladelund.de\/?s={search_term_string}\"},\"query-input\":{\"@type\":\"PropertyValueSpecification\",\"valueRequired\":true,\"valueName\":\"search_term_string\"}}],\"inLanguage\":\"de\"},{\"@type\":\"Organization\",\"@id\":\"https:\/\/sovdladelund.de\/#organization\",\"name\":\"Sozialverband Ladelund\",\"url\":\"https:\/\/sovdladelund.de\/\",\"logo\":{\"@type\":\"ImageObject\",\"inLanguage\":\"de\",\"@id\":\"https:\/\/sovdladelund.de\/#\/schema\/logo\/image\/\",\"url\":\"https:\/\/sovdladelund.de\/wp-content\/uploads\/2022\/10\/sovd-logo-1.png\",\"contentUrl\":\"https:\/\/sovdladelund.de\/wp-content\/uploads\/2022\/10\/sovd-logo-1.png\",\"width\":161,\"height\":78,\"caption\":\"Sozialverband Ladelund\"},\"image\":{\"@id\":\"https:\/\/sovdladelund.de\/#\/schema\/logo\/image\/\"},\"sameAs\":[\"https:\/\/www.facebook.com\/groups\/381158450765117\"]}]}<\/script>\n<!-- \/ Yoast SEO plugin. -->","yoast_head_json":{"title":"Projekte 2022 - Sozialverband Ladelund","robots":{"index":"index","follow":"follow","max-snippet":"max-snippet:-1","max-image-preview":"max-image-preview:large","max-video-preview":"max-video-preview:-1"},"canonical":"https:\/\/sovdladelund.de\/index.php\/projekte-und-aktuelles\/","og_locale":"de_DE","og_type":"article","og_title":"Projekte 2022 - Sozialverband Ladelund","og_description":"Wir starteten das Jahr mit unserem 75.j\u00e4hrigen Jubil\u00e4um am 07.05.2022. Zahlreiche Mitglieder und G\u00e4ste waren unserer Einladung gefolgt. Nach der Jubi\u00e4umsrede von Willie folgten Reden von unserer Kreisvorsitzenden Petra Lenius-Hemstedt, dem B\u00fcrgermeister unserer Gemeinde Lutz Martensen und dem Pastor Hans Joachim Stuck. Nachdem wir uns mit einem leckeren Essen gest\u00e4rkt hatten. folgte ein Auftritt des&hellip; Projekte 2022 weiterlesen","og_url":"https:\/\/sovdladelund.de\/index.php\/projekte-und-aktuelles\/","og_site_name":"Sozialverband Ladelund","article_publisher":"https:\/\/www.facebook.com\/groups\/381158450765117","article_modified_time":"2023-06-12T10:57:54+00:00","og_image":[{"url":"https:\/\/sovdladelund.de\/wp-content\/uploads\/2022\/08\/csm_sovd-schlumaterial-miteinander-stark-sein-leichte-version_f7cb31c5a4-1.png","type":"","width":"","height":""}],"twitter_card":"summary_large_image","twitter_misc":{"Gesch\u00e4tzte Lesezeit":"8\u00a0Minuten"},"schema":{"@context":"https:\/\/schema.org","@graph":[{"@type":"WebPage","@id":"https:\/\/sovdladelund.de\/index.php\/projekte-und-aktuelles\/","url":"https:\/\/sovdladelund.de\/index.php\/projekte-und-aktuelles\/","name":"Projekte 2022 - Sozialverband Ladelund","isPartOf":{"@id":"https:\/\/sovdladelund.de\/#website"},"primaryImageOfPage":{"@id":"https:\/\/sovdladelund.de\/index.php\/projekte-und-aktuelles\/#primaryimage"},"image":{"@id":"https:\/\/sovdladelund.de\/index.php\/projekte-und-aktuelles\/#primaryimage"},"thumbnailUrl":"https:\/\/sovdladelund.de\/wp-content\/uploads\/2022\/08\/csm_sovd-schlumaterial-miteinander-stark-sein-leichte-version_f7cb31c5a4-1.png","datePublished":"2022-08-09T15:08:17+00:00","dateModified":"2023-06-12T10:57:54+00:00","breadcrumb":{"@id":"https:\/\/sovdladelund.de\/index.php\/projekte-und-aktuelles\/#breadcrumb"},"inLanguage":"de","potentialAction":[{"@type":"ReadAction","target":["https:\/\/sovdladelund.de\/index.php\/projekte-und-aktuelles\/"]}]},{"@type":"ImageObject","inLanguage":"de","@id":"https:\/\/sovdladelund.de\/index.php\/projekte-und-aktuelles\/#primaryimage","url":"https:\/\/sovdladelund.de\/wp-content\/uploads\/2022\/08\/csm_sovd-schlumaterial-miteinander-stark-sein-leichte-version_f7cb31c5a4-1.png","contentUrl":"https:\/\/sovdladelund.de\/wp-content\/uploads\/2022\/08\/csm_sovd-schlumaterial-miteinander-stark-sein-leichte-version_f7cb31c5a4-1.png","width":300,"height":425},{"@type":"BreadcrumbList","@id":"https:\/\/sovdladelund.de\/index.php\/projekte-und-aktuelles\/#breadcrumb","itemListElement":[{"@type":"ListItem","position":1,"name":"Startseite","item":"https:\/\/sovdladelund.de\/"},{"@type":"ListItem","position":2,"name":"Projekte 2022"}]},{"@type":"WebSite","@id":"https:\/\/sovdladelund.de\/#website","url":"https:\/\/sovdladelund.de\/","name":"Sozialverband Ladelund","description":"Gemeinsam sind wir b\u00e4renstark","publisher":{"@id":"https:\/\/sovdladelund.de\/#organization"},"potentialAction":[{"@type":"SearchAction","target":{"@type":"EntryPoint","urlTemplate":"https:\/\/sovdladelund.de\/?s={search_term_string}"},"query-input":{"@type":"PropertyValueSpecification","valueRequired":true,"valueName":"search_term_string"}}],"inLanguage":"de"},{"@type":"Organization","@id":"https:\/\/sovdladelund.de\/#organization","name":"Sozialverband Ladelund","url":"https:\/\/sovdladelund.de\/","logo":{"@type":"ImageObject","inLanguage":"de","@id":"https:\/\/sovdladelund.de\/#\/schema\/logo\/image\/","url":"https:\/\/sovdladelund.de\/wp-content\/uploads\/2022\/10\/sovd-logo-1.png","contentUrl":"https:\/\/sovdladelund.de\/wp-content\/uploads\/2022\/10\/sovd-logo-1.png","width":161,"height":78,"caption":"Sozialverband Ladelund"},"image":{"@id":"https:\/\/sovdladelund.de\/#\/schema\/logo\/image\/"},"sameAs":["https:\/\/www.facebook.com\/groups\/381158450765117"]}]}},"_links":{"self":[{"href":"https:\/\/sovdladelund.de\/index.php\/wp-json\/wp\/v2\/pages\/51","targetHints":{"allow":["GET"]}}],"collection":[{"href":"https:\/\/sovdladelund.de\/index.php\/wp-json\/wp\/v2\/pages"}],"about":[{"href":"https:\/\/sovdladelund.de\/index.php\/wp-json\/wp\/v2\/types\/page"}],"author":[{"embeddable":true,"href":"https:\/\/sovdladelund.de\/index.php\/wp-json\/wp\/v2\/users\/1"}],"replies":[{"embeddable":true,"href":"https:\/\/sovdladelund.de\/index.php\/wp-json\/wp\/v2\/comments?post=51"}],"version-history":[{"count":14,"href":"https:\/\/sovdladelund.de\/index.php\/wp-json\/wp\/v2\/pages\/51\/revisions"}],"predecessor-version":[{"id":453,"href":"https:\/\/sovdladelund.de\/index.php\/wp-json\/wp\/v2\/pages\/51\/revisions\/453"}],"wp:attachment":[{"href":"https:\/\/sovdladelund.de\/index.php\/wp-json\/wp\/v2\/media?parent=51"}],"curies":[{"name":"wp","href":"https:\/\/api.w.org\/{rel}","templated":true}]}}