{"id":493,"date":"2024-03-14T11:18:31","date_gmt":"2024-03-14T10:18:31","guid":{"rendered":"https:\/\/sovdladelund.de\/?page_id=493"},"modified":"2024-04-07T16:05:05","modified_gmt":"2024-04-07T14:05:05","slug":"2024-2","status":"publish","type":"page","link":"https:\/\/sovdladelund.de\/index.php\/projekte-und-aktuelles\/2024-2\/","title":{"rendered":"Jahr 2024"},"content":{"rendered":"\n<div class=\"wp-block-columns is-layout-flex wp-container-core-columns-is-layout-9d6595d7 wp-block-columns-is-layout-flex\">\n<div class=\"wp-block-column is-layout-flow wp-block-column-is-layout-flow\">\n<p>14.1 Monika nahm am Gottesdienst in der St. Petri Kirche teil.  <strong>Christel T\u00fcxen<\/strong> bekam im Rahmen dieses Gottesdienstes das <strong>Ansgar Kreuz <\/strong>verliehen. Danach trafen sich zahlreiche ehrenamtlich t\u00e4tige im Pastorat zu einem <strong>Neujahrsempfang<\/strong>.<\/p>\n\n\n\n<p> 9.2 <strong>Wissenswertes \u00fcber das <a href=\"http:\/\/Wilhelminen-Hospiz Nieb\u00fcll\">Wilhelminen Hospiz<\/a><\/strong><\/p>\n\n\n\n<p>Leider war das Wetter an diesem Tag sehr st\u00fcrmisch, so das nur wenige sich auf den Weg machten. Durch den sehr interessanten Vortrag f\u00fchrte und der ehemalige Gesch\u00e4ftsf\u00fchrer <strong>Bernhard Vogel<\/strong>.<\/p>\n\n\n\n<p>So erfuhren wir unter vielem anderen auch, das sich das Wilhelminen Hospiz nur \u00fcber <a href=\"https:\/\/wilhelminen-hospiz.de\/spenden-foerderverein\/\">Spenden <\/a>finanziert. <\/p>\n\n\n\n<p> An diesem Nachmittag kam eine Spende von 171 \u20ac f\u00fcr das Wilhelminen Hospiz Nieb\u00fcll zusammen.<\/p>\n\n\n\n<p>13.2 Monika nahm an der Jahreshauptversammlung der Ladelunder Landfrauen teil. Im Rahmen dessen wurden einige Mitglieder des Vorstandes neu gew\u00e4hlt und die Ladelunder Landfrauen bekamen auch eine neue 1. Vorsitzende. Wir nutzen auch diese Gelegenheit um Unterschriften f\u00fcr die Kampagne <a href=\"https:\/\/www.sovd-sh.de\/projekte\/inflationsgeld-fuer-rentnerinnen-und-rentner\">&#8222;Inflationsausgleich von 3000 \u20ac f\u00fcr Rentner*innen&#8220;<\/a> zu sammeln.<\/p>\n\n\n\n<p>24.2 Mariechen, Birgit und Monika trafen sich mit weiteren im Vorstand t\u00e4tigen Frauen im &#8222;Cafe Hugo&#8220; Nieb\u00fcll um Frauenthemen zu besprechen. Hier ging es u.a. auch um Gleichberechtigung  der Bezahlung (<strong>Equal<\/strong>\u00a0<strong>Pay<\/strong>\u00a0<strong>Day<\/strong>).<\/p>\n\n\n\n<p>4.3 &#8222;Patientenverf\u00fcgung und Vorsorgevollmacht&#8220;<\/p>\n\n\n\n<p>Unsere diesj\u00e4hrige Vortragsreihe ging weiter mit <strong>&#8222;Patientenverf\u00fcgung und Vorsorgevollmacht&#8220;<\/strong>, den Vortrag hielt <strong>Christian Schultz <\/strong>vom Landesverband Kiel.<\/p>\n\n\n\n<p>Viele nutzten das Angebot und es konnten zahlreiche Fragen zum Thema beantwortet werden.<\/p>\n\n\n\n<p>An diesem Nachmittag sammelten wir Spenden f\u00fcr die S\u00fcdtondern Tafel e.V. und es kamen 99,60 \u20ac zusammen.Die in diesem Jahr gesammelten Spenden werden im Herbst (ca. Ende Oktober) weitergegeben. Bis dahin sammeln wir flei\u00dfig weiter. <\/p>\n<\/div>\n<\/div>\n\n\n\n<figure class=\"wp-block-gallery has-nested-images columns-default is-cropped wp-block-gallery-1 is-layout-flex wp-block-gallery-is-layout-flex\">\n<figure class=\"wp-block-image size-large\"><img loading=\"lazy\" decoding=\"async\" width=\"1024\" height=\"683\" data-id=\"498\" src=\"https:\/\/sovdladelund.de\/wp-content\/uploads\/2024\/03\/Maerz-2024-100-1024x683.jpg\" alt=\"\" class=\"wp-image-498\" srcset=\"https:\/\/sovdladelund.de\/wp-content\/uploads\/2024\/03\/Maerz-2024-100-1024x683.jpg 1024w, https:\/\/sovdladelund.de\/wp-content\/uploads\/2024\/03\/Maerz-2024-100-300x200.jpg 300w, https:\/\/sovdladelund.de\/wp-content\/uploads\/2024\/03\/Maerz-2024-100-768x512.jpg 768w, https:\/\/sovdladelund.de\/wp-content\/uploads\/2024\/03\/Maerz-2024-100-1536x1024.jpg 1536w, https:\/\/sovdladelund.de\/wp-content\/uploads\/2024\/03\/Maerz-2024-100-2048x1365.jpg 2048w, https:\/\/sovdladelund.de\/wp-content\/uploads\/2024\/03\/Maerz-2024-100-1568x1045.jpg 1568w\" sizes=\"auto, (max-width: 1024px) 100vw, 1024px\" \/><\/figure>\n\n\n\n<figure class=\"wp-block-image size-large\"><img loading=\"lazy\" decoding=\"async\" width=\"1024\" height=\"683\" data-id=\"500\" src=\"https:\/\/sovdladelund.de\/wp-content\/uploads\/2024\/03\/Maerz-2024-101-1024x683.jpg\" alt=\"\" class=\"wp-image-500\" srcset=\"https:\/\/sovdladelund.de\/wp-content\/uploads\/2024\/03\/Maerz-2024-101-1024x683.jpg 1024w, https:\/\/sovdladelund.de\/wp-content\/uploads\/2024\/03\/Maerz-2024-101-300x200.jpg 300w, https:\/\/sovdladelund.de\/wp-content\/uploads\/2024\/03\/Maerz-2024-101-768x512.jpg 768w, https:\/\/sovdladelund.de\/wp-content\/uploads\/2024\/03\/Maerz-2024-101-1536x1024.jpg 1536w, https:\/\/sovdladelund.de\/wp-content\/uploads\/2024\/03\/Maerz-2024-101-2048x1365.jpg 2048w, https:\/\/sovdladelund.de\/wp-content\/uploads\/2024\/03\/Maerz-2024-101-1568x1045.jpg 1568w\" sizes=\"auto, (max-width: 1024px) 100vw, 1024px\" \/><\/figure>\n\n\n\n<figure class=\"wp-block-image size-large\"><img loading=\"lazy\" decoding=\"async\" width=\"1024\" height=\"683\" data-id=\"502\" src=\"https:\/\/sovdladelund.de\/wp-content\/uploads\/2024\/03\/Maerz-2024-102-1-1024x683.jpg\" alt=\"\" class=\"wp-image-502\" srcset=\"https:\/\/sovdladelund.de\/wp-content\/uploads\/2024\/03\/Maerz-2024-102-1-1024x683.jpg 1024w, https:\/\/sovdladelund.de\/wp-content\/uploads\/2024\/03\/Maerz-2024-102-1-300x200.jpg 300w, https:\/\/sovdladelund.de\/wp-content\/uploads\/2024\/03\/Maerz-2024-102-1-768x512.jpg 768w, https:\/\/sovdladelund.de\/wp-content\/uploads\/2024\/03\/Maerz-2024-102-1-1536x1024.jpg 1536w, https:\/\/sovdladelund.de\/wp-content\/uploads\/2024\/03\/Maerz-2024-102-1-2048x1365.jpg 2048w, https:\/\/sovdladelund.de\/wp-content\/uploads\/2024\/03\/Maerz-2024-102-1-1568x1045.jpg 1568w\" sizes=\"auto, (max-width: 1024px) 100vw, 1024px\" \/><\/figure>\n\n\n\n<figure class=\"wp-block-image size-large\"><img loading=\"lazy\" decoding=\"async\" width=\"1024\" height=\"683\" data-id=\"507\" src=\"https:\/\/sovdladelund.de\/wp-content\/uploads\/2024\/03\/Maerz-2024-105-1-1024x683.jpg\" alt=\"\" class=\"wp-image-507\" srcset=\"https:\/\/sovdladelund.de\/wp-content\/uploads\/2024\/03\/Maerz-2024-105-1-1024x683.jpg 1024w, https:\/\/sovdladelund.de\/wp-content\/uploads\/2024\/03\/Maerz-2024-105-1-300x200.jpg 300w, https:\/\/sovdladelund.de\/wp-content\/uploads\/2024\/03\/Maerz-2024-105-1-768x512.jpg 768w, https:\/\/sovdladelund.de\/wp-content\/uploads\/2024\/03\/Maerz-2024-105-1-1536x1024.jpg 1536w, https:\/\/sovdladelund.de\/wp-content\/uploads\/2024\/03\/Maerz-2024-105-1-2048x1365.jpg 2048w, https:\/\/sovdladelund.de\/wp-content\/uploads\/2024\/03\/Maerz-2024-105-1-1568x1045.jpg 1568w\" sizes=\"auto, (max-width: 1024px) 100vw, 1024px\" \/><\/figure>\n\n\n\n<figure class=\"wp-block-image size-large\"><img loading=\"lazy\" decoding=\"async\" width=\"1024\" height=\"683\" data-id=\"503\" src=\"https:\/\/sovdladelund.de\/wp-content\/uploads\/2024\/03\/Maerz-2024-104-1024x683.jpg\" alt=\"\" class=\"wp-image-503\" srcset=\"https:\/\/sovdladelund.de\/wp-content\/uploads\/2024\/03\/Maerz-2024-104-1024x683.jpg 1024w, https:\/\/sovdladelund.de\/wp-content\/uploads\/2024\/03\/Maerz-2024-104-300x200.jpg 300w, https:\/\/sovdladelund.de\/wp-content\/uploads\/2024\/03\/Maerz-2024-104-768x512.jpg 768w, https:\/\/sovdladelund.de\/wp-content\/uploads\/2024\/03\/Maerz-2024-104-1536x1024.jpg 1536w, https:\/\/sovdladelund.de\/wp-content\/uploads\/2024\/03\/Maerz-2024-104-2048x1365.jpg 2048w, https:\/\/sovdladelund.de\/wp-content\/uploads\/2024\/03\/Maerz-2024-104-1568x1045.jpg 1568w\" sizes=\"auto, (max-width: 1024px) 100vw, 1024px\" \/><figcaption class=\"wp-element-caption\">Christian Schultz,Monika Abele<\/figcaption><\/figure>\n\n\n\n<figure class=\"wp-block-image size-large\"><img loading=\"lazy\" decoding=\"async\" width=\"1024\" height=\"683\" data-id=\"505\" src=\"https:\/\/sovdladelund.de\/wp-content\/uploads\/2024\/03\/Maerz-2024-103-1-1024x683.jpg\" alt=\"\" class=\"wp-image-505\" srcset=\"https:\/\/sovdladelund.de\/wp-content\/uploads\/2024\/03\/Maerz-2024-103-1-1024x683.jpg 1024w, https:\/\/sovdladelund.de\/wp-content\/uploads\/2024\/03\/Maerz-2024-103-1-300x200.jpg 300w, https:\/\/sovdladelund.de\/wp-content\/uploads\/2024\/03\/Maerz-2024-103-1-768x512.jpg 768w, https:\/\/sovdladelund.de\/wp-content\/uploads\/2024\/03\/Maerz-2024-103-1-1536x1024.jpg 1536w, https:\/\/sovdladelund.de\/wp-content\/uploads\/2024\/03\/Maerz-2024-103-1-2048x1365.jpg 2048w, https:\/\/sovdladelund.de\/wp-content\/uploads\/2024\/03\/Maerz-2024-103-1-1568x1045.jpg 1568w\" sizes=\"auto, (max-width: 1024px) 100vw, 1024px\" \/><\/figure>\n\n\n\n<figure class=\"wp-block-image size-large\"><img loading=\"lazy\" decoding=\"async\" width=\"1024\" height=\"683\" data-id=\"499\" src=\"https:\/\/sovdladelund.de\/wp-content\/uploads\/2024\/03\/Maerz-2024-106-1-1024x683.jpg\" alt=\"\" class=\"wp-image-499\" srcset=\"https:\/\/sovdladelund.de\/wp-content\/uploads\/2024\/03\/Maerz-2024-106-1-1024x683.jpg 1024w, https:\/\/sovdladelund.de\/wp-content\/uploads\/2024\/03\/Maerz-2024-106-1-300x200.jpg 300w, https:\/\/sovdladelund.de\/wp-content\/uploads\/2024\/03\/Maerz-2024-106-1-768x512.jpg 768w, https:\/\/sovdladelund.de\/wp-content\/uploads\/2024\/03\/Maerz-2024-106-1-1536x1024.jpg 1536w, https:\/\/sovdladelund.de\/wp-content\/uploads\/2024\/03\/Maerz-2024-106-1-2048x1365.jpg 2048w, https:\/\/sovdladelund.de\/wp-content\/uploads\/2024\/03\/Maerz-2024-106-1-1568x1045.jpg 1568w\" sizes=\"auto, (max-width: 1024px) 100vw, 1024px\" \/><figcaption class=\"wp-element-caption\">Christian Schultz<\/figcaption><\/figure>\n<\/figure>\n\n\n\n<p>13.3 Monika nahm an der Jahreshauptversammlung des B\u00fcrgerbus teil. <\/p>\n","protected":false},"excerpt":{"rendered":"<p>14.1 Monika nahm am Gottesdienst in der St. Petri Kirche teil. Christel T\u00fcxen bekam im Rahmen dieses Gottesdienstes das Ansgar Kreuz verliehen. Danach trafen sich zahlreiche ehrenamtlich t\u00e4tige im Pastorat zu einem Neujahrsempfang. 9.2 Wissenswertes \u00fcber das Wilhelminen Hospiz Leider war das Wetter an diesem Tag sehr st\u00fcrmisch, so das nur wenige sich auf den&hellip; <a class=\"more-link\" href=\"https:\/\/sovdladelund.de\/index.php\/projekte-und-aktuelles\/2024-2\/\"><span class=\"screen-reader-text\">Jahr 2024<\/span> weiterlesen<\/a><\/p>\n","protected":false},"author":1,"featured_media":0,"parent":51,"menu_order":0,"comment_status":"closed","ping_status":"closed","template":"","meta":{"footnotes":""},"class_list":["post-493","page","type-page","status-publish","hentry","entry"],"yoast_head":"<!-- This site is optimized with the Yoast SEO plugin v25.5 - https:\/\/yoast.com\/wordpress\/plugins\/seo\/ -->\n<title>Jahr 2024 - Sozialverband Ladelund<\/title>\n<meta name=\"robots\" content=\"index, follow, max-snippet:-1, max-image-preview:large, max-video-preview:-1\" \/>\n<link rel=\"canonical\" href=\"https:\/\/sovdladelund.de\/index.php\/projekte-und-aktuelles\/2024-2\/\" \/>\n<meta property=\"og:locale\" content=\"de_DE\" \/>\n<meta property=\"og:type\" content=\"article\" \/>\n<meta property=\"og:title\" content=\"Jahr 2024 - Sozialverband Ladelund\" \/>\n<meta property=\"og:description\" content=\"14.1 Monika nahm am Gottesdienst in der St. Petri Kirche teil. Christel T\u00fcxen bekam im Rahmen dieses Gottesdienstes das Ansgar Kreuz verliehen. Danach trafen sich zahlreiche ehrenamtlich t\u00e4tige im Pastorat zu einem Neujahrsempfang. 9.2 Wissenswertes \u00fcber das Wilhelminen Hospiz Leider war das Wetter an diesem Tag sehr st\u00fcrmisch, so das nur wenige sich auf den&hellip; Jahr 2024 weiterlesen\" \/>\n<meta property=\"og:url\" content=\"https:\/\/sovdladelund.de\/index.php\/projekte-und-aktuelles\/2024-2\/\" \/>\n<meta property=\"og:site_name\" content=\"Sozialverband Ladelund\" \/>\n<meta property=\"article:publisher\" content=\"https:\/\/www.facebook.com\/groups\/381158450765117\" \/>\n<meta property=\"article:modified_time\" content=\"2024-04-07T14:05:05+00:00\" \/>\n<meta property=\"og:image\" content=\"https:\/\/sovdladelund.de\/wp-content\/uploads\/2024\/03\/Maerz-2024-100-1024x683.jpg\" \/>\n<meta name=\"twitter:card\" content=\"summary_large_image\" \/>\n<meta name=\"twitter:label1\" content=\"Gesch\u00e4tzte Lesezeit\" \/>\n\t<meta name=\"twitter:data1\" content=\"3\u00a0Minuten\" \/>\n<script type=\"application\/ld+json\" class=\"yoast-schema-graph\">{\"@context\":\"https:\/\/schema.org\",\"@graph\":[{\"@type\":\"WebPage\",\"@id\":\"https:\/\/sovdladelund.de\/index.php\/projekte-und-aktuelles\/2024-2\/\",\"url\":\"https:\/\/sovdladelund.de\/index.php\/projekte-und-aktuelles\/2024-2\/\",\"name\":\"Jahr 2024 - Sozialverband Ladelund\",\"isPartOf\":{\"@id\":\"https:\/\/sovdladelund.de\/#website\"},\"primaryImageOfPage\":{\"@id\":\"https:\/\/sovdladelund.de\/index.php\/projekte-und-aktuelles\/2024-2\/#primaryimage\"},\"image\":{\"@id\":\"https:\/\/sovdladelund.de\/index.php\/projekte-und-aktuelles\/2024-2\/#primaryimage\"},\"thumbnailUrl\":\"https:\/\/sovdladelund.de\/wp-content\/uploads\/2024\/03\/Maerz-2024-100-1024x683.jpg\",\"datePublished\":\"2024-03-14T10:18:31+00:00\",\"dateModified\":\"2024-04-07T14:05:05+00:00\",\"breadcrumb\":{\"@id\":\"https:\/\/sovdladelund.de\/index.php\/projekte-und-aktuelles\/2024-2\/#breadcrumb\"},\"inLanguage\":\"de\",\"potentialAction\":[{\"@type\":\"ReadAction\",\"target\":[\"https:\/\/sovdladelund.de\/index.php\/projekte-und-aktuelles\/2024-2\/\"]}]},{\"@type\":\"ImageObject\",\"inLanguage\":\"de\",\"@id\":\"https:\/\/sovdladelund.de\/index.php\/projekte-und-aktuelles\/2024-2\/#primaryimage\",\"url\":\"https:\/\/sovdladelund.de\/wp-content\/uploads\/2024\/03\/Maerz-2024-100-scaled.jpg\",\"contentUrl\":\"https:\/\/sovdladelund.de\/wp-content\/uploads\/2024\/03\/Maerz-2024-100-scaled.jpg\",\"width\":2560,\"height\":1707},{\"@type\":\"BreadcrumbList\",\"@id\":\"https:\/\/sovdladelund.de\/index.php\/projekte-und-aktuelles\/2024-2\/#breadcrumb\",\"itemListElement\":[{\"@type\":\"ListItem\",\"position\":1,\"name\":\"Startseite\",\"item\":\"https:\/\/sovdladelund.de\/\"},{\"@type\":\"ListItem\",\"position\":2,\"name\":\"Projekte 2022\",\"item\":\"https:\/\/sovdladelund.de\/index.php\/projekte-und-aktuelles\/\"},{\"@type\":\"ListItem\",\"position\":3,\"name\":\"Jahr 2024\"}]},{\"@type\":\"WebSite\",\"@id\":\"https:\/\/sovdladelund.de\/#website\",\"url\":\"https:\/\/sovdladelund.de\/\",\"name\":\"Sozialverband Ladelund\",\"description\":\"Gemeinsam sind wir b\u00e4renstark\",\"publisher\":{\"@id\":\"https:\/\/sovdladelund.de\/#organization\"},\"potentialAction\":[{\"@type\":\"SearchAction\",\"target\":{\"@type\":\"EntryPoint\",\"urlTemplate\":\"https:\/\/sovdladelund.de\/?s={search_term_string}\"},\"query-input\":{\"@type\":\"PropertyValueSpecification\",\"valueRequired\":true,\"valueName\":\"search_term_string\"}}],\"inLanguage\":\"de\"},{\"@type\":\"Organization\",\"@id\":\"https:\/\/sovdladelund.de\/#organization\",\"name\":\"Sozialverband Ladelund\",\"url\":\"https:\/\/sovdladelund.de\/\",\"logo\":{\"@type\":\"ImageObject\",\"inLanguage\":\"de\",\"@id\":\"https:\/\/sovdladelund.de\/#\/schema\/logo\/image\/\",\"url\":\"https:\/\/sovdladelund.de\/wp-content\/uploads\/2022\/10\/sovd-logo-1.png\",\"contentUrl\":\"https:\/\/sovdladelund.de\/wp-content\/uploads\/2022\/10\/sovd-logo-1.png\",\"width\":161,\"height\":78,\"caption\":\"Sozialverband Ladelund\"},\"image\":{\"@id\":\"https:\/\/sovdladelund.de\/#\/schema\/logo\/image\/\"},\"sameAs\":[\"https:\/\/www.facebook.com\/groups\/381158450765117\"]}]}<\/script>\n<!-- \/ Yoast SEO plugin. -->","yoast_head_json":{"title":"Jahr 2024 - Sozialverband Ladelund","robots":{"index":"index","follow":"follow","max-snippet":"max-snippet:-1","max-image-preview":"max-image-preview:large","max-video-preview":"max-video-preview:-1"},"canonical":"https:\/\/sovdladelund.de\/index.php\/projekte-und-aktuelles\/2024-2\/","og_locale":"de_DE","og_type":"article","og_title":"Jahr 2024 - Sozialverband Ladelund","og_description":"14.1 Monika nahm am Gottesdienst in der St. Petri Kirche teil. Christel T\u00fcxen bekam im Rahmen dieses Gottesdienstes das Ansgar Kreuz verliehen. Danach trafen sich zahlreiche ehrenamtlich t\u00e4tige im Pastorat zu einem Neujahrsempfang. 9.2 Wissenswertes \u00fcber das Wilhelminen Hospiz Leider war das Wetter an diesem Tag sehr st\u00fcrmisch, so das nur wenige sich auf den&hellip; Jahr 2024 weiterlesen","og_url":"https:\/\/sovdladelund.de\/index.php\/projekte-und-aktuelles\/2024-2\/","og_site_name":"Sozialverband Ladelund","article_publisher":"https:\/\/www.facebook.com\/groups\/381158450765117","article_modified_time":"2024-04-07T14:05:05+00:00","og_image":[{"url":"https:\/\/sovdladelund.de\/wp-content\/uploads\/2024\/03\/Maerz-2024-100-1024x683.jpg","type":"","width":"","height":""}],"twitter_card":"summary_large_image","twitter_misc":{"Gesch\u00e4tzte Lesezeit":"3\u00a0Minuten"},"schema":{"@context":"https:\/\/schema.org","@graph":[{"@type":"WebPage","@id":"https:\/\/sovdladelund.de\/index.php\/projekte-und-aktuelles\/2024-2\/","url":"https:\/\/sovdladelund.de\/index.php\/projekte-und-aktuelles\/2024-2\/","name":"Jahr 2024 - Sozialverband Ladelund","isPartOf":{"@id":"https:\/\/sovdladelund.de\/#website"},"primaryImageOfPage":{"@id":"https:\/\/sovdladelund.de\/index.php\/projekte-und-aktuelles\/2024-2\/#primaryimage"},"image":{"@id":"https:\/\/sovdladelund.de\/index.php\/projekte-und-aktuelles\/2024-2\/#primaryimage"},"thumbnailUrl":"https:\/\/sovdladelund.de\/wp-content\/uploads\/2024\/03\/Maerz-2024-100-1024x683.jpg","datePublished":"2024-03-14T10:18:31+00:00","dateModified":"2024-04-07T14:05:05+00:00","breadcrumb":{"@id":"https:\/\/sovdladelund.de\/index.php\/projekte-und-aktuelles\/2024-2\/#breadcrumb"},"inLanguage":"de","potentialAction":[{"@type":"ReadAction","target":["https:\/\/sovdladelund.de\/index.php\/projekte-und-aktuelles\/2024-2\/"]}]},{"@type":"ImageObject","inLanguage":"de","@id":"https:\/\/sovdladelund.de\/index.php\/projekte-und-aktuelles\/2024-2\/#primaryimage","url":"https:\/\/sovdladelund.de\/wp-content\/uploads\/2024\/03\/Maerz-2024-100-scaled.jpg","contentUrl":"https:\/\/sovdladelund.de\/wp-content\/uploads\/2024\/03\/Maerz-2024-100-scaled.jpg","width":2560,"height":1707},{"@type":"BreadcrumbList","@id":"https:\/\/sovdladelund.de\/index.php\/projekte-und-aktuelles\/2024-2\/#breadcrumb","itemListElement":[{"@type":"ListItem","position":1,"name":"Startseite","item":"https:\/\/sovdladelund.de\/"},{"@type":"ListItem","position":2,"name":"Projekte 2022","item":"https:\/\/sovdladelund.de\/index.php\/projekte-und-aktuelles\/"},{"@type":"ListItem","position":3,"name":"Jahr 2024"}]},{"@type":"WebSite","@id":"https:\/\/sovdladelund.de\/#website","url":"https:\/\/sovdladelund.de\/","name":"Sozialverband Ladelund","description":"Gemeinsam sind wir b\u00e4renstark","publisher":{"@id":"https:\/\/sovdladelund.de\/#organization"},"potentialAction":[{"@type":"SearchAction","target":{"@type":"EntryPoint","urlTemplate":"https:\/\/sovdladelund.de\/?s={search_term_string}"},"query-input":{"@type":"PropertyValueSpecification","valueRequired":true,"valueName":"search_term_string"}}],"inLanguage":"de"},{"@type":"Organization","@id":"https:\/\/sovdladelund.de\/#organization","name":"Sozialverband Ladelund","url":"https:\/\/sovdladelund.de\/","logo":{"@type":"ImageObject","inLanguage":"de","@id":"https:\/\/sovdladelund.de\/#\/schema\/logo\/image\/","url":"https:\/\/sovdladelund.de\/wp-content\/uploads\/2022\/10\/sovd-logo-1.png","contentUrl":"https:\/\/sovdladelund.de\/wp-content\/uploads\/2022\/10\/sovd-logo-1.png","width":161,"height":78,"caption":"Sozialverband Ladelund"},"image":{"@id":"https:\/\/sovdladelund.de\/#\/schema\/logo\/image\/"},"sameAs":["https:\/\/www.facebook.com\/groups\/381158450765117"]}]}},"_links":{"self":[{"href":"https:\/\/sovdladelund.de\/index.php\/wp-json\/wp\/v2\/pages\/493","targetHints":{"allow":["GET"]}}],"collection":[{"href":"https:\/\/sovdladelund.de\/index.php\/wp-json\/wp\/v2\/pages"}],"about":[{"href":"https:\/\/sovdladelund.de\/index.php\/wp-json\/wp\/v2\/types\/page"}],"author":[{"embeddable":true,"href":"https:\/\/sovdladelund.de\/index.php\/wp-json\/wp\/v2\/users\/1"}],"replies":[{"embeddable":true,"href":"https:\/\/sovdladelund.de\/index.php\/wp-json\/wp\/v2\/comments?post=493"}],"version-history":[{"count":6,"href":"https:\/\/sovdladelund.de\/index.php\/wp-json\/wp\/v2\/pages\/493\/revisions"}],"predecessor-version":[{"id":540,"href":"https:\/\/sovdladelund.de\/index.php\/wp-json\/wp\/v2\/pages\/493\/revisions\/540"}],"up":[{"embeddable":true,"href":"https:\/\/sovdladelund.de\/index.php\/wp-json\/wp\/v2\/pages\/51"}],"wp:attachment":[{"href":"https:\/\/sovdladelund.de\/index.php\/wp-json\/wp\/v2\/media?parent=493"}],"curies":[{"name":"wp","href":"https:\/\/api.w.org\/{rel}","templated":true}]}}