{"id":49,"date":"2022-08-09T15:07:53","date_gmt":"2022-08-09T15:07:53","guid":{"rendered":"https:\/\/sovdladelund.de\/?page_id=49"},"modified":"2024-02-05T12:41:52","modified_gmt":"2024-02-05T11:41:52","slug":"landesverband","status":"publish","type":"page","link":"https:\/\/sovdladelund.de\/index.php\/landesverband\/","title":{"rendered":"Landesverband und Kreisverband"},"content":{"rendered":"\n<div class=\"wp-block-columns alignwide is-layout-flex wp-container-core-columns-is-layout-9d6595d7 wp-block-columns-is-layout-flex\">\n<div class=\"wp-block-column is-layout-flow wp-block-column-is-layout-flow\" style=\"flex-basis:66.66%\">\n<p>Getreu dem Motto &#8222;Gemeinsam sind wir b\u00e4renstark&#8220; nehmen wir Monat f\u00fcr Monat neue Mitglieder in unserer Gemeinschaft auf.<\/p>\n<p>Der Sozialverband Deutschland hat in Schleswig Holstein bereits \u00fcber 160 Tsd. Mitglieder, 15 Kreisverb\u00e4nde und 2000 Ortsverb\u00e4nde.<\/p>\n<p>Davon alleine in Nordfriesland 55 Ortsverb\u00e4nde!<\/p>\n<p><strong>Unser Wahlspruch<\/strong><\/p>\n<blockquote>\n<p><strong>\u00a0Stark und kompetent &#8211; ein Sozialverband, der hilft! Werden Sie Mitglied!&#8220;<\/strong><\/p>\n<\/blockquote>\n<p>Unser Ziel ist es, eine noch st\u00e4rkere Gemeinschaft von sozialpolitischen interessierten Menschen in Schleswig Holstein zu werden!<\/p>\n<p>Der Sozialverband Deutschland \u00fcberzeugt durch sein leistungsstarkes Angebot und die pers\u00f6nliche Arbeit seiner ehrenamtlichen und hauptberuflichen Mitarbeiter\/innen, sowie durch sein unerm\u00fcdliches Engagement f\u00fcr soziale Gerechtigkeit.<\/p>\n<h6>Mitgliedsbeitr\u00e4ge seit Januar 2024:<\/h6>\n<p>Einzelmitgliedschaft\u00a0\u00a0\u00a0\u00a0\u00a0\u00a0\u00a0 7.90 \u20ac<\/p>\n<p>Partnermitgliedschaft\u00a0\u00a0\u00a0\u00a0 11.50 \u20ac<\/p>\n<p>Familienmitgliedschaft\u00a0\u00a0\u00a0 11.50 \u20ac<\/p>\n<p><strong>Allgemein gilt:<\/strong>\u00a0Ihr Beitrag ist \u00bc-j\u00e4hrlich, \u00bd-j\u00e4hrlich oder j\u00e4hrlich zahlbar. Ihre Mitgliedschaft beginnt am Ersten des Monats Ihrer Anmeldung. Sie k\u00f6nnen die Jahresmitgliedschaft mit einer Frist von drei Monaten zum Ende eines Kalenderjahres k\u00fcndigen, fr\u00fchestens jedoch nach einer Mitgliedschaft von 12 Monaten.<\/p>\n<p><strong>SoVD-Landesverband Schleswig-Holstein e.\u00a0V.<\/strong><br \/>Maria-Merian-Stra\u00dfe 7<br \/>24145\u00a0Kiel<br \/>Telefon: 0431 \/ 65 95 94 &#8211; 0<br \/>Fax: 0431 \/ 65 95 94 &#8211; 99<br \/><a class=\"mail\" href=\"mailto:info@sovd-sh.de\"><i class=\"icon icon-mail\" aria-hidden=\"true\"><\/i>info(at)sovd-sh.de<\/a><\/p>\n<p><a href=\"https:\/\/www.sovd-sh.de\/\">Landesverband Kiel<\/a><\/p>\n<div id=\"c1028458\" class=\"tx_mask frame frame-class-default frame-type-mask_flexbox frame-layout-0 frame-space-before-large \">\n<div class=\"row d-flex flex-column flex-lg-row justify-content-between align-items-stretch\">\n<div class=\"col flexbox-item text-base\">\n<div class=\"flexbox-inner\">\n<div id=\"c1028455\" class=\"frame frame-class-default frame-type-textmedia frame-layout-0\">\n<div class=\"ce-textpic ce-center ce-above\">\n<div class=\"ce-bodytext\">\n<p style=\"text-align: center;\"><strong>SoVD Kreisverband<\/strong> <strong>Nordfriesland<\/strong><br \/>Industriestra\u00dfe 33<br \/>25813 Husum<\/p>\n<p>Telefon: (04841) 77285-0<br \/>Fax: (04841) 77285-10<br \/>Mail:\u00a0<a href=\"mailto:kreisverband@sovd-nf.de\">kreisverband(at)sovd-nf.de<\/a><\/p>\n<p><strong>Sprechzeiten<\/strong><\/p>\n<\/div>\n<\/div>\n<\/div>\n<\/div>\n<\/div>\n<div class=\"col flexbox-item text-base\">\n<div class=\"flexbox-inner\">\n<div id=\"c1028456\" class=\"frame frame-class-default frame-type-textmedia frame-layout-0\">\n<div class=\"ce-textpic ce-center ce-above\">\n<div class=\"ce-bodytext\">\n<p>Montags bis Donnerstags von 8.00 Uhr bis 12.00 Uhr. Beratung nur nach Terminabsprache.<\/p>\n<p><strong>Ansprechpartner<\/strong><\/p>\n<\/div>\n<\/div>\n<\/div>\n<\/div>\n<\/div>\n<div class=\"col flexbox-item text-base\">\n<div class=\"flexbox-inner\">\n<div id=\"c1028457\" class=\"frame frame-class-default frame-type-textmedia frame-layout-0\">\n<div class=\"ce-textpic ce-center ce-above\">\n<div class=\"ce-bodytext\">\n<p>Kreisvorsitzende: Petra Lenius-Hemstedt<br \/>Leiter des Sozialberatungszentrums: Nils Schaper<br \/>Telse Accarrino (Sozialberatung)<br \/>Melanie Hu\u00df (Sozialberatung)<br \/>Astrid L\u00fce\u00dfe-Meusel (Sozialberatung)<br \/>Petra Dirks<br \/>Katja Husar-Storm<br \/>Birte T\u00e4uber<\/p>\n<p><a href=\"https:\/\/www.sovd-sh.de\/beratung\/wo-finden-sie-unsere-sozialberatung\/husum\">Kreisverband Husum<\/a><\/p>\n<\/div>\n<\/div>\n<\/div>\n<\/div>\n<\/div>\n<\/div>\n<\/div>\n<\/div>\n\n\n\n<div class=\"wp-block-column is-layout-flow wp-block-column-is-layout-flow\" style=\"flex-basis:33.33%\">\n<figure class=\"wp-block-image size-full\"><img loading=\"lazy\" decoding=\"async\" width=\"399\" height=\"126\" src=\"https:\/\/sovdladelund.de\/wp-content\/uploads\/2022\/08\/Logo-neues.png\" alt=\"\" class=\"wp-image-264\" srcset=\"https:\/\/sovdladelund.de\/wp-content\/uploads\/2022\/08\/Logo-neues.png 399w, https:\/\/sovdladelund.de\/wp-content\/uploads\/2022\/08\/Logo-neues-300x95.png 300w\" sizes=\"auto, (max-width: 399px) 100vw, 399px\" \/><figcaption class=\"wp-element-caption\">Landesverband Schleswig-Holstein<\/figcaption><\/figure>\n\n\n\n<figure class=\"wp-block-image size-full\"><img loading=\"lazy\" decoding=\"async\" width=\"900\" height=\"600\" src=\"https:\/\/sovdladelund.de\/wp-content\/uploads\/2022\/08\/teaser_sovd.jpg\" alt=\"\" class=\"wp-image-112\" srcset=\"https:\/\/sovdladelund.de\/wp-content\/uploads\/2022\/08\/teaser_sovd.jpg 900w, https:\/\/sovdladelund.de\/wp-content\/uploads\/2022\/08\/teaser_sovd-300x200.jpg 300w, https:\/\/sovdladelund.de\/wp-content\/uploads\/2022\/08\/teaser_sovd-768x512.jpg 768w\" sizes=\"auto, (max-width: 900px) 100vw, 900px\" \/><figcaption class=\"wp-element-caption\">Eine starke Gemeinschaft<\/figcaption><\/figure>\n\n\n\n<figure class=\"wp-block-gallery has-nested-images columns-default is-cropped wp-block-gallery-1 is-layout-flex wp-block-gallery-is-layout-flex\">\n<figure class=\"wp-block-image size-large\"><a href=\"https:\/\/www.sovd.de\/rentenrechner\"><img loading=\"lazy\" decoding=\"async\" width=\"204\" height=\"192\" data-id=\"477\" src=\"https:\/\/sovdladelund.de\/wp-content\/uploads\/2024\/02\/Rentenberechner.jpg\" alt=\"\" class=\"wp-image-477\"\/><\/a><\/figure>\n<\/figure>\n\n\n\n<p><a href=\"https:\/\/www.sovd.de\/rentenrechner\">https:\/\/www.sovd.de\/rentenrechner<\/a><\/p>\n<\/div>\n<\/div>\n","protected":false},"excerpt":{"rendered":"<p>Getreu dem Motto &#8222;Gemeinsam sind wir b\u00e4renstark&#8220; nehmen wir Monat f\u00fcr Monat neue Mitglieder in unserer Gemeinschaft auf. Der Sozialverband Deutschland hat in Schleswig Holstein bereits \u00fcber 160 Tsd. Mitglieder, 15 Kreisverb\u00e4nde und 2000 Ortsverb\u00e4nde. Davon alleine in Nordfriesland 55 Ortsverb\u00e4nde! Unser Wahlspruch \u00a0Stark und kompetent &#8211; ein Sozialverband, der hilft! Werden Sie Mitglied!&#8220; Unser&hellip; <a class=\"more-link\" href=\"https:\/\/sovdladelund.de\/index.php\/landesverband\/\"><span class=\"screen-reader-text\">Landesverband und Kreisverband<\/span> weiterlesen<\/a><\/p>\n","protected":false},"author":1,"featured_media":0,"parent":0,"menu_order":0,"comment_status":"closed","ping_status":"closed","template":"","meta":{"footnotes":""},"class_list":["post-49","page","type-page","status-publish","hentry","entry"],"yoast_head":"<!-- This site is optimized with the Yoast SEO plugin v25.5 - https:\/\/yoast.com\/wordpress\/plugins\/seo\/ -->\n<title>Landesverband und Kreisverband - Sozialverband Ladelund<\/title>\n<meta name=\"robots\" content=\"index, follow, max-snippet:-1, max-image-preview:large, max-video-preview:-1\" \/>\n<link rel=\"canonical\" href=\"https:\/\/sovdladelund.de\/index.php\/landesverband\/\" \/>\n<meta property=\"og:locale\" content=\"de_DE\" \/>\n<meta property=\"og:type\" content=\"article\" \/>\n<meta property=\"og:title\" content=\"Landesverband und Kreisverband - Sozialverband Ladelund\" \/>\n<meta property=\"og:description\" content=\"Getreu dem Motto &#8222;Gemeinsam sind wir b\u00e4renstark&#8220; nehmen wir Monat f\u00fcr Monat neue Mitglieder in unserer Gemeinschaft auf. Der Sozialverband Deutschland hat in Schleswig Holstein bereits \u00fcber 160 Tsd. Mitglieder, 15 Kreisverb\u00e4nde und 2000 Ortsverb\u00e4nde. Davon alleine in Nordfriesland 55 Ortsverb\u00e4nde! Unser Wahlspruch \u00a0Stark und kompetent &#8211; ein Sozialverband, der hilft! Werden Sie Mitglied!&#8220; Unser&hellip; Landesverband und Kreisverband weiterlesen\" \/>\n<meta property=\"og:url\" content=\"https:\/\/sovdladelund.de\/index.php\/landesverband\/\" \/>\n<meta property=\"og:site_name\" content=\"Sozialverband Ladelund\" \/>\n<meta property=\"article:publisher\" content=\"https:\/\/www.facebook.com\/groups\/381158450765117\" \/>\n<meta property=\"article:modified_time\" content=\"2024-02-05T11:41:52+00:00\" \/>\n<meta property=\"og:image\" content=\"https:\/\/sovdladelund.de\/wp-content\/uploads\/2022\/08\/Logo-neues.png\" \/>\n<meta name=\"twitter:card\" content=\"summary_large_image\" \/>\n<meta name=\"twitter:label1\" content=\"Gesch\u00e4tzte Lesezeit\" \/>\n\t<meta name=\"twitter:data1\" content=\"2\u00a0Minuten\" \/>\n<script type=\"application\/ld+json\" class=\"yoast-schema-graph\">{\"@context\":\"https:\/\/schema.org\",\"@graph\":[{\"@type\":\"WebPage\",\"@id\":\"https:\/\/sovdladelund.de\/index.php\/landesverband\/\",\"url\":\"https:\/\/sovdladelund.de\/index.php\/landesverband\/\",\"name\":\"Landesverband und Kreisverband - Sozialverband Ladelund\",\"isPartOf\":{\"@id\":\"https:\/\/sovdladelund.de\/#website\"},\"primaryImageOfPage\":{\"@id\":\"https:\/\/sovdladelund.de\/index.php\/landesverband\/#primaryimage\"},\"image\":{\"@id\":\"https:\/\/sovdladelund.de\/index.php\/landesverband\/#primaryimage\"},\"thumbnailUrl\":\"https:\/\/sovdladelund.de\/wp-content\/uploads\/2022\/08\/Logo-neues.png\",\"datePublished\":\"2022-08-09T15:07:53+00:00\",\"dateModified\":\"2024-02-05T11:41:52+00:00\",\"breadcrumb\":{\"@id\":\"https:\/\/sovdladelund.de\/index.php\/landesverband\/#breadcrumb\"},\"inLanguage\":\"de\",\"potentialAction\":[{\"@type\":\"ReadAction\",\"target\":[\"https:\/\/sovdladelund.de\/index.php\/landesverband\/\"]}]},{\"@type\":\"ImageObject\",\"inLanguage\":\"de\",\"@id\":\"https:\/\/sovdladelund.de\/index.php\/landesverband\/#primaryimage\",\"url\":\"https:\/\/sovdladelund.de\/wp-content\/uploads\/2022\/08\/Logo-neues.png\",\"contentUrl\":\"https:\/\/sovdladelund.de\/wp-content\/uploads\/2022\/08\/Logo-neues.png\",\"width\":399,\"height\":126},{\"@type\":\"BreadcrumbList\",\"@id\":\"https:\/\/sovdladelund.de\/index.php\/landesverband\/#breadcrumb\",\"itemListElement\":[{\"@type\":\"ListItem\",\"position\":1,\"name\":\"Startseite\",\"item\":\"https:\/\/sovdladelund.de\/\"},{\"@type\":\"ListItem\",\"position\":2,\"name\":\"Landesverband und Kreisverband\"}]},{\"@type\":\"WebSite\",\"@id\":\"https:\/\/sovdladelund.de\/#website\",\"url\":\"https:\/\/sovdladelund.de\/\",\"name\":\"Sozialverband Ladelund\",\"description\":\"Gemeinsam sind wir b\u00e4renstark\",\"publisher\":{\"@id\":\"https:\/\/sovdladelund.de\/#organization\"},\"potentialAction\":[{\"@type\":\"SearchAction\",\"target\":{\"@type\":\"EntryPoint\",\"urlTemplate\":\"https:\/\/sovdladelund.de\/?s={search_term_string}\"},\"query-input\":{\"@type\":\"PropertyValueSpecification\",\"valueRequired\":true,\"valueName\":\"search_term_string\"}}],\"inLanguage\":\"de\"},{\"@type\":\"Organization\",\"@id\":\"https:\/\/sovdladelund.de\/#organization\",\"name\":\"Sozialverband Ladelund\",\"url\":\"https:\/\/sovdladelund.de\/\",\"logo\":{\"@type\":\"ImageObject\",\"inLanguage\":\"de\",\"@id\":\"https:\/\/sovdladelund.de\/#\/schema\/logo\/image\/\",\"url\":\"https:\/\/sovdladelund.de\/wp-content\/uploads\/2022\/10\/sovd-logo-1.png\",\"contentUrl\":\"https:\/\/sovdladelund.de\/wp-content\/uploads\/2022\/10\/sovd-logo-1.png\",\"width\":161,\"height\":78,\"caption\":\"Sozialverband Ladelund\"},\"image\":{\"@id\":\"https:\/\/sovdladelund.de\/#\/schema\/logo\/image\/\"},\"sameAs\":[\"https:\/\/www.facebook.com\/groups\/381158450765117\"]}]}<\/script>\n<!-- \/ Yoast SEO plugin. -->","yoast_head_json":{"title":"Landesverband und Kreisverband - Sozialverband Ladelund","robots":{"index":"index","follow":"follow","max-snippet":"max-snippet:-1","max-image-preview":"max-image-preview:large","max-video-preview":"max-video-preview:-1"},"canonical":"https:\/\/sovdladelund.de\/index.php\/landesverband\/","og_locale":"de_DE","og_type":"article","og_title":"Landesverband und Kreisverband - Sozialverband Ladelund","og_description":"Getreu dem Motto &#8222;Gemeinsam sind wir b\u00e4renstark&#8220; nehmen wir Monat f\u00fcr Monat neue Mitglieder in unserer Gemeinschaft auf. Der Sozialverband Deutschland hat in Schleswig Holstein bereits \u00fcber 160 Tsd. Mitglieder, 15 Kreisverb\u00e4nde und 2000 Ortsverb\u00e4nde. Davon alleine in Nordfriesland 55 Ortsverb\u00e4nde! Unser Wahlspruch \u00a0Stark und kompetent &#8211; ein Sozialverband, der hilft! Werden Sie Mitglied!&#8220; Unser&hellip; Landesverband und Kreisverband weiterlesen","og_url":"https:\/\/sovdladelund.de\/index.php\/landesverband\/","og_site_name":"Sozialverband Ladelund","article_publisher":"https:\/\/www.facebook.com\/groups\/381158450765117","article_modified_time":"2024-02-05T11:41:52+00:00","og_image":[{"url":"https:\/\/sovdladelund.de\/wp-content\/uploads\/2022\/08\/Logo-neues.png","type":"","width":"","height":""}],"twitter_card":"summary_large_image","twitter_misc":{"Gesch\u00e4tzte Lesezeit":"2\u00a0Minuten"},"schema":{"@context":"https:\/\/schema.org","@graph":[{"@type":"WebPage","@id":"https:\/\/sovdladelund.de\/index.php\/landesverband\/","url":"https:\/\/sovdladelund.de\/index.php\/landesverband\/","name":"Landesverband und Kreisverband - Sozialverband Ladelund","isPartOf":{"@id":"https:\/\/sovdladelund.de\/#website"},"primaryImageOfPage":{"@id":"https:\/\/sovdladelund.de\/index.php\/landesverband\/#primaryimage"},"image":{"@id":"https:\/\/sovdladelund.de\/index.php\/landesverband\/#primaryimage"},"thumbnailUrl":"https:\/\/sovdladelund.de\/wp-content\/uploads\/2022\/08\/Logo-neues.png","datePublished":"2022-08-09T15:07:53+00:00","dateModified":"2024-02-05T11:41:52+00:00","breadcrumb":{"@id":"https:\/\/sovdladelund.de\/index.php\/landesverband\/#breadcrumb"},"inLanguage":"de","potentialAction":[{"@type":"ReadAction","target":["https:\/\/sovdladelund.de\/index.php\/landesverband\/"]}]},{"@type":"ImageObject","inLanguage":"de","@id":"https:\/\/sovdladelund.de\/index.php\/landesverband\/#primaryimage","url":"https:\/\/sovdladelund.de\/wp-content\/uploads\/2022\/08\/Logo-neues.png","contentUrl":"https:\/\/sovdladelund.de\/wp-content\/uploads\/2022\/08\/Logo-neues.png","width":399,"height":126},{"@type":"BreadcrumbList","@id":"https:\/\/sovdladelund.de\/index.php\/landesverband\/#breadcrumb","itemListElement":[{"@type":"ListItem","position":1,"name":"Startseite","item":"https:\/\/sovdladelund.de\/"},{"@type":"ListItem","position":2,"name":"Landesverband und Kreisverband"}]},{"@type":"WebSite","@id":"https:\/\/sovdladelund.de\/#website","url":"https:\/\/sovdladelund.de\/","name":"Sozialverband Ladelund","description":"Gemeinsam sind wir b\u00e4renstark","publisher":{"@id":"https:\/\/sovdladelund.de\/#organization"},"potentialAction":[{"@type":"SearchAction","target":{"@type":"EntryPoint","urlTemplate":"https:\/\/sovdladelund.de\/?s={search_term_string}"},"query-input":{"@type":"PropertyValueSpecification","valueRequired":true,"valueName":"search_term_string"}}],"inLanguage":"de"},{"@type":"Organization","@id":"https:\/\/sovdladelund.de\/#organization","name":"Sozialverband Ladelund","url":"https:\/\/sovdladelund.de\/","logo":{"@type":"ImageObject","inLanguage":"de","@id":"https:\/\/sovdladelund.de\/#\/schema\/logo\/image\/","url":"https:\/\/sovdladelund.de\/wp-content\/uploads\/2022\/10\/sovd-logo-1.png","contentUrl":"https:\/\/sovdladelund.de\/wp-content\/uploads\/2022\/10\/sovd-logo-1.png","width":161,"height":78,"caption":"Sozialverband Ladelund"},"image":{"@id":"https:\/\/sovdladelund.de\/#\/schema\/logo\/image\/"},"sameAs":["https:\/\/www.facebook.com\/groups\/381158450765117"]}]}},"_links":{"self":[{"href":"https:\/\/sovdladelund.de\/index.php\/wp-json\/wp\/v2\/pages\/49","targetHints":{"allow":["GET"]}}],"collection":[{"href":"https:\/\/sovdladelund.de\/index.php\/wp-json\/wp\/v2\/pages"}],"about":[{"href":"https:\/\/sovdladelund.de\/index.php\/wp-json\/wp\/v2\/types\/page"}],"author":[{"embeddable":true,"href":"https:\/\/sovdladelund.de\/index.php\/wp-json\/wp\/v2\/users\/1"}],"replies":[{"embeddable":true,"href":"https:\/\/sovdladelund.de\/index.php\/wp-json\/wp\/v2\/comments?post=49"}],"version-history":[{"count":13,"href":"https:\/\/sovdladelund.de\/index.php\/wp-json\/wp\/v2\/pages\/49\/revisions"}],"predecessor-version":[{"id":479,"href":"https:\/\/sovdladelund.de\/index.php\/wp-json\/wp\/v2\/pages\/49\/revisions\/479"}],"wp:attachment":[{"href":"https:\/\/sovdladelund.de\/index.php\/wp-json\/wp\/v2\/media?parent=49"}],"curies":[{"name":"wp","href":"https:\/\/api.w.org\/{rel}","templated":true}]}}