{"id":43,"date":"2022-08-09T15:06:42","date_gmt":"2022-08-09T15:06:42","guid":{"rendered":"https:\/\/sovdladelund.de\/?page_id=43"},"modified":"2022-10-05T08:00:00","modified_gmt":"2022-10-05T08:00:00","slug":"willkommen","status":"publish","type":"page","link":"https:\/\/sovdladelund.de\/","title":{"rendered":"Willkommen"},"content":{"rendered":"\n<div class=\"wp-block-columns alignwide is-style-default is-layout-flex wp-container-core-columns-is-layout-9d6595d7 wp-block-columns-is-layout-flex\">\n<div class=\"wp-block-column is-layout-flow wp-block-column-is-layout-flow\" style=\"flex-basis:66.66%\">\n<p style=\"text-align: center;\">Moin, wie man bei uns sagt!<\/p>\n<p>Wir begr\u00fc\u00dfen euch auf unserer Homepage, auf der wir euch uns und den Sozialverband n\u00e4her vorstellen m\u00f6chten.<\/p>\n<p>Doch warum machen wir das?<\/p>\n<ol>\n<li>Allen, die uns noch nicht kennen, m\u00f6chten wir die verschiedenen Hilfsangebote und Aktivit\u00e4ten unseres Ortsverbandes aufzeigen.<\/li>\n<li>Wir bieten Rat und Unterst\u00fctzung bei schwierigen sozialrechtlichen Fragen und vermitteln kompetente Hilfe bei Kontakten zu \u00c4mtern und Beh\u00f6rden.<\/li>\n<li>Die Altersfrage des Betroffenen spielt dabei keine Rolle &#8211; es kann jeden treffen.<\/li>\n<\/ol>\n<p>Desweiteren werden wir euch hier \u00fcber geplante Veranstaltungen informieren, aber auch einen Blick in die Vergangenheit werfen und R\u00fcckblicke auf Feste und Aktivit\u00e4ten haben.<\/p>\n<p>Wir hoffen, dass wir euch jetzt neugierig gemacht haben.<\/p>\n<p>Unsere Homepage ist vergleichbar mit einem Haus, auch sie wird niemals fertig werden, denn es gibt immer etwas zu tun!<\/p>\n<p>Euer Sozialverband Ladelund<\/p>\n<\/div>\n\n\n\n<div class=\"wp-block-column is-layout-flow wp-block-column-is-layout-flow\" style=\"flex-basis:33.33%\">\n<figure class=\"wp-block-image size-full\"><img loading=\"lazy\" decoding=\"async\" width=\"224\" height=\"144\" src=\"https:\/\/sovdladelund.de\/wp-content\/uploads\/2022\/08\/index.png\" alt=\"\" class=\"wp-image-267\"\/><figcaption>Sozialverband Deutschland- Partner in sozialen Fragen <\/figcaption><\/figure>\n\n\n\n<figure class=\"wp-block-image size-full\"><img loading=\"lazy\" decoding=\"async\" width=\"298\" height=\"169\" src=\"https:\/\/sovdladelund.de\/wp-content\/uploads\/2022\/08\/logo-ladelund.png\" alt=\"\" class=\"wp-image-189\"\/><figcaption><a href=\"https:\/\/www.ladelund.de\/\" target=\"_blank\" rel=\"noreferrer noopener\">Gemeinde Ladelund<\/a><\/figcaption><\/figure>\n<\/div>\n<\/div>\n\n\n<ul class=\"wp-block-latest-posts__list is-grid columns-3 has-author alignwide is-style-default wp-block-latest-posts\"><li><a class=\"wp-block-latest-posts__post-title\" href=\"https:\/\/sovdladelund.de\/index.php\/2022\/08\/09\/kontaktieren-sie-uns-gerne-bei-weiteren-fragen\/\">Kontaktieren Sie uns gerne bei weiteren Fragen<\/a><div class=\"wp-block-latest-posts__post-author\">von Monika<\/div><div class=\"wp-block-latest-posts__post-excerpt\">Kontakt Email : sovdladelund@gmail.com Ansprechpartner im Vorstand sind: 1.Vorsitzender Wilfried Dix Dorfstra\u00dfe 4 25926 Ladelund Telefon 04666 1070 2.Vorsitzende Monika Abele Jordholm 5 25926 Ladelund Telefon 04666 9898992 Schatzmeister Udo Wei\u00df Schriftf\u00fchrerein Mariechen&hellip; <a class=\"more-link\" href=\"https:\/\/sovdladelund.de\/index.php\/2022\/08\/09\/kontaktieren-sie-uns-gerne-bei-weiteren-fragen\/\"><span class=\"screen-reader-text\">Kontaktieren Sie uns gerne bei weiteren Fragen<\/span> weiterlesen<\/a><\/div><\/li>\n<li><a class=\"wp-block-latest-posts__post-title\" href=\"https:\/\/sovdladelund.de\/index.php\/2022\/08\/09\/willkommen\/\">Willkommen<\/a><div class=\"wp-block-latest-posts__post-author\">von Monika<\/div><div class=\"wp-block-latest-posts__post-excerpt\">Moin liebe Mitglieder, Freund und Interessierte, sch\u00f6n das ihr den Weg zu uns gefunden habt. Wir werden versuchen euch hier zu informieren \u00fcber den Sozialverband, speziell was uns im Ortsverband so besch\u00e4ftigt. Veranstaltungen&hellip; <a class=\"more-link\" href=\"https:\/\/sovdladelund.de\/index.php\/2022\/08\/09\/willkommen\/\"><span class=\"screen-reader-text\">Willkommen<\/span> weiterlesen<\/a><\/div><\/li>\n<li><a class=\"wp-block-latest-posts__post-title\" href=\"https:\/\/sovdladelund.de\/index.php\/2022\/08\/09\/landesverband-schleswig-holstein\/\">Landesverband Schleswig Holstein<\/a><div class=\"wp-block-latest-posts__post-author\">von Monika<\/div><div class=\"wp-block-latest-posts__post-excerpt\">Mitglied werden&#8230; Getreu dem Motto &#8222;Gemeinsam sind wir b\u00e4renstark&#8220; nehmen wir Monat f\u00fcr Monat neue Mitglieder in unsere Gemeinschaft auf. Der Sozialverband Deutschland hat in Schleswig Holstein bereits \u00fcber 160 Tsd. Mitglieder, 15&hellip; <a class=\"more-link\" href=\"https:\/\/sovdladelund.de\/index.php\/2022\/08\/09\/landesverband-schleswig-holstein\/\"><span class=\"screen-reader-text\">Landesverband Schleswig Holstein<\/span> weiterlesen<\/a><\/div><\/li>\n<li><a class=\"wp-block-latest-posts__post-title\" href=\"https:\/\/sovdladelund.de\/index.php\/2022\/08\/09\/bildergalerie\/\">Bildergalerie<\/a><div class=\"wp-block-latest-posts__post-author\">von Monika<\/div><div class=\"wp-block-latest-posts__post-excerpt\"><\/div><\/li>\n<li><a class=\"wp-block-latest-posts__post-title\" href=\"https:\/\/sovdladelund.de\/index.php\/2022\/08\/09\/veranstaltungen-und-termine\/\">Veranstaltungen und Termine<\/a><div class=\"wp-block-latest-posts__post-author\">von Monika<\/div><div class=\"wp-block-latest-posts__post-excerpt\">Im Anschluss erhalten die Schulanf\u00e4nger von uns eine kleine \u00dcberraschung \ud83d\ude09<\/div><\/li>\n<\/ul>","protected":false},"excerpt":{"rendered":"<p>Moin, wie man bei uns sagt! Wir begr\u00fc\u00dfen euch auf unserer Homepage, auf der wir euch uns und den Sozialverband n\u00e4her vorstellen m\u00f6chten. Doch warum machen wir das? Allen, die uns noch nicht kennen, m\u00f6chten wir die verschiedenen Hilfsangebote und Aktivit\u00e4ten unseres Ortsverbandes aufzeigen. Wir bieten Rat und Unterst\u00fctzung bei schwierigen sozialrechtlichen Fragen und vermitteln&hellip; <a class=\"more-link\" href=\"https:\/\/sovdladelund.de\/\"><span class=\"screen-reader-text\">Willkommen<\/span> weiterlesen<\/a><\/p>\n","protected":false},"author":1,"featured_media":0,"parent":0,"menu_order":0,"comment_status":"closed","ping_status":"closed","template":"","meta":{"footnotes":""},"class_list":["post-43","page","type-page","status-publish","hentry","entry"],"yoast_head":"<!-- This site is optimized with the Yoast SEO plugin v25.5 - https:\/\/yoast.com\/wordpress\/plugins\/seo\/ -->\n<title>Willkommen - Sozialverband Ladelund<\/title>\n<meta name=\"description\" content=\"Der Sozialverband Ladelund m\u00f6chte sich auf dieser Homepage vorstellen und \u00fcber Veranstaltungen, T\u00e4tigkeiten und vieles mehr informieren.\" \/>\n<meta name=\"robots\" content=\"index, follow, max-snippet:-1, max-image-preview:large, max-video-preview:-1\" \/>\n<link rel=\"canonical\" href=\"https:\/\/sovdladelund.de\/\" \/>\n<meta property=\"og:locale\" content=\"de_DE\" \/>\n<meta property=\"og:type\" content=\"article\" \/>\n<meta property=\"og:title\" content=\"Willkommen - Sozialverband Ladelund\" \/>\n<meta property=\"og:description\" content=\"Der Sozialverband Ladelund m\u00f6chte sich auf dieser Homepage vorstellen und \u00fcber Veranstaltungen, T\u00e4tigkeiten und vieles mehr informieren.\" \/>\n<meta property=\"og:url\" content=\"https:\/\/sovdladelund.de\/\" \/>\n<meta property=\"og:site_name\" content=\"Sozialverband Ladelund\" \/>\n<meta property=\"article:publisher\" content=\"https:\/\/www.facebook.com\/groups\/381158450765117\" \/>\n<meta property=\"article:modified_time\" content=\"2022-10-05T08:00:00+00:00\" \/>\n<meta property=\"og:image\" content=\"https:\/\/sovdladelund.de\/wp-content\/uploads\/2022\/08\/index.png\" \/>\n<meta name=\"twitter:card\" content=\"summary_large_image\" \/>\n<meta name=\"twitter:label1\" content=\"Gesch\u00e4tzte Lesezeit\" \/>\n\t<meta name=\"twitter:data1\" content=\"2\u00a0Minuten\" \/>\n<script type=\"application\/ld+json\" class=\"yoast-schema-graph\">{\"@context\":\"https:\/\/schema.org\",\"@graph\":[{\"@type\":\"WebPage\",\"@id\":\"https:\/\/sovdladelund.de\/\",\"url\":\"https:\/\/sovdladelund.de\/\",\"name\":\"Willkommen - Sozialverband Ladelund\",\"isPartOf\":{\"@id\":\"https:\/\/sovdladelund.de\/#website\"},\"primaryImageOfPage\":{\"@id\":\"https:\/\/sovdladelund.de\/#primaryimage\"},\"image\":{\"@id\":\"https:\/\/sovdladelund.de\/#primaryimage\"},\"thumbnailUrl\":\"https:\/\/sovdladelund.de\/wp-content\/uploads\/2022\/08\/index.png\",\"datePublished\":\"2022-08-09T15:06:42+00:00\",\"dateModified\":\"2022-10-05T08:00:00+00:00\",\"description\":\"Der Sozialverband Ladelund m\u00f6chte sich auf dieser Homepage vorstellen und \u00fcber Veranstaltungen, T\u00e4tigkeiten und vieles mehr informieren.\",\"breadcrumb\":{\"@id\":\"https:\/\/sovdladelund.de\/#breadcrumb\"},\"inLanguage\":\"de\",\"potentialAction\":[{\"@type\":\"ReadAction\",\"target\":[\"https:\/\/sovdladelund.de\/\"]}]},{\"@type\":\"ImageObject\",\"inLanguage\":\"de\",\"@id\":\"https:\/\/sovdladelund.de\/#primaryimage\",\"url\":\"https:\/\/sovdladelund.de\/wp-content\/uploads\/2022\/08\/index.png\",\"contentUrl\":\"https:\/\/sovdladelund.de\/wp-content\/uploads\/2022\/08\/index.png\",\"width\":224,\"height\":144},{\"@type\":\"BreadcrumbList\",\"@id\":\"https:\/\/sovdladelund.de\/#breadcrumb\",\"itemListElement\":[{\"@type\":\"ListItem\",\"position\":1,\"name\":\"Startseite\",\"item\":\"https:\/\/sovdladelund.de\/\"},{\"@type\":\"ListItem\",\"position\":2,\"name\":\"Willkommen\"}]},{\"@type\":\"WebSite\",\"@id\":\"https:\/\/sovdladelund.de\/#website\",\"url\":\"https:\/\/sovdladelund.de\/\",\"name\":\"Sozialverband Ladelund\",\"description\":\"Gemeinsam sind wir b\u00e4renstark\",\"publisher\":{\"@id\":\"https:\/\/sovdladelund.de\/#organization\"},\"potentialAction\":[{\"@type\":\"SearchAction\",\"target\":{\"@type\":\"EntryPoint\",\"urlTemplate\":\"https:\/\/sovdladelund.de\/?s={search_term_string}\"},\"query-input\":{\"@type\":\"PropertyValueSpecification\",\"valueRequired\":true,\"valueName\":\"search_term_string\"}}],\"inLanguage\":\"de\"},{\"@type\":\"Organization\",\"@id\":\"https:\/\/sovdladelund.de\/#organization\",\"name\":\"Sozialverband Ladelund\",\"url\":\"https:\/\/sovdladelund.de\/\",\"logo\":{\"@type\":\"ImageObject\",\"inLanguage\":\"de\",\"@id\":\"https:\/\/sovdladelund.de\/#\/schema\/logo\/image\/\",\"url\":\"https:\/\/sovdladelund.de\/wp-content\/uploads\/2022\/10\/sovd-logo-1.png\",\"contentUrl\":\"https:\/\/sovdladelund.de\/wp-content\/uploads\/2022\/10\/sovd-logo-1.png\",\"width\":161,\"height\":78,\"caption\":\"Sozialverband Ladelund\"},\"image\":{\"@id\":\"https:\/\/sovdladelund.de\/#\/schema\/logo\/image\/\"},\"sameAs\":[\"https:\/\/www.facebook.com\/groups\/381158450765117\"]}]}<\/script>\n<!-- \/ Yoast SEO plugin. -->","yoast_head_json":{"title":"Willkommen - Sozialverband Ladelund","description":"Der Sozialverband Ladelund m\u00f6chte sich auf dieser Homepage vorstellen und \u00fcber Veranstaltungen, T\u00e4tigkeiten und vieles mehr informieren.","robots":{"index":"index","follow":"follow","max-snippet":"max-snippet:-1","max-image-preview":"max-image-preview:large","max-video-preview":"max-video-preview:-1"},"canonical":"https:\/\/sovdladelund.de\/","og_locale":"de_DE","og_type":"article","og_title":"Willkommen - Sozialverband Ladelund","og_description":"Der Sozialverband Ladelund m\u00f6chte sich auf dieser Homepage vorstellen und \u00fcber Veranstaltungen, T\u00e4tigkeiten und vieles mehr informieren.","og_url":"https:\/\/sovdladelund.de\/","og_site_name":"Sozialverband Ladelund","article_publisher":"https:\/\/www.facebook.com\/groups\/381158450765117","article_modified_time":"2022-10-05T08:00:00+00:00","og_image":[{"url":"https:\/\/sovdladelund.de\/wp-content\/uploads\/2022\/08\/index.png","type":"","width":"","height":""}],"twitter_card":"summary_large_image","twitter_misc":{"Gesch\u00e4tzte Lesezeit":"2\u00a0Minuten"},"schema":{"@context":"https:\/\/schema.org","@graph":[{"@type":"WebPage","@id":"https:\/\/sovdladelund.de\/","url":"https:\/\/sovdladelund.de\/","name":"Willkommen - Sozialverband Ladelund","isPartOf":{"@id":"https:\/\/sovdladelund.de\/#website"},"primaryImageOfPage":{"@id":"https:\/\/sovdladelund.de\/#primaryimage"},"image":{"@id":"https:\/\/sovdladelund.de\/#primaryimage"},"thumbnailUrl":"https:\/\/sovdladelund.de\/wp-content\/uploads\/2022\/08\/index.png","datePublished":"2022-08-09T15:06:42+00:00","dateModified":"2022-10-05T08:00:00+00:00","description":"Der Sozialverband Ladelund m\u00f6chte sich auf dieser Homepage vorstellen und \u00fcber Veranstaltungen, T\u00e4tigkeiten und vieles mehr informieren.","breadcrumb":{"@id":"https:\/\/sovdladelund.de\/#breadcrumb"},"inLanguage":"de","potentialAction":[{"@type":"ReadAction","target":["https:\/\/sovdladelund.de\/"]}]},{"@type":"ImageObject","inLanguage":"de","@id":"https:\/\/sovdladelund.de\/#primaryimage","url":"https:\/\/sovdladelund.de\/wp-content\/uploads\/2022\/08\/index.png","contentUrl":"https:\/\/sovdladelund.de\/wp-content\/uploads\/2022\/08\/index.png","width":224,"height":144},{"@type":"BreadcrumbList","@id":"https:\/\/sovdladelund.de\/#breadcrumb","itemListElement":[{"@type":"ListItem","position":1,"name":"Startseite","item":"https:\/\/sovdladelund.de\/"},{"@type":"ListItem","position":2,"name":"Willkommen"}]},{"@type":"WebSite","@id":"https:\/\/sovdladelund.de\/#website","url":"https:\/\/sovdladelund.de\/","name":"Sozialverband Ladelund","description":"Gemeinsam sind wir b\u00e4renstark","publisher":{"@id":"https:\/\/sovdladelund.de\/#organization"},"potentialAction":[{"@type":"SearchAction","target":{"@type":"EntryPoint","urlTemplate":"https:\/\/sovdladelund.de\/?s={search_term_string}"},"query-input":{"@type":"PropertyValueSpecification","valueRequired":true,"valueName":"search_term_string"}}],"inLanguage":"de"},{"@type":"Organization","@id":"https:\/\/sovdladelund.de\/#organization","name":"Sozialverband Ladelund","url":"https:\/\/sovdladelund.de\/","logo":{"@type":"ImageObject","inLanguage":"de","@id":"https:\/\/sovdladelund.de\/#\/schema\/logo\/image\/","url":"https:\/\/sovdladelund.de\/wp-content\/uploads\/2022\/10\/sovd-logo-1.png","contentUrl":"https:\/\/sovdladelund.de\/wp-content\/uploads\/2022\/10\/sovd-logo-1.png","width":161,"height":78,"caption":"Sozialverband Ladelund"},"image":{"@id":"https:\/\/sovdladelund.de\/#\/schema\/logo\/image\/"},"sameAs":["https:\/\/www.facebook.com\/groups\/381158450765117"]}]}},"_links":{"self":[{"href":"https:\/\/sovdladelund.de\/index.php\/wp-json\/wp\/v2\/pages\/43","targetHints":{"allow":["GET"]}}],"collection":[{"href":"https:\/\/sovdladelund.de\/index.php\/wp-json\/wp\/v2\/pages"}],"about":[{"href":"https:\/\/sovdladelund.de\/index.php\/wp-json\/wp\/v2\/types\/page"}],"author":[{"embeddable":true,"href":"https:\/\/sovdladelund.de\/index.php\/wp-json\/wp\/v2\/users\/1"}],"replies":[{"embeddable":true,"href":"https:\/\/sovdladelund.de\/index.php\/wp-json\/wp\/v2\/comments?post=43"}],"version-history":[{"count":13,"href":"https:\/\/sovdladelund.de\/index.php\/wp-json\/wp\/v2\/pages\/43\/revisions"}],"predecessor-version":[{"id":276,"href":"https:\/\/sovdladelund.de\/index.php\/wp-json\/wp\/v2\/pages\/43\/revisions\/276"}],"wp:attachment":[{"href":"https:\/\/sovdladelund.de\/index.php\/wp-json\/wp\/v2\/media?parent=43"}],"curies":[{"name":"wp","href":"https:\/\/api.w.org\/{rel}","templated":true}]}}