{"id":245,"date":"2022-08-12T12:00:45","date_gmt":"2022-08-12T12:00:45","guid":{"rendered":"https:\/\/sovdladelund.de\/?page_id=245"},"modified":"2024-03-14T13:19:54","modified_gmt":"2024-03-14T12:19:54","slug":"bildergalerie","status":"publish","type":"page","link":"https:\/\/sovdladelund.de\/index.php\/bildergalerie\/","title":{"rendered":"Bildergalerie"},"content":{"rendered":"\n<div class=\"wp-block-columns alignwide is-layout-flex wp-container-core-columns-is-layout-9d6595d7 wp-block-columns-is-layout-flex\">\n<div class=\"wp-block-column is-layout-flow wp-block-column-is-layout-flow\">\n<p>Oh wie war das sch\u00f6n, daher haben wir auch eine R\u00fcckblende. Tipp: mit Rechtsklick auf Bild, in neuem Tab \u00f6ffnen seht ihr das ganze Bild <\/p>\n<\/div>\n<\/div>\n\n\n\n<div class=\"wp-block-columns alignfull is-layout-flex wp-container-core-columns-is-layout-9d6595d7 wp-block-columns-is-layout-flex\">\n<div class=\"wp-block-column is-layout-flow wp-block-column-is-layout-flow\" style=\"flex-basis:25%\">\n<figure class=\"wp-block-gallery has-nested-images columns-default is-cropped wp-block-gallery-1 is-layout-flex wp-block-gallery-is-layout-flex\">\n<figure class=\"wp-block-image size-large\"><img loading=\"lazy\" decoding=\"async\" width=\"899\" height=\"1599\" data-id=\"83\" src=\"https:\/\/sovdladelund.de\/wp-content\/uploads\/2022\/08\/IMG-20220521-WA0005.jpg\" alt=\"Schubkarrenrennen Ladelund\" class=\"wp-image-83\" srcset=\"https:\/\/sovdladelund.de\/wp-content\/uploads\/2022\/08\/IMG-20220521-WA0005.jpg 899w, https:\/\/sovdladelund.de\/wp-content\/uploads\/2022\/08\/IMG-20220521-WA0005-169x300.jpg 169w, https:\/\/sovdladelund.de\/wp-content\/uploads\/2022\/08\/IMG-20220521-WA0005-576x1024.jpg 576w, https:\/\/sovdladelund.de\/wp-content\/uploads\/2022\/08\/IMG-20220521-WA0005-768x1366.jpg 768w, https:\/\/sovdladelund.de\/wp-content\/uploads\/2022\/08\/IMG-20220521-WA0005-864x1536.jpg 864w\" sizes=\"auto, (max-width: 899px) 100vw, 899px\" \/><figcaption class=\"wp-element-caption\">Unser Stand zum Schubkarrenrennen in Ladelund<\/figcaption><\/figure>\n\n\n\n<figure class=\"wp-block-image size-large\"><img loading=\"lazy\" decoding=\"async\" width=\"899\" height=\"1599\" data-id=\"84\" src=\"https:\/\/sovdladelund.de\/wp-content\/uploads\/2022\/08\/IMG-20220521-WA0006.jpg\" alt=\"Schubkarrenrennen 2022\" class=\"wp-image-84\" srcset=\"https:\/\/sovdladelund.de\/wp-content\/uploads\/2022\/08\/IMG-20220521-WA0006.jpg 899w, https:\/\/sovdladelund.de\/wp-content\/uploads\/2022\/08\/IMG-20220521-WA0006-169x300.jpg 169w, https:\/\/sovdladelund.de\/wp-content\/uploads\/2022\/08\/IMG-20220521-WA0006-576x1024.jpg 576w, https:\/\/sovdladelund.de\/wp-content\/uploads\/2022\/08\/IMG-20220521-WA0006-768x1366.jpg 768w, https:\/\/sovdladelund.de\/wp-content\/uploads\/2022\/08\/IMG-20220521-WA0006-864x1536.jpg 864w\" sizes=\"auto, (max-width: 899px) 100vw, 899px\" \/><figcaption class=\"wp-element-caption\">Schubkarrenrennen 2022<\/figcaption><\/figure>\n\n\n\n<figure class=\"wp-block-image size-large\"><img loading=\"lazy\" decoding=\"async\" width=\"1599\" height=\"899\" data-id=\"85\" src=\"https:\/\/sovdladelund.de\/wp-content\/uploads\/2022\/08\/IMG-20220521-WA0010.jpg\" alt=\"Schubkarrenrennen 2022\" class=\"wp-image-85\" srcset=\"https:\/\/sovdladelund.de\/wp-content\/uploads\/2022\/08\/IMG-20220521-WA0010.jpg 1599w, https:\/\/sovdladelund.de\/wp-content\/uploads\/2022\/08\/IMG-20220521-WA0010-300x169.jpg 300w, https:\/\/sovdladelund.de\/wp-content\/uploads\/2022\/08\/IMG-20220521-WA0010-1024x576.jpg 1024w, https:\/\/sovdladelund.de\/wp-content\/uploads\/2022\/08\/IMG-20220521-WA0010-768x432.jpg 768w, https:\/\/sovdladelund.de\/wp-content\/uploads\/2022\/08\/IMG-20220521-WA0010-1536x864.jpg 1536w, https:\/\/sovdladelund.de\/wp-content\/uploads\/2022\/08\/IMG-20220521-WA0010-1568x882.jpg 1568w\" sizes=\"auto, (max-width: 1599px) 100vw, 1599px\" \/><figcaption class=\"wp-element-caption\">Schubkarrenrennen 2022<\/figcaption><\/figure>\n\n\n\n<figure class=\"wp-block-image size-large\"><img loading=\"lazy\" decoding=\"async\" width=\"1080\" height=\"1920\" data-id=\"86\" src=\"https:\/\/sovdladelund.de\/wp-content\/uploads\/2022\/08\/IMG-20220521-WA0017.jpg\" alt=\"Strahlender Sieger\" class=\"wp-image-86\" srcset=\"https:\/\/sovdladelund.de\/wp-content\/uploads\/2022\/08\/IMG-20220521-WA0017.jpg 1080w, https:\/\/sovdladelund.de\/wp-content\/uploads\/2022\/08\/IMG-20220521-WA0017-169x300.jpg 169w, https:\/\/sovdladelund.de\/wp-content\/uploads\/2022\/08\/IMG-20220521-WA0017-576x1024.jpg 576w, https:\/\/sovdladelund.de\/wp-content\/uploads\/2022\/08\/IMG-20220521-WA0017-768x1365.jpg 768w, https:\/\/sovdladelund.de\/wp-content\/uploads\/2022\/08\/IMG-20220521-WA0017-864x1536.jpg 864w\" sizes=\"auto, (max-width: 1080px) 100vw, 1080px\" \/><figcaption class=\"wp-element-caption\">Strahlender Sieger<\/figcaption><\/figure>\n\n\n\n<figure class=\"wp-block-image size-large\"><img loading=\"lazy\" decoding=\"async\" width=\"2560\" height=\"1920\" data-id=\"119\" src=\"https:\/\/sovdladelund.de\/wp-content\/uploads\/2022\/08\/SoVD-75-jaehriges-Jubilaeum-07.05.22-003-scaled.jpg\" alt=\"\" class=\"wp-image-119\" srcset=\"https:\/\/sovdladelund.de\/wp-content\/uploads\/2022\/08\/SoVD-75-jaehriges-Jubilaeum-07.05.22-003-scaled.jpg 2560w, https:\/\/sovdladelund.de\/wp-content\/uploads\/2022\/08\/SoVD-75-jaehriges-Jubilaeum-07.05.22-003-300x225.jpg 300w, https:\/\/sovdladelund.de\/wp-content\/uploads\/2022\/08\/SoVD-75-jaehriges-Jubilaeum-07.05.22-003-1024x768.jpg 1024w, https:\/\/sovdladelund.de\/wp-content\/uploads\/2022\/08\/SoVD-75-jaehriges-Jubilaeum-07.05.22-003-768x576.jpg 768w, https:\/\/sovdladelund.de\/wp-content\/uploads\/2022\/08\/SoVD-75-jaehriges-Jubilaeum-07.05.22-003-1536x1152.jpg 1536w, https:\/\/sovdladelund.de\/wp-content\/uploads\/2022\/08\/SoVD-75-jaehriges-Jubilaeum-07.05.22-003-2048x1536.jpg 2048w, https:\/\/sovdladelund.de\/wp-content\/uploads\/2022\/08\/SoVD-75-jaehriges-Jubilaeum-07.05.22-003-1568x1176.jpg 1568w\" sizes=\"auto, (max-width: 2560px) 100vw, 2560px\" \/><figcaption class=\"wp-element-caption\">Festrede zum 75. Jubil\u00e4um<\/figcaption><\/figure>\n\n\n\n<figure class=\"wp-block-image size-large\"><img loading=\"lazy\" decoding=\"async\" width=\"2560\" height=\"1920\" data-id=\"121\" src=\"https:\/\/sovdladelund.de\/wp-content\/uploads\/2022\/08\/SoVD-75-jaehriges-Jubilaeum-07.05.22-005-scaled.jpg\" alt=\"\" class=\"wp-image-121\" srcset=\"https:\/\/sovdladelund.de\/wp-content\/uploads\/2022\/08\/SoVD-75-jaehriges-Jubilaeum-07.05.22-005-scaled.jpg 2560w, https:\/\/sovdladelund.de\/wp-content\/uploads\/2022\/08\/SoVD-75-jaehriges-Jubilaeum-07.05.22-005-300x225.jpg 300w, https:\/\/sovdladelund.de\/wp-content\/uploads\/2022\/08\/SoVD-75-jaehriges-Jubilaeum-07.05.22-005-1024x768.jpg 1024w, https:\/\/sovdladelund.de\/wp-content\/uploads\/2022\/08\/SoVD-75-jaehriges-Jubilaeum-07.05.22-005-768x576.jpg 768w, https:\/\/sovdladelund.de\/wp-content\/uploads\/2022\/08\/SoVD-75-jaehriges-Jubilaeum-07.05.22-005-1536x1152.jpg 1536w, https:\/\/sovdladelund.de\/wp-content\/uploads\/2022\/08\/SoVD-75-jaehriges-Jubilaeum-07.05.22-005-2048x1536.jpg 2048w, https:\/\/sovdladelund.de\/wp-content\/uploads\/2022\/08\/SoVD-75-jaehriges-Jubilaeum-07.05.22-005-1568x1176.jpg 1568w\" sizes=\"auto, (max-width: 2560px) 100vw, 2560px\" \/><figcaption class=\"wp-element-caption\">Rede Kreisvorsitzende P. Lenius Hemstedt<\/figcaption><\/figure>\n<\/figure>\n\n\n\n<figure class=\"wp-block-image size-large\"><img loading=\"lazy\" decoding=\"async\" width=\"1024\" height=\"683\" src=\"https:\/\/sovdladelund.de\/wp-content\/uploads\/2022\/10\/Canon-EOS-Bilder-JHV-2022-085-1024x683.jpg\" alt=\"Familie Hoffmann\" class=\"wp-image-340\" srcset=\"https:\/\/sovdladelund.de\/wp-content\/uploads\/2022\/10\/Canon-EOS-Bilder-JHV-2022-085-1024x683.jpg 1024w, https:\/\/sovdladelund.de\/wp-content\/uploads\/2022\/10\/Canon-EOS-Bilder-JHV-2022-085-300x200.jpg 300w, https:\/\/sovdladelund.de\/wp-content\/uploads\/2022\/10\/Canon-EOS-Bilder-JHV-2022-085-768x512.jpg 768w, https:\/\/sovdladelund.de\/wp-content\/uploads\/2022\/10\/Canon-EOS-Bilder-JHV-2022-085-1536x1024.jpg 1536w, https:\/\/sovdladelund.de\/wp-content\/uploads\/2022\/10\/Canon-EOS-Bilder-JHV-2022-085-2048x1365.jpg 2048w, https:\/\/sovdladelund.de\/wp-content\/uploads\/2022\/10\/Canon-EOS-Bilder-JHV-2022-085-1568x1045.jpg 1568w\" sizes=\"auto, (max-width: 1024px) 100vw, 1024px\" \/><figcaption class=\"wp-element-caption\">Familie Hofmann JHV 2022<\/figcaption><\/figure>\n\n\n\n<figure class=\"wp-block-gallery has-nested-images columns-default is-cropped wp-block-gallery-2 is-layout-flex wp-block-gallery-is-layout-flex\">\n<figure class=\"wp-block-image size-large\"><img loading=\"lazy\" decoding=\"async\" width=\"2560\" height=\"1707\" data-id=\"342\" src=\"https:\/\/sovdladelund.de\/wp-content\/uploads\/2022\/10\/Canon-EOS-Bilder-JHV-2022-080-scaled.jpg\" alt=\"\" class=\"wp-image-342\" srcset=\"https:\/\/sovdladelund.de\/wp-content\/uploads\/2022\/10\/Canon-EOS-Bilder-JHV-2022-080-scaled.jpg 2560w, https:\/\/sovdladelund.de\/wp-content\/uploads\/2022\/10\/Canon-EOS-Bilder-JHV-2022-080-300x200.jpg 300w, https:\/\/sovdladelund.de\/wp-content\/uploads\/2022\/10\/Canon-EOS-Bilder-JHV-2022-080-1024x683.jpg 1024w, https:\/\/sovdladelund.de\/wp-content\/uploads\/2022\/10\/Canon-EOS-Bilder-JHV-2022-080-768x512.jpg 768w, https:\/\/sovdladelund.de\/wp-content\/uploads\/2022\/10\/Canon-EOS-Bilder-JHV-2022-080-1536x1024.jpg 1536w, https:\/\/sovdladelund.de\/wp-content\/uploads\/2022\/10\/Canon-EOS-Bilder-JHV-2022-080-2048x1365.jpg 2048w, https:\/\/sovdladelund.de\/wp-content\/uploads\/2022\/10\/Canon-EOS-Bilder-JHV-2022-080-1568x1045.jpg 1568w\" sizes=\"auto, (max-width: 2560px) 100vw, 2560px\" \/><figcaption class=\"wp-element-caption\">Hans-Christian Domeyer Kreisverband<\/figcaption><\/figure>\n\n\n\n<figure class=\"wp-block-image size-large\"><img loading=\"lazy\" decoding=\"async\" width=\"2560\" height=\"1707\" data-id=\"350\" src=\"https:\/\/sovdladelund.de\/wp-content\/uploads\/2022\/10\/Canon-EOS-Bilder-JHV-2022-072-scaled.jpg\" alt=\"\" class=\"wp-image-350\" srcset=\"https:\/\/sovdladelund.de\/wp-content\/uploads\/2022\/10\/Canon-EOS-Bilder-JHV-2022-072-scaled.jpg 2560w, https:\/\/sovdladelund.de\/wp-content\/uploads\/2022\/10\/Canon-EOS-Bilder-JHV-2022-072-300x200.jpg 300w, https:\/\/sovdladelund.de\/wp-content\/uploads\/2022\/10\/Canon-EOS-Bilder-JHV-2022-072-1024x683.jpg 1024w, https:\/\/sovdladelund.de\/wp-content\/uploads\/2022\/10\/Canon-EOS-Bilder-JHV-2022-072-768x512.jpg 768w, https:\/\/sovdladelund.de\/wp-content\/uploads\/2022\/10\/Canon-EOS-Bilder-JHV-2022-072-1536x1024.jpg 1536w, https:\/\/sovdladelund.de\/wp-content\/uploads\/2022\/10\/Canon-EOS-Bilder-JHV-2022-072-2048x1365.jpg 2048w, https:\/\/sovdladelund.de\/wp-content\/uploads\/2022\/10\/Canon-EOS-Bilder-JHV-2022-072-1568x1045.jpg 1568w\" sizes=\"auto, (max-width: 2560px) 100vw, 2560px\" \/><figcaption class=\"wp-element-caption\">1.Vorsitzender Wilfried Dix<\/figcaption><\/figure>\n\n\n\n<figure class=\"wp-block-image size-large\"><img loading=\"lazy\" decoding=\"async\" width=\"2560\" height=\"1707\" data-id=\"357\" src=\"https:\/\/sovdladelund.de\/wp-content\/uploads\/2022\/10\/Canon-EOS-Bilder-JHV-2022-079-scaled.jpg\" alt=\"\" class=\"wp-image-357\" srcset=\"https:\/\/sovdladelund.de\/wp-content\/uploads\/2022\/10\/Canon-EOS-Bilder-JHV-2022-079-scaled.jpg 2560w, https:\/\/sovdladelund.de\/wp-content\/uploads\/2022\/10\/Canon-EOS-Bilder-JHV-2022-079-300x200.jpg 300w, https:\/\/sovdladelund.de\/wp-content\/uploads\/2022\/10\/Canon-EOS-Bilder-JHV-2022-079-1024x683.jpg 1024w, https:\/\/sovdladelund.de\/wp-content\/uploads\/2022\/10\/Canon-EOS-Bilder-JHV-2022-079-768x512.jpg 768w, https:\/\/sovdladelund.de\/wp-content\/uploads\/2022\/10\/Canon-EOS-Bilder-JHV-2022-079-1536x1024.jpg 1536w, https:\/\/sovdladelund.de\/wp-content\/uploads\/2022\/10\/Canon-EOS-Bilder-JHV-2022-079-2048x1365.jpg 2048w, https:\/\/sovdladelund.de\/wp-content\/uploads\/2022\/10\/Canon-EOS-Bilder-JHV-2022-079-1568x1045.jpg 1568w\" sizes=\"auto, (max-width: 2560px) 100vw, 2560px\" \/><figcaption class=\"wp-element-caption\">Revisorin \/Beisitzende Friedel Petersen<\/figcaption><\/figure>\n\n\n\n<figure class=\"wp-block-image size-large\"><img loading=\"lazy\" decoding=\"async\" width=\"2560\" height=\"1707\" data-id=\"356\" src=\"https:\/\/sovdladelund.de\/wp-content\/uploads\/2022\/10\/Canon-EOS-Bilder-JHV-2022-078-1-scaled.jpg\" alt=\"\" class=\"wp-image-356\" srcset=\"https:\/\/sovdladelund.de\/wp-content\/uploads\/2022\/10\/Canon-EOS-Bilder-JHV-2022-078-1-scaled.jpg 2560w, https:\/\/sovdladelund.de\/wp-content\/uploads\/2022\/10\/Canon-EOS-Bilder-JHV-2022-078-1-300x200.jpg 300w, https:\/\/sovdladelund.de\/wp-content\/uploads\/2022\/10\/Canon-EOS-Bilder-JHV-2022-078-1-1024x683.jpg 1024w, https:\/\/sovdladelund.de\/wp-content\/uploads\/2022\/10\/Canon-EOS-Bilder-JHV-2022-078-1-768x512.jpg 768w, https:\/\/sovdladelund.de\/wp-content\/uploads\/2022\/10\/Canon-EOS-Bilder-JHV-2022-078-1-1536x1024.jpg 1536w, https:\/\/sovdladelund.de\/wp-content\/uploads\/2022\/10\/Canon-EOS-Bilder-JHV-2022-078-1-2048x1365.jpg 2048w, https:\/\/sovdladelund.de\/wp-content\/uploads\/2022\/10\/Canon-EOS-Bilder-JHV-2022-078-1-1568x1045.jpg 1568w\" sizes=\"auto, (max-width: 2560px) 100vw, 2560px\" \/><figcaption class=\"wp-element-caption\">Schatzmeister Udo Wei\u00df<\/figcaption><\/figure>\n\n\n\n<figure class=\"wp-block-image size-large\"><img loading=\"lazy\" decoding=\"async\" width=\"2560\" height=\"1707\" data-id=\"355\" src=\"https:\/\/sovdladelund.de\/wp-content\/uploads\/2022\/10\/Canon-EOS-Bilder-JHV-2022-077-scaled.jpg\" alt=\"\" class=\"wp-image-355\" srcset=\"https:\/\/sovdladelund.de\/wp-content\/uploads\/2022\/10\/Canon-EOS-Bilder-JHV-2022-077-scaled.jpg 2560w, https:\/\/sovdladelund.de\/wp-content\/uploads\/2022\/10\/Canon-EOS-Bilder-JHV-2022-077-300x200.jpg 300w, https:\/\/sovdladelund.de\/wp-content\/uploads\/2022\/10\/Canon-EOS-Bilder-JHV-2022-077-1024x683.jpg 1024w, https:\/\/sovdladelund.de\/wp-content\/uploads\/2022\/10\/Canon-EOS-Bilder-JHV-2022-077-768x512.jpg 768w, https:\/\/sovdladelund.de\/wp-content\/uploads\/2022\/10\/Canon-EOS-Bilder-JHV-2022-077-1536x1024.jpg 1536w, https:\/\/sovdladelund.de\/wp-content\/uploads\/2022\/10\/Canon-EOS-Bilder-JHV-2022-077-2048x1365.jpg 2048w, https:\/\/sovdladelund.de\/wp-content\/uploads\/2022\/10\/Canon-EOS-Bilder-JHV-2022-077-1568x1045.jpg 1568w\" sizes=\"auto, (max-width: 2560px) 100vw, 2560px\" \/><figcaption class=\"wp-element-caption\">Schriftf\u00fchrerin Mariechen Dix<\/figcaption><\/figure>\n<\/figure>\n\n\n\n<figure class=\"wp-block-gallery has-nested-images columns-default is-cropped wp-block-gallery-3 is-layout-flex wp-block-gallery-is-layout-flex\">\n<figure class=\"wp-block-image size-large\"><img loading=\"lazy\" decoding=\"async\" width=\"2560\" height=\"1707\" data-id=\"343\" src=\"https:\/\/sovdladelund.de\/wp-content\/uploads\/2022\/10\/Canon-EOS-Bilder-JHV-2022-088-scaled.jpg\" alt=\"\" class=\"wp-image-343\" srcset=\"https:\/\/sovdladelund.de\/wp-content\/uploads\/2022\/10\/Canon-EOS-Bilder-JHV-2022-088-scaled.jpg 2560w, https:\/\/sovdladelund.de\/wp-content\/uploads\/2022\/10\/Canon-EOS-Bilder-JHV-2022-088-300x200.jpg 300w, https:\/\/sovdladelund.de\/wp-content\/uploads\/2022\/10\/Canon-EOS-Bilder-JHV-2022-088-1024x683.jpg 1024w, https:\/\/sovdladelund.de\/wp-content\/uploads\/2022\/10\/Canon-EOS-Bilder-JHV-2022-088-768x512.jpg 768w, https:\/\/sovdladelund.de\/wp-content\/uploads\/2022\/10\/Canon-EOS-Bilder-JHV-2022-088-1536x1024.jpg 1536w, https:\/\/sovdladelund.de\/wp-content\/uploads\/2022\/10\/Canon-EOS-Bilder-JHV-2022-088-2048x1365.jpg 2048w, https:\/\/sovdladelund.de\/wp-content\/uploads\/2022\/10\/Canon-EOS-Bilder-JHV-2022-088-1568x1045.jpg 1568w\" sizes=\"auto, (max-width: 2560px) 100vw, 2560px\" \/><figcaption class=\"wp-element-caption\">R.Christophersen; Werner und Marie Petersen<\/figcaption><\/figure>\n\n\n\n<figure class=\"wp-block-image size-large\"><img loading=\"lazy\" decoding=\"async\" width=\"2560\" height=\"1707\" data-id=\"361\" src=\"https:\/\/sovdladelund.de\/wp-content\/uploads\/2022\/10\/Canon-EOS-Bilder-JHV-2022-083-scaled.jpg\" alt=\"\" class=\"wp-image-361\" srcset=\"https:\/\/sovdladelund.de\/wp-content\/uploads\/2022\/10\/Canon-EOS-Bilder-JHV-2022-083-scaled.jpg 2560w, https:\/\/sovdladelund.de\/wp-content\/uploads\/2022\/10\/Canon-EOS-Bilder-JHV-2022-083-300x200.jpg 300w, https:\/\/sovdladelund.de\/wp-content\/uploads\/2022\/10\/Canon-EOS-Bilder-JHV-2022-083-1024x683.jpg 1024w, https:\/\/sovdladelund.de\/wp-content\/uploads\/2022\/10\/Canon-EOS-Bilder-JHV-2022-083-768x512.jpg 768w, https:\/\/sovdladelund.de\/wp-content\/uploads\/2022\/10\/Canon-EOS-Bilder-JHV-2022-083-1536x1024.jpg 1536w, https:\/\/sovdladelund.de\/wp-content\/uploads\/2022\/10\/Canon-EOS-Bilder-JHV-2022-083-2048x1365.jpg 2048w, https:\/\/sovdladelund.de\/wp-content\/uploads\/2022\/10\/Canon-EOS-Bilder-JHV-2022-083-1568x1045.jpg 1568w\" sizes=\"auto, (max-width: 2560px) 100vw, 2560px\" \/><figcaption class=\"wp-element-caption\">Familie Hofmann<\/figcaption><\/figure>\n\n\n\n<figure class=\"wp-block-image size-large\"><img loading=\"lazy\" decoding=\"async\" width=\"2560\" height=\"1707\" data-id=\"362\" src=\"https:\/\/sovdladelund.de\/wp-content\/uploads\/2022\/10\/Canon-EOS-Bilder-JHV-2022-084-scaled.jpg\" alt=\"\" class=\"wp-image-362\" srcset=\"https:\/\/sovdladelund.de\/wp-content\/uploads\/2022\/10\/Canon-EOS-Bilder-JHV-2022-084-scaled.jpg 2560w, https:\/\/sovdladelund.de\/wp-content\/uploads\/2022\/10\/Canon-EOS-Bilder-JHV-2022-084-300x200.jpg 300w, https:\/\/sovdladelund.de\/wp-content\/uploads\/2022\/10\/Canon-EOS-Bilder-JHV-2022-084-1024x683.jpg 1024w, https:\/\/sovdladelund.de\/wp-content\/uploads\/2022\/10\/Canon-EOS-Bilder-JHV-2022-084-768x512.jpg 768w, https:\/\/sovdladelund.de\/wp-content\/uploads\/2022\/10\/Canon-EOS-Bilder-JHV-2022-084-1536x1024.jpg 1536w, https:\/\/sovdladelund.de\/wp-content\/uploads\/2022\/10\/Canon-EOS-Bilder-JHV-2022-084-2048x1365.jpg 2048w, https:\/\/sovdladelund.de\/wp-content\/uploads\/2022\/10\/Canon-EOS-Bilder-JHV-2022-084-1568x1045.jpg 1568w\" sizes=\"auto, (max-width: 2560px) 100vw, 2560px\" \/><\/figure>\n<\/figure>\n\n\n\n<figure class=\"wp-block-image size-large\"><img loading=\"lazy\" decoding=\"async\" width=\"1024\" height=\"683\" src=\"https:\/\/sovdladelund.de\/wp-content\/uploads\/2022\/12\/Adventstreff-2022-133-1024x683.jpg\" alt=\"\" class=\"wp-image-398\" srcset=\"https:\/\/sovdladelund.de\/wp-content\/uploads\/2022\/12\/Adventstreff-2022-133-1024x683.jpg 1024w, https:\/\/sovdladelund.de\/wp-content\/uploads\/2022\/12\/Adventstreff-2022-133-300x200.jpg 300w, https:\/\/sovdladelund.de\/wp-content\/uploads\/2022\/12\/Adventstreff-2022-133-768x512.jpg 768w, https:\/\/sovdladelund.de\/wp-content\/uploads\/2022\/12\/Adventstreff-2022-133-1536x1024.jpg 1536w, https:\/\/sovdladelund.de\/wp-content\/uploads\/2022\/12\/Adventstreff-2022-133-2048x1365.jpg 2048w, https:\/\/sovdladelund.de\/wp-content\/uploads\/2022\/12\/Adventstreff-2022-133-1568x1045.jpg 1568w\" sizes=\"auto, (max-width: 1024px) 100vw, 1024px\" \/><\/figure>\n\n\n\n<figure class=\"wp-block-image size-large\"><img loading=\"lazy\" decoding=\"async\" width=\"1024\" height=\"683\" src=\"https:\/\/sovdladelund.de\/wp-content\/uploads\/2022\/12\/Adventstreff-2022-139-1024x683.jpg\" alt=\"\" class=\"wp-image-399\" srcset=\"https:\/\/sovdladelund.de\/wp-content\/uploads\/2022\/12\/Adventstreff-2022-139-1024x683.jpg 1024w, https:\/\/sovdladelund.de\/wp-content\/uploads\/2022\/12\/Adventstreff-2022-139-300x200.jpg 300w, https:\/\/sovdladelund.de\/wp-content\/uploads\/2022\/12\/Adventstreff-2022-139-768x512.jpg 768w, https:\/\/sovdladelund.de\/wp-content\/uploads\/2022\/12\/Adventstreff-2022-139-1536x1024.jpg 1536w, https:\/\/sovdladelund.de\/wp-content\/uploads\/2022\/12\/Adventstreff-2022-139-2048x1365.jpg 2048w, https:\/\/sovdladelund.de\/wp-content\/uploads\/2022\/12\/Adventstreff-2022-139-1568x1045.jpg 1568w\" sizes=\"auto, (max-width: 1024px) 100vw, 1024px\" \/><\/figure>\n\n\n\n<figure class=\"wp-block-image size-large\"><img loading=\"lazy\" decoding=\"async\" width=\"1024\" height=\"683\" src=\"https:\/\/sovdladelund.de\/wp-content\/uploads\/2022\/12\/Adventstreff-2022-191-1024x683.jpg\" alt=\"\" class=\"wp-image-403\" srcset=\"https:\/\/sovdladelund.de\/wp-content\/uploads\/2022\/12\/Adventstreff-2022-191-1024x683.jpg 1024w, https:\/\/sovdladelund.de\/wp-content\/uploads\/2022\/12\/Adventstreff-2022-191-300x200.jpg 300w, https:\/\/sovdladelund.de\/wp-content\/uploads\/2022\/12\/Adventstreff-2022-191-768x512.jpg 768w, https:\/\/sovdladelund.de\/wp-content\/uploads\/2022\/12\/Adventstreff-2022-191-1536x1024.jpg 1536w, https:\/\/sovdladelund.de\/wp-content\/uploads\/2022\/12\/Adventstreff-2022-191-2048x1365.jpg 2048w, https:\/\/sovdladelund.de\/wp-content\/uploads\/2022\/12\/Adventstreff-2022-191-1568x1045.jpg 1568w\" sizes=\"auto, (max-width: 1024px) 100vw, 1024px\" \/><\/figure>\n\n\n\n<figure class=\"wp-block-image size-large\"><img loading=\"lazy\" decoding=\"async\" width=\"1024\" height=\"683\" src=\"https:\/\/sovdladelund.de\/wp-content\/uploads\/2022\/12\/Adventstreff-2022-115-1024x683.jpg\" alt=\"\" class=\"wp-image-386\" srcset=\"https:\/\/sovdladelund.de\/wp-content\/uploads\/2022\/12\/Adventstreff-2022-115-1024x683.jpg 1024w, https:\/\/sovdladelund.de\/wp-content\/uploads\/2022\/12\/Adventstreff-2022-115-300x200.jpg 300w, https:\/\/sovdladelund.de\/wp-content\/uploads\/2022\/12\/Adventstreff-2022-115-768x512.jpg 768w, https:\/\/sovdladelund.de\/wp-content\/uploads\/2022\/12\/Adventstreff-2022-115-1536x1024.jpg 1536w, https:\/\/sovdladelund.de\/wp-content\/uploads\/2022\/12\/Adventstreff-2022-115-2048x1365.jpg 2048w, https:\/\/sovdladelund.de\/wp-content\/uploads\/2022\/12\/Adventstreff-2022-115-1568x1045.jpg 1568w\" sizes=\"auto, (max-width: 1024px) 100vw, 1024px\" \/><\/figure>\n\n\n\n<figure class=\"wp-block-image size-large\"><img loading=\"lazy\" decoding=\"async\" width=\"1024\" height=\"683\" src=\"https:\/\/sovdladelund.de\/wp-content\/uploads\/2022\/12\/Adventstreff-2022-169-Kopie-1024x683.jpg\" alt=\"\" class=\"wp-image-409\" srcset=\"https:\/\/sovdladelund.de\/wp-content\/uploads\/2022\/12\/Adventstreff-2022-169-Kopie-1024x683.jpg 1024w, https:\/\/sovdladelund.de\/wp-content\/uploads\/2022\/12\/Adventstreff-2022-169-Kopie-300x200.jpg 300w, https:\/\/sovdladelund.de\/wp-content\/uploads\/2022\/12\/Adventstreff-2022-169-Kopie-768x512.jpg 768w, https:\/\/sovdladelund.de\/wp-content\/uploads\/2022\/12\/Adventstreff-2022-169-Kopie-1536x1024.jpg 1536w, https:\/\/sovdladelund.de\/wp-content\/uploads\/2022\/12\/Adventstreff-2022-169-Kopie-2048x1365.jpg 2048w, https:\/\/sovdladelund.de\/wp-content\/uploads\/2022\/12\/Adventstreff-2022-169-Kopie-1568x1045.jpg 1568w\" sizes=\"auto, (max-width: 1024px) 100vw, 1024px\" \/><\/figure>\n\n\n\n<figure class=\"wp-block-image size-large\"><img loading=\"lazy\" decoding=\"async\" width=\"1024\" height=\"683\" src=\"https:\/\/sovdladelund.de\/wp-content\/uploads\/2022\/12\/Adventstreff-2022-127-1024x683.jpg\" alt=\"\" class=\"wp-image-389\" srcset=\"https:\/\/sovdladelund.de\/wp-content\/uploads\/2022\/12\/Adventstreff-2022-127-1024x683.jpg 1024w, https:\/\/sovdladelund.de\/wp-content\/uploads\/2022\/12\/Adventstreff-2022-127-300x200.jpg 300w, https:\/\/sovdladelund.de\/wp-content\/uploads\/2022\/12\/Adventstreff-2022-127-768x512.jpg 768w, https:\/\/sovdladelund.de\/wp-content\/uploads\/2022\/12\/Adventstreff-2022-127-1536x1024.jpg 1536w, https:\/\/sovdladelund.de\/wp-content\/uploads\/2022\/12\/Adventstreff-2022-127-2048x1365.jpg 2048w, https:\/\/sovdladelund.de\/wp-content\/uploads\/2022\/12\/Adventstreff-2022-127-1568x1045.jpg 1568w\" sizes=\"auto, (max-width: 1024px) 100vw, 1024px\" \/><\/figure>\n\n\n\n<figure class=\"wp-block-image size-large\"><img loading=\"lazy\" decoding=\"async\" width=\"1024\" height=\"683\" src=\"https:\/\/sovdladelund.de\/wp-content\/uploads\/2022\/12\/Adventstreff-2022-151-1024x683.jpg\" alt=\"\" class=\"wp-image-391\" srcset=\"https:\/\/sovdladelund.de\/wp-content\/uploads\/2022\/12\/Adventstreff-2022-151-1024x683.jpg 1024w, https:\/\/sovdladelund.de\/wp-content\/uploads\/2022\/12\/Adventstreff-2022-151-300x200.jpg 300w, https:\/\/sovdladelund.de\/wp-content\/uploads\/2022\/12\/Adventstreff-2022-151-768x512.jpg 768w, https:\/\/sovdladelund.de\/wp-content\/uploads\/2022\/12\/Adventstreff-2022-151-1536x1024.jpg 1536w, https:\/\/sovdladelund.de\/wp-content\/uploads\/2022\/12\/Adventstreff-2022-151-2048x1365.jpg 2048w, https:\/\/sovdladelund.de\/wp-content\/uploads\/2022\/12\/Adventstreff-2022-151-1568x1045.jpg 1568w\" sizes=\"auto, (max-width: 1024px) 100vw, 1024px\" \/><\/figure>\n\n\n\n<figure class=\"wp-block-image size-large\"><img loading=\"lazy\" decoding=\"async\" width=\"1024\" height=\"683\" src=\"https:\/\/sovdladelund.de\/wp-content\/uploads\/2023\/01\/Adventstreff-2022-158-1024x683.jpg\" alt=\"\" class=\"wp-image-417\" srcset=\"https:\/\/sovdladelund.de\/wp-content\/uploads\/2023\/01\/Adventstreff-2022-158-1024x683.jpg 1024w, https:\/\/sovdladelund.de\/wp-content\/uploads\/2023\/01\/Adventstreff-2022-158-300x200.jpg 300w, https:\/\/sovdladelund.de\/wp-content\/uploads\/2023\/01\/Adventstreff-2022-158-768x512.jpg 768w, https:\/\/sovdladelund.de\/wp-content\/uploads\/2023\/01\/Adventstreff-2022-158-1536x1024.jpg 1536w, https:\/\/sovdladelund.de\/wp-content\/uploads\/2023\/01\/Adventstreff-2022-158-2048x1365.jpg 2048w, https:\/\/sovdladelund.de\/wp-content\/uploads\/2023\/01\/Adventstreff-2022-158-1568x1045.jpg 1568w\" sizes=\"auto, (max-width: 1024px) 100vw, 1024px\" \/><\/figure>\n\n\n\n<figure class=\"wp-block-image size-large\"><img loading=\"lazy\" decoding=\"async\" width=\"1024\" height=\"683\" src=\"https:\/\/sovdladelund.de\/wp-content\/uploads\/2023\/01\/Adventstreff-2022-107-1024x683.jpg\" alt=\"\" class=\"wp-image-421\" srcset=\"https:\/\/sovdladelund.de\/wp-content\/uploads\/2023\/01\/Adventstreff-2022-107-1024x683.jpg 1024w, https:\/\/sovdladelund.de\/wp-content\/uploads\/2023\/01\/Adventstreff-2022-107-300x200.jpg 300w, https:\/\/sovdladelund.de\/wp-content\/uploads\/2023\/01\/Adventstreff-2022-107-768x512.jpg 768w, https:\/\/sovdladelund.de\/wp-content\/uploads\/2023\/01\/Adventstreff-2022-107-1536x1024.jpg 1536w, https:\/\/sovdladelund.de\/wp-content\/uploads\/2023\/01\/Adventstreff-2022-107-2048x1365.jpg 2048w, https:\/\/sovdladelund.de\/wp-content\/uploads\/2023\/01\/Adventstreff-2022-107-1568x1045.jpg 1568w\" sizes=\"auto, (max-width: 1024px) 100vw, 1024px\" \/><\/figure>\n\n\n\n<figure class=\"wp-block-image size-large\"><img loading=\"lazy\" decoding=\"async\" width=\"683\" height=\"1024\" src=\"https:\/\/sovdladelund.de\/wp-content\/uploads\/2023\/01\/Adventstreff-2022-098-683x1024.jpg\" alt=\"\" class=\"wp-image-423\" srcset=\"https:\/\/sovdladelund.de\/wp-content\/uploads\/2023\/01\/Adventstreff-2022-098-683x1024.jpg 683w, https:\/\/sovdladelund.de\/wp-content\/uploads\/2023\/01\/Adventstreff-2022-098-200x300.jpg 200w, https:\/\/sovdladelund.de\/wp-content\/uploads\/2023\/01\/Adventstreff-2022-098-768x1152.jpg 768w, https:\/\/sovdladelund.de\/wp-content\/uploads\/2023\/01\/Adventstreff-2022-098-1024x1536.jpg 1024w, https:\/\/sovdladelund.de\/wp-content\/uploads\/2023\/01\/Adventstreff-2022-098-1365x2048.jpg 1365w, https:\/\/sovdladelund.de\/wp-content\/uploads\/2023\/01\/Adventstreff-2022-098-1568x2352.jpg 1568w, https:\/\/sovdladelund.de\/wp-content\/uploads\/2023\/01\/Adventstreff-2022-098-scaled.jpg 1707w\" sizes=\"auto, (max-width: 683px) 100vw, 683px\" \/><\/figure>\n\n\n\n<figure class=\"wp-block-image size-large\"><img loading=\"lazy\" decoding=\"async\" width=\"1024\" height=\"683\" src=\"https:\/\/sovdladelund.de\/wp-content\/uploads\/2023\/01\/Adventstreff-2022-169-1024x683.jpg\" alt=\"\" class=\"wp-image-426\" srcset=\"https:\/\/sovdladelund.de\/wp-content\/uploads\/2023\/01\/Adventstreff-2022-169-1024x683.jpg 1024w, https:\/\/sovdladelund.de\/wp-content\/uploads\/2023\/01\/Adventstreff-2022-169-300x200.jpg 300w, https:\/\/sovdladelund.de\/wp-content\/uploads\/2023\/01\/Adventstreff-2022-169-768x512.jpg 768w, https:\/\/sovdladelund.de\/wp-content\/uploads\/2023\/01\/Adventstreff-2022-169-1536x1024.jpg 1536w, https:\/\/sovdladelund.de\/wp-content\/uploads\/2023\/01\/Adventstreff-2022-169-2048x1365.jpg 2048w, https:\/\/sovdladelund.de\/wp-content\/uploads\/2023\/01\/Adventstreff-2022-169-1568x1045.jpg 1568w\" sizes=\"auto, (max-width: 1024px) 100vw, 1024px\" \/><\/figure>\n\n\n\n<figure class=\"wp-block-image size-large\"><img loading=\"lazy\" decoding=\"async\" width=\"1024\" height=\"683\" src=\"https:\/\/sovdladelund.de\/wp-content\/uploads\/2023\/01\/Adventstreff-2022-128-1024x683.jpg\" alt=\"\" class=\"wp-image-429\" srcset=\"https:\/\/sovdladelund.de\/wp-content\/uploads\/2023\/01\/Adventstreff-2022-128-1024x683.jpg 1024w, https:\/\/sovdladelund.de\/wp-content\/uploads\/2023\/01\/Adventstreff-2022-128-300x200.jpg 300w, https:\/\/sovdladelund.de\/wp-content\/uploads\/2023\/01\/Adventstreff-2022-128-768x512.jpg 768w, https:\/\/sovdladelund.de\/wp-content\/uploads\/2023\/01\/Adventstreff-2022-128-1536x1024.jpg 1536w, https:\/\/sovdladelund.de\/wp-content\/uploads\/2023\/01\/Adventstreff-2022-128-2048x1365.jpg 2048w, https:\/\/sovdladelund.de\/wp-content\/uploads\/2023\/01\/Adventstreff-2022-128-1568x1045.jpg 1568w\" sizes=\"auto, (max-width: 1024px) 100vw, 1024px\" \/><\/figure>\n<\/div>\n\n\n\n<div class=\"wp-block-column is-layout-flow wp-block-column-is-layout-flow\" style=\"flex-basis:50%\">\n<figure class=\"wp-block-gallery has-nested-images columns-default is-cropped wp-block-gallery-4 is-layout-flex wp-block-gallery-is-layout-flex\">\n<figure class=\"wp-block-image size-large\"><img loading=\"lazy\" decoding=\"async\" width=\"2560\" height=\"2560\" data-id=\"91\" src=\"https:\/\/sovdladelund.de\/wp-content\/uploads\/2022\/08\/20220507_212438-scaled.jpg\" alt=\"\" class=\"wp-image-91\" srcset=\"https:\/\/sovdladelund.de\/wp-content\/uploads\/2022\/08\/20220507_212438-scaled.jpg 2560w, https:\/\/sovdladelund.de\/wp-content\/uploads\/2022\/08\/20220507_212438-300x300.jpg 300w, https:\/\/sovdladelund.de\/wp-content\/uploads\/2022\/08\/20220507_212438-1024x1024.jpg 1024w, https:\/\/sovdladelund.de\/wp-content\/uploads\/2022\/08\/20220507_212438-150x150.jpg 150w, https:\/\/sovdladelund.de\/wp-content\/uploads\/2022\/08\/20220507_212438-768x768.jpg 768w, https:\/\/sovdladelund.de\/wp-content\/uploads\/2022\/08\/20220507_212438-1536x1536.jpg 1536w, https:\/\/sovdladelund.de\/wp-content\/uploads\/2022\/08\/20220507_212438-2048x2048.jpg 2048w, https:\/\/sovdladelund.de\/wp-content\/uploads\/2022\/08\/20220507_212438-1568x1568.jpg 1568w\" sizes=\"auto, (max-width: 2560px) 100vw, 2560px\" \/><figcaption class=\"wp-element-caption\">Dankesch\u00f6n<\/figcaption><\/figure>\n\n\n\n<figure class=\"wp-block-image size-large\"><img loading=\"lazy\" decoding=\"async\" width=\"2560\" height=\"2560\" data-id=\"93\" src=\"https:\/\/sovdladelund.de\/wp-content\/uploads\/2022\/08\/20220507_211103-scaled.jpg\" alt=\"Petra Lenius-Hemstedt unsere Kreisvorsitzende\" class=\"wp-image-93\" srcset=\"https:\/\/sovdladelund.de\/wp-content\/uploads\/2022\/08\/20220507_211103-scaled.jpg 2560w, https:\/\/sovdladelund.de\/wp-content\/uploads\/2022\/08\/20220507_211103-300x300.jpg 300w, https:\/\/sovdladelund.de\/wp-content\/uploads\/2022\/08\/20220507_211103-1024x1024.jpg 1024w, https:\/\/sovdladelund.de\/wp-content\/uploads\/2022\/08\/20220507_211103-150x150.jpg 150w, https:\/\/sovdladelund.de\/wp-content\/uploads\/2022\/08\/20220507_211103-768x768.jpg 768w, https:\/\/sovdladelund.de\/wp-content\/uploads\/2022\/08\/20220507_211103-1536x1536.jpg 1536w, https:\/\/sovdladelund.de\/wp-content\/uploads\/2022\/08\/20220507_211103-2048x2048.jpg 2048w, https:\/\/sovdladelund.de\/wp-content\/uploads\/2022\/08\/20220507_211103-1568x1568.jpg 1568w\" sizes=\"auto, (max-width: 2560px) 100vw, 2560px\" \/><figcaption class=\"wp-element-caption\">Jubil\u00e4umsrede unserer Kreisvorsitzenden Petra Lenius-Hemstedt<\/figcaption><\/figure>\n\n\n\n<figure class=\"wp-block-image size-large\"><img loading=\"lazy\" decoding=\"async\" width=\"2560\" height=\"2560\" data-id=\"94\" src=\"https:\/\/sovdladelund.de\/wp-content\/uploads\/2022\/08\/20220507_211051-scaled.jpg\" alt=\"\" class=\"wp-image-94\" srcset=\"https:\/\/sovdladelund.de\/wp-content\/uploads\/2022\/08\/20220507_211051-scaled.jpg 2560w, https:\/\/sovdladelund.de\/wp-content\/uploads\/2022\/08\/20220507_211051-300x300.jpg 300w, https:\/\/sovdladelund.de\/wp-content\/uploads\/2022\/08\/20220507_211051-1024x1024.jpg 1024w, https:\/\/sovdladelund.de\/wp-content\/uploads\/2022\/08\/20220507_211051-150x150.jpg 150w, https:\/\/sovdladelund.de\/wp-content\/uploads\/2022\/08\/20220507_211051-768x768.jpg 768w, https:\/\/sovdladelund.de\/wp-content\/uploads\/2022\/08\/20220507_211051-1536x1536.jpg 1536w, https:\/\/sovdladelund.de\/wp-content\/uploads\/2022\/08\/20220507_211051-2048x2048.jpg 2048w, https:\/\/sovdladelund.de\/wp-content\/uploads\/2022\/08\/20220507_211051-1568x1568.jpg 1568w\" sizes=\"auto, (max-width: 2560px) 100vw, 2560px\" \/><figcaption class=\"wp-element-caption\">reisvorsitzende P .Lenius-Hemstedt<\/figcaption><\/figure>\n\n\n\n<figure class=\"wp-block-image size-large\"><img loading=\"lazy\" decoding=\"async\" width=\"2560\" height=\"2560\" data-id=\"95\" src=\"https:\/\/sovdladelund.de\/wp-content\/uploads\/2022\/08\/20220507_205453-scaled.jpg\" alt=\"Pastor Hans Joachim Stuck\" class=\"wp-image-95\" srcset=\"https:\/\/sovdladelund.de\/wp-content\/uploads\/2022\/08\/20220507_205453-scaled.jpg 2560w, https:\/\/sovdladelund.de\/wp-content\/uploads\/2022\/08\/20220507_205453-300x300.jpg 300w, https:\/\/sovdladelund.de\/wp-content\/uploads\/2022\/08\/20220507_205453-1024x1024.jpg 1024w, https:\/\/sovdladelund.de\/wp-content\/uploads\/2022\/08\/20220507_205453-150x150.jpg 150w, https:\/\/sovdladelund.de\/wp-content\/uploads\/2022\/08\/20220507_205453-768x768.jpg 768w, https:\/\/sovdladelund.de\/wp-content\/uploads\/2022\/08\/20220507_205453-1536x1536.jpg 1536w, https:\/\/sovdladelund.de\/wp-content\/uploads\/2022\/08\/20220507_205453-2048x2048.jpg 2048w, https:\/\/sovdladelund.de\/wp-content\/uploads\/2022\/08\/20220507_205453-1568x1568.jpg 1568w\" sizes=\"auto, (max-width: 2560px) 100vw, 2560px\" \/><figcaption class=\"wp-element-caption\">Pastor HansJoachim Stuck<\/figcaption><\/figure>\n\n\n\n<figure class=\"wp-block-image size-large\"><img loading=\"lazy\" decoding=\"async\" width=\"2560\" height=\"2560\" data-id=\"96\" src=\"https:\/\/sovdladelund.de\/wp-content\/uploads\/2022\/08\/20220507_205407-scaled.jpg\" alt=\"\" class=\"wp-image-96\" srcset=\"https:\/\/sovdladelund.de\/wp-content\/uploads\/2022\/08\/20220507_205407-scaled.jpg 2560w, https:\/\/sovdladelund.de\/wp-content\/uploads\/2022\/08\/20220507_205407-300x300.jpg 300w, https:\/\/sovdladelund.de\/wp-content\/uploads\/2022\/08\/20220507_205407-1024x1024.jpg 1024w, https:\/\/sovdladelund.de\/wp-content\/uploads\/2022\/08\/20220507_205407-150x150.jpg 150w, https:\/\/sovdladelund.de\/wp-content\/uploads\/2022\/08\/20220507_205407-768x768.jpg 768w, https:\/\/sovdladelund.de\/wp-content\/uploads\/2022\/08\/20220507_205407-1536x1536.jpg 1536w, https:\/\/sovdladelund.de\/wp-content\/uploads\/2022\/08\/20220507_205407-2048x2048.jpg 2048w, https:\/\/sovdladelund.de\/wp-content\/uploads\/2022\/08\/20220507_205407-1568x1568.jpg 1568w\" sizes=\"auto, (max-width: 2560px) 100vw, 2560px\" \/><figcaption class=\"wp-element-caption\">!.Vorsitzender W.Dix<\/figcaption><\/figure>\n\n\n\n<figure class=\"wp-block-image size-large\"><img loading=\"lazy\" decoding=\"async\" width=\"2560\" height=\"2560\" data-id=\"97\" src=\"https:\/\/sovdladelund.de\/wp-content\/uploads\/2022\/08\/20220507_205114-scaled.jpg\" alt=\"B\u00fcrgermeister Lutz Martensen\" class=\"wp-image-97\" srcset=\"https:\/\/sovdladelund.de\/wp-content\/uploads\/2022\/08\/20220507_205114-scaled.jpg 2560w, https:\/\/sovdladelund.de\/wp-content\/uploads\/2022\/08\/20220507_205114-300x300.jpg 300w, https:\/\/sovdladelund.de\/wp-content\/uploads\/2022\/08\/20220507_205114-1024x1024.jpg 1024w, https:\/\/sovdladelund.de\/wp-content\/uploads\/2022\/08\/20220507_205114-150x150.jpg 150w, https:\/\/sovdladelund.de\/wp-content\/uploads\/2022\/08\/20220507_205114-768x768.jpg 768w, https:\/\/sovdladelund.de\/wp-content\/uploads\/2022\/08\/20220507_205114-1536x1536.jpg 1536w, https:\/\/sovdladelund.de\/wp-content\/uploads\/2022\/08\/20220507_205114-2048x2048.jpg 2048w, https:\/\/sovdladelund.de\/wp-content\/uploads\/2022\/08\/20220507_205114-1568x1568.jpg 1568w\" sizes=\"auto, (max-width: 2560px) 100vw, 2560px\" \/><figcaption class=\"wp-element-caption\">B\u00fcrgermeister Lutz Martensen<\/figcaption><\/figure>\n\n\n\n<figure class=\"wp-block-image size-large\"><img loading=\"lazy\" decoding=\"async\" width=\"2560\" height=\"2560\" data-id=\"89\" src=\"https:\/\/sovdladelund.de\/wp-content\/uploads\/2022\/08\/20220507_213348-scaled.jpg\" alt=\"\" class=\"wp-image-89\" srcset=\"https:\/\/sovdladelund.de\/wp-content\/uploads\/2022\/08\/20220507_213348-scaled.jpg 2560w, https:\/\/sovdladelund.de\/wp-content\/uploads\/2022\/08\/20220507_213348-300x300.jpg 300w, https:\/\/sovdladelund.de\/wp-content\/uploads\/2022\/08\/20220507_213348-1024x1024.jpg 1024w, https:\/\/sovdladelund.de\/wp-content\/uploads\/2022\/08\/20220507_213348-150x150.jpg 150w, https:\/\/sovdladelund.de\/wp-content\/uploads\/2022\/08\/20220507_213348-768x768.jpg 768w, https:\/\/sovdladelund.de\/wp-content\/uploads\/2022\/08\/20220507_213348-1536x1536.jpg 1536w, https:\/\/sovdladelund.de\/wp-content\/uploads\/2022\/08\/20220507_213348-2048x2048.jpg 2048w, https:\/\/sovdladelund.de\/wp-content\/uploads\/2022\/08\/20220507_213348-1568x1568.jpg 1568w\" sizes=\"auto, (max-width: 2560px) 100vw, 2560px\" \/><figcaption class=\"wp-element-caption\">1.Harmonica Club Nieb\u00fcll<\/figcaption><\/figure>\n<\/figure>\n\n\n\n<figure class=\"wp-block-image size-large\"><img loading=\"lazy\" decoding=\"async\" width=\"1024\" height=\"683\" src=\"https:\/\/sovdladelund.de\/wp-content\/uploads\/2022\/12\/Adventstreff-2022-185-1024x683.jpg\" alt=\"\" class=\"wp-image-401\" srcset=\"https:\/\/sovdladelund.de\/wp-content\/uploads\/2022\/12\/Adventstreff-2022-185-1024x683.jpg 1024w, https:\/\/sovdladelund.de\/wp-content\/uploads\/2022\/12\/Adventstreff-2022-185-300x200.jpg 300w, https:\/\/sovdladelund.de\/wp-content\/uploads\/2022\/12\/Adventstreff-2022-185-768x512.jpg 768w, https:\/\/sovdladelund.de\/wp-content\/uploads\/2022\/12\/Adventstreff-2022-185-1536x1024.jpg 1536w, https:\/\/sovdladelund.de\/wp-content\/uploads\/2022\/12\/Adventstreff-2022-185-2048x1365.jpg 2048w, https:\/\/sovdladelund.de\/wp-content\/uploads\/2022\/12\/Adventstreff-2022-185-1568x1045.jpg 1568w\" sizes=\"auto, (max-width: 1024px) 100vw, 1024px\" \/><\/figure>\n\n\n\n<figure class=\"wp-block-image size-large is-resized\"><img loading=\"lazy\" decoding=\"async\" width=\"1024\" height=\"683\" src=\"https:\/\/sovdladelund.de\/wp-content\/uploads\/2022\/12\/Adventstreff-2022-116-1024x683.jpg\" alt=\"\" class=\"wp-image-404\" style=\"width:639px;height:425px\" srcset=\"https:\/\/sovdladelund.de\/wp-content\/uploads\/2022\/12\/Adventstreff-2022-116-1024x683.jpg 1024w, https:\/\/sovdladelund.de\/wp-content\/uploads\/2022\/12\/Adventstreff-2022-116-300x200.jpg 300w, https:\/\/sovdladelund.de\/wp-content\/uploads\/2022\/12\/Adventstreff-2022-116-768x512.jpg 768w, https:\/\/sovdladelund.de\/wp-content\/uploads\/2022\/12\/Adventstreff-2022-116-1536x1024.jpg 1536w, https:\/\/sovdladelund.de\/wp-content\/uploads\/2022\/12\/Adventstreff-2022-116-2048x1365.jpg 2048w, https:\/\/sovdladelund.de\/wp-content\/uploads\/2022\/12\/Adventstreff-2022-116-1568x1045.jpg 1568w\" sizes=\"auto, (max-width: 1024px) 100vw, 1024px\" \/><\/figure>\n\n\n\n<figure class=\"wp-block-image size-large\"><img loading=\"lazy\" decoding=\"async\" width=\"1024\" height=\"683\" src=\"https:\/\/sovdladelund.de\/wp-content\/uploads\/2022\/12\/Adventstreff-2022-124-1024x683.jpg\" alt=\"\" class=\"wp-image-411\" srcset=\"https:\/\/sovdladelund.de\/wp-content\/uploads\/2022\/12\/Adventstreff-2022-124-1024x683.jpg 1024w, https:\/\/sovdladelund.de\/wp-content\/uploads\/2022\/12\/Adventstreff-2022-124-300x200.jpg 300w, https:\/\/sovdladelund.de\/wp-content\/uploads\/2022\/12\/Adventstreff-2022-124-768x512.jpg 768w, https:\/\/sovdladelund.de\/wp-content\/uploads\/2022\/12\/Adventstreff-2022-124-1536x1024.jpg 1536w, https:\/\/sovdladelund.de\/wp-content\/uploads\/2022\/12\/Adventstreff-2022-124-2048x1365.jpg 2048w, https:\/\/sovdladelund.de\/wp-content\/uploads\/2022\/12\/Adventstreff-2022-124-1568x1045.jpg 1568w\" sizes=\"auto, (max-width: 1024px) 100vw, 1024px\" \/><\/figure>\n\n\n\n<figure class=\"wp-block-image size-large\"><img loading=\"lazy\" decoding=\"async\" width=\"1024\" height=\"683\" src=\"https:\/\/sovdladelund.de\/wp-content\/uploads\/2022\/12\/Adventstreff-2022-162-1024x683.jpg\" alt=\"\" class=\"wp-image-394\" srcset=\"https:\/\/sovdladelund.de\/wp-content\/uploads\/2022\/12\/Adventstreff-2022-162-1024x683.jpg 1024w, https:\/\/sovdladelund.de\/wp-content\/uploads\/2022\/12\/Adventstreff-2022-162-300x200.jpg 300w, https:\/\/sovdladelund.de\/wp-content\/uploads\/2022\/12\/Adventstreff-2022-162-768x512.jpg 768w, https:\/\/sovdladelund.de\/wp-content\/uploads\/2022\/12\/Adventstreff-2022-162-1536x1024.jpg 1536w, https:\/\/sovdladelund.de\/wp-content\/uploads\/2022\/12\/Adventstreff-2022-162-2048x1365.jpg 2048w, https:\/\/sovdladelund.de\/wp-content\/uploads\/2022\/12\/Adventstreff-2022-162-1568x1045.jpg 1568w\" sizes=\"auto, (max-width: 1024px) 100vw, 1024px\" \/><figcaption class=\"wp-element-caption\">Posaunenchor Ladelund<\/figcaption><\/figure>\n\n\n\n<figure class=\"wp-block-image size-large\"><img loading=\"lazy\" decoding=\"async\" width=\"1024\" height=\"683\" src=\"https:\/\/sovdladelund.de\/wp-content\/uploads\/2023\/01\/Adventstreff-2022-189-1024x683.jpg\" alt=\"\" class=\"wp-image-419\" srcset=\"https:\/\/sovdladelund.de\/wp-content\/uploads\/2023\/01\/Adventstreff-2022-189-1024x683.jpg 1024w, https:\/\/sovdladelund.de\/wp-content\/uploads\/2023\/01\/Adventstreff-2022-189-300x200.jpg 300w, https:\/\/sovdladelund.de\/wp-content\/uploads\/2023\/01\/Adventstreff-2022-189-768x512.jpg 768w, https:\/\/sovdladelund.de\/wp-content\/uploads\/2023\/01\/Adventstreff-2022-189-1536x1024.jpg 1536w, https:\/\/sovdladelund.de\/wp-content\/uploads\/2023\/01\/Adventstreff-2022-189-2048x1365.jpg 2048w, https:\/\/sovdladelund.de\/wp-content\/uploads\/2023\/01\/Adventstreff-2022-189-1568x1045.jpg 1568w\" sizes=\"auto, (max-width: 1024px) 100vw, 1024px\" \/><\/figure>\n\n\n\n<figure class=\"wp-block-image size-large\"><img loading=\"lazy\" decoding=\"async\" width=\"1024\" height=\"683\" src=\"https:\/\/sovdladelund.de\/wp-content\/uploads\/2023\/01\/Adventstreff-2022-143-1024x683.jpg\" alt=\"\" class=\"wp-image-424\" srcset=\"https:\/\/sovdladelund.de\/wp-content\/uploads\/2023\/01\/Adventstreff-2022-143-1024x683.jpg 1024w, https:\/\/sovdladelund.de\/wp-content\/uploads\/2023\/01\/Adventstreff-2022-143-300x200.jpg 300w, https:\/\/sovdladelund.de\/wp-content\/uploads\/2023\/01\/Adventstreff-2022-143-768x512.jpg 768w, https:\/\/sovdladelund.de\/wp-content\/uploads\/2023\/01\/Adventstreff-2022-143-1536x1024.jpg 1536w, https:\/\/sovdladelund.de\/wp-content\/uploads\/2023\/01\/Adventstreff-2022-143-2048x1365.jpg 2048w, https:\/\/sovdladelund.de\/wp-content\/uploads\/2023\/01\/Adventstreff-2022-143-1568x1045.jpg 1568w\" sizes=\"auto, (max-width: 1024px) 100vw, 1024px\" \/><\/figure>\n\n\n\n<figure class=\"wp-block-image size-large\"><img loading=\"lazy\" decoding=\"async\" width=\"1024\" height=\"683\" src=\"https:\/\/sovdladelund.de\/wp-content\/uploads\/2023\/01\/Adventstreff-2022-125-1024x683.jpg\" alt=\"\" class=\"wp-image-428\" srcset=\"https:\/\/sovdladelund.de\/wp-content\/uploads\/2023\/01\/Adventstreff-2022-125-1024x683.jpg 1024w, https:\/\/sovdladelund.de\/wp-content\/uploads\/2023\/01\/Adventstreff-2022-125-300x200.jpg 300w, https:\/\/sovdladelund.de\/wp-content\/uploads\/2023\/01\/Adventstreff-2022-125-768x512.jpg 768w, https:\/\/sovdladelund.de\/wp-content\/uploads\/2023\/01\/Adventstreff-2022-125-1536x1024.jpg 1536w, https:\/\/sovdladelund.de\/wp-content\/uploads\/2023\/01\/Adventstreff-2022-125-2048x1365.jpg 2048w, https:\/\/sovdladelund.de\/wp-content\/uploads\/2023\/01\/Adventstreff-2022-125-1568x1045.jpg 1568w\" sizes=\"auto, (max-width: 1024px) 100vw, 1024px\" \/><\/figure>\n<\/div>\n\n\n\n<div class=\"wp-block-column is-layout-flow wp-block-column-is-layout-flow\" style=\"flex-basis:25%\">\n<figure class=\"wp-block-gallery has-nested-images columns-default is-cropped wp-block-gallery-5 is-layout-flex wp-block-gallery-is-layout-flex\">\n<figure class=\"wp-block-image size-large\"><img loading=\"lazy\" decoding=\"async\" width=\"2560\" height=\"1920\" data-id=\"125\" src=\"https:\/\/sovdladelund.de\/wp-content\/uploads\/2022\/08\/SoVD-75-jaehriges-Jubilaeum-07.05.22-009-scaled.jpg\" alt=\"\" class=\"wp-image-125\" srcset=\"https:\/\/sovdladelund.de\/wp-content\/uploads\/2022\/08\/SoVD-75-jaehriges-Jubilaeum-07.05.22-009-scaled.jpg 2560w, https:\/\/sovdladelund.de\/wp-content\/uploads\/2022\/08\/SoVD-75-jaehriges-Jubilaeum-07.05.22-009-300x225.jpg 300w, https:\/\/sovdladelund.de\/wp-content\/uploads\/2022\/08\/SoVD-75-jaehriges-Jubilaeum-07.05.22-009-1024x768.jpg 1024w, https:\/\/sovdladelund.de\/wp-content\/uploads\/2022\/08\/SoVD-75-jaehriges-Jubilaeum-07.05.22-009-768x576.jpg 768w, https:\/\/sovdladelund.de\/wp-content\/uploads\/2022\/08\/SoVD-75-jaehriges-Jubilaeum-07.05.22-009-1536x1152.jpg 1536w, https:\/\/sovdladelund.de\/wp-content\/uploads\/2022\/08\/SoVD-75-jaehriges-Jubilaeum-07.05.22-009-2048x1536.jpg 2048w, https:\/\/sovdladelund.de\/wp-content\/uploads\/2022\/08\/SoVD-75-jaehriges-Jubilaeum-07.05.22-009-1568x1176.jpg 1568w\" sizes=\"auto, (max-width: 2560px) 100vw, 2560px\" \/><\/figure>\n\n\n\n<figure class=\"wp-block-image size-large\"><img loading=\"lazy\" decoding=\"async\" width=\"2560\" height=\"1920\" data-id=\"124\" src=\"https:\/\/sovdladelund.de\/wp-content\/uploads\/2022\/08\/SoVD-75-jaehriges-Jubilaeum-07.05.22-008-scaled.jpg\" alt=\"\" class=\"wp-image-124\" srcset=\"https:\/\/sovdladelund.de\/wp-content\/uploads\/2022\/08\/SoVD-75-jaehriges-Jubilaeum-07.05.22-008-scaled.jpg 2560w, https:\/\/sovdladelund.de\/wp-content\/uploads\/2022\/08\/SoVD-75-jaehriges-Jubilaeum-07.05.22-008-300x225.jpg 300w, https:\/\/sovdladelund.de\/wp-content\/uploads\/2022\/08\/SoVD-75-jaehriges-Jubilaeum-07.05.22-008-1024x768.jpg 1024w, https:\/\/sovdladelund.de\/wp-content\/uploads\/2022\/08\/SoVD-75-jaehriges-Jubilaeum-07.05.22-008-768x576.jpg 768w, https:\/\/sovdladelund.de\/wp-content\/uploads\/2022\/08\/SoVD-75-jaehriges-Jubilaeum-07.05.22-008-1536x1152.jpg 1536w, https:\/\/sovdladelund.de\/wp-content\/uploads\/2022\/08\/SoVD-75-jaehriges-Jubilaeum-07.05.22-008-2048x1536.jpg 2048w, https:\/\/sovdladelund.de\/wp-content\/uploads\/2022\/08\/SoVD-75-jaehriges-Jubilaeum-07.05.22-008-1568x1176.jpg 1568w\" sizes=\"auto, (max-width: 2560px) 100vw, 2560px\" \/><\/figure>\n\n\n\n<figure class=\"wp-block-image size-large\"><img loading=\"lazy\" decoding=\"async\" width=\"2560\" height=\"1920\" data-id=\"126\" src=\"https:\/\/sovdladelund.de\/wp-content\/uploads\/2022\/08\/SoVD-75-jaehriges-Jubilaeum-07.05.22-010-scaled.jpg\" alt=\"\" class=\"wp-image-126\" srcset=\"https:\/\/sovdladelund.de\/wp-content\/uploads\/2022\/08\/SoVD-75-jaehriges-Jubilaeum-07.05.22-010-scaled.jpg 2560w, https:\/\/sovdladelund.de\/wp-content\/uploads\/2022\/08\/SoVD-75-jaehriges-Jubilaeum-07.05.22-010-300x225.jpg 300w, https:\/\/sovdladelund.de\/wp-content\/uploads\/2022\/08\/SoVD-75-jaehriges-Jubilaeum-07.05.22-010-1024x768.jpg 1024w, https:\/\/sovdladelund.de\/wp-content\/uploads\/2022\/08\/SoVD-75-jaehriges-Jubilaeum-07.05.22-010-768x576.jpg 768w, https:\/\/sovdladelund.de\/wp-content\/uploads\/2022\/08\/SoVD-75-jaehriges-Jubilaeum-07.05.22-010-1536x1152.jpg 1536w, https:\/\/sovdladelund.de\/wp-content\/uploads\/2022\/08\/SoVD-75-jaehriges-Jubilaeum-07.05.22-010-2048x1536.jpg 2048w, https:\/\/sovdladelund.de\/wp-content\/uploads\/2022\/08\/SoVD-75-jaehriges-Jubilaeum-07.05.22-010-1568x1176.jpg 1568w\" sizes=\"auto, (max-width: 2560px) 100vw, 2560px\" \/><\/figure>\n\n\n\n<figure class=\"wp-block-image size-large\"><img loading=\"lazy\" decoding=\"async\" width=\"1920\" height=\"2560\" data-id=\"127\" src=\"https:\/\/sovdladelund.de\/wp-content\/uploads\/2022\/08\/SoVD-75-jaehriges-Jubilaeum-07.05.22-011-scaled.jpg\" alt=\"Schatzmeister Udo Wei\u00df\" class=\"wp-image-127\" srcset=\"https:\/\/sovdladelund.de\/wp-content\/uploads\/2022\/08\/SoVD-75-jaehriges-Jubilaeum-07.05.22-011-scaled.jpg 1920w, https:\/\/sovdladelund.de\/wp-content\/uploads\/2022\/08\/SoVD-75-jaehriges-Jubilaeum-07.05.22-011-225x300.jpg 225w, https:\/\/sovdladelund.de\/wp-content\/uploads\/2022\/08\/SoVD-75-jaehriges-Jubilaeum-07.05.22-011-768x1024.jpg 768w, https:\/\/sovdladelund.de\/wp-content\/uploads\/2022\/08\/SoVD-75-jaehriges-Jubilaeum-07.05.22-011-1152x1536.jpg 1152w, https:\/\/sovdladelund.de\/wp-content\/uploads\/2022\/08\/SoVD-75-jaehriges-Jubilaeum-07.05.22-011-1536x2048.jpg 1536w, https:\/\/sovdladelund.de\/wp-content\/uploads\/2022\/08\/SoVD-75-jaehriges-Jubilaeum-07.05.22-011-1568x2091.jpg 1568w\" sizes=\"auto, (max-width: 1920px) 100vw, 1920px\" \/><figcaption class=\"wp-element-caption\">Schatzmeister Udo Wei\u00df<\/figcaption><\/figure>\n\n\n\n<figure class=\"wp-block-image size-large\"><img loading=\"lazy\" decoding=\"async\" width=\"2560\" height=\"1920\" data-id=\"117\" src=\"https:\/\/sovdladelund.de\/wp-content\/uploads\/2022\/08\/SoVD-75-jaehriges-Jubilaeum-07.05.22-001-scaled.jpg\" alt=\"75. Jubil\u00e4umsfest\" class=\"wp-image-117\" srcset=\"https:\/\/sovdladelund.de\/wp-content\/uploads\/2022\/08\/SoVD-75-jaehriges-Jubilaeum-07.05.22-001-scaled.jpg 2560w, https:\/\/sovdladelund.de\/wp-content\/uploads\/2022\/08\/SoVD-75-jaehriges-Jubilaeum-07.05.22-001-300x225.jpg 300w, https:\/\/sovdladelund.de\/wp-content\/uploads\/2022\/08\/SoVD-75-jaehriges-Jubilaeum-07.05.22-001-1024x768.jpg 1024w, https:\/\/sovdladelund.de\/wp-content\/uploads\/2022\/08\/SoVD-75-jaehriges-Jubilaeum-07.05.22-001-768x576.jpg 768w, https:\/\/sovdladelund.de\/wp-content\/uploads\/2022\/08\/SoVD-75-jaehriges-Jubilaeum-07.05.22-001-1536x1152.jpg 1536w, https:\/\/sovdladelund.de\/wp-content\/uploads\/2022\/08\/SoVD-75-jaehriges-Jubilaeum-07.05.22-001-2048x1536.jpg 2048w, https:\/\/sovdladelund.de\/wp-content\/uploads\/2022\/08\/SoVD-75-jaehriges-Jubilaeum-07.05.22-001-1568x1176.jpg 1568w\" sizes=\"auto, (max-width: 2560px) 100vw, 2560px\" \/><figcaption class=\"wp-element-caption\">75. Jubil\u00e4umsfest <\/figcaption><\/figure>\n\n\n\n<figure class=\"wp-block-image size-large\"><img loading=\"lazy\" decoding=\"async\" width=\"2560\" height=\"1920\" data-id=\"129\" src=\"https:\/\/sovdladelund.de\/wp-content\/uploads\/2022\/08\/SoVD-75-jaehriges-Jubilaeum-07.05.22-013-scaled.jpg\" alt=\"\" class=\"wp-image-129\" srcset=\"https:\/\/sovdladelund.de\/wp-content\/uploads\/2022\/08\/SoVD-75-jaehriges-Jubilaeum-07.05.22-013-scaled.jpg 2560w, https:\/\/sovdladelund.de\/wp-content\/uploads\/2022\/08\/SoVD-75-jaehriges-Jubilaeum-07.05.22-013-300x225.jpg 300w, https:\/\/sovdladelund.de\/wp-content\/uploads\/2022\/08\/SoVD-75-jaehriges-Jubilaeum-07.05.22-013-1024x768.jpg 1024w, https:\/\/sovdladelund.de\/wp-content\/uploads\/2022\/08\/SoVD-75-jaehriges-Jubilaeum-07.05.22-013-768x576.jpg 768w, https:\/\/sovdladelund.de\/wp-content\/uploads\/2022\/08\/SoVD-75-jaehriges-Jubilaeum-07.05.22-013-1536x1152.jpg 1536w, https:\/\/sovdladelund.de\/wp-content\/uploads\/2022\/08\/SoVD-75-jaehriges-Jubilaeum-07.05.22-013-2048x1536.jpg 2048w, https:\/\/sovdladelund.de\/wp-content\/uploads\/2022\/08\/SoVD-75-jaehriges-Jubilaeum-07.05.22-013-1568x1176.jpg 1568w\" sizes=\"auto, (max-width: 2560px) 100vw, 2560px\" \/><\/figure>\n\n\n\n<figure class=\"wp-block-image size-large\"><img loading=\"lazy\" decoding=\"async\" width=\"2560\" height=\"1920\" data-id=\"130\" src=\"https:\/\/sovdladelund.de\/wp-content\/uploads\/2022\/08\/SoVD-75-jaehriges-Jubilaeum-07.05.22-014-scaled.jpg\" alt=\"\" class=\"wp-image-130\" srcset=\"https:\/\/sovdladelund.de\/wp-content\/uploads\/2022\/08\/SoVD-75-jaehriges-Jubilaeum-07.05.22-014-scaled.jpg 2560w, https:\/\/sovdladelund.de\/wp-content\/uploads\/2022\/08\/SoVD-75-jaehriges-Jubilaeum-07.05.22-014-300x225.jpg 300w, https:\/\/sovdladelund.de\/wp-content\/uploads\/2022\/08\/SoVD-75-jaehriges-Jubilaeum-07.05.22-014-1024x768.jpg 1024w, https:\/\/sovdladelund.de\/wp-content\/uploads\/2022\/08\/SoVD-75-jaehriges-Jubilaeum-07.05.22-014-768x576.jpg 768w, https:\/\/sovdladelund.de\/wp-content\/uploads\/2022\/08\/SoVD-75-jaehriges-Jubilaeum-07.05.22-014-1536x1152.jpg 1536w, https:\/\/sovdladelund.de\/wp-content\/uploads\/2022\/08\/SoVD-75-jaehriges-Jubilaeum-07.05.22-014-2048x1536.jpg 2048w, https:\/\/sovdladelund.de\/wp-content\/uploads\/2022\/08\/SoVD-75-jaehriges-Jubilaeum-07.05.22-014-1568x1176.jpg 1568w\" sizes=\"auto, (max-width: 2560px) 100vw, 2560px\" \/><\/figure>\n\n\n\n<figure class=\"wp-block-image size-large\"><img loading=\"lazy\" decoding=\"async\" width=\"2560\" height=\"1920\" data-id=\"128\" src=\"https:\/\/sovdladelund.de\/wp-content\/uploads\/2022\/08\/SoVD-75-jaehriges-Jubilaeum-07.05.22-012-scaled.jpg\" alt=\"\" class=\"wp-image-128\" srcset=\"https:\/\/sovdladelund.de\/wp-content\/uploads\/2022\/08\/SoVD-75-jaehriges-Jubilaeum-07.05.22-012-scaled.jpg 2560w, https:\/\/sovdladelund.de\/wp-content\/uploads\/2022\/08\/SoVD-75-jaehriges-Jubilaeum-07.05.22-012-300x225.jpg 300w, https:\/\/sovdladelund.de\/wp-content\/uploads\/2022\/08\/SoVD-75-jaehriges-Jubilaeum-07.05.22-012-1024x768.jpg 1024w, https:\/\/sovdladelund.de\/wp-content\/uploads\/2022\/08\/SoVD-75-jaehriges-Jubilaeum-07.05.22-012-768x576.jpg 768w, https:\/\/sovdladelund.de\/wp-content\/uploads\/2022\/08\/SoVD-75-jaehriges-Jubilaeum-07.05.22-012-1536x1152.jpg 1536w, https:\/\/sovdladelund.de\/wp-content\/uploads\/2022\/08\/SoVD-75-jaehriges-Jubilaeum-07.05.22-012-2048x1536.jpg 2048w, https:\/\/sovdladelund.de\/wp-content\/uploads\/2022\/08\/SoVD-75-jaehriges-Jubilaeum-07.05.22-012-1568x1176.jpg 1568w\" sizes=\"auto, (max-width: 2560px) 100vw, 2560px\" \/><\/figure>\n<\/figure>\n\n\n\n<figure class=\"wp-block-gallery has-nested-images columns-default is-cropped wp-block-gallery-6 is-layout-flex wp-block-gallery-is-layout-flex\">\n<figure class=\"wp-block-image size-large\"><img loading=\"lazy\" decoding=\"async\" width=\"2560\" height=\"1707\" data-id=\"345\" src=\"https:\/\/sovdladelund.de\/wp-content\/uploads\/2022\/10\/Canon-EOS-Bilder-JHV-2022-067-scaled.jpg\" alt=\"\" class=\"wp-image-345\" srcset=\"https:\/\/sovdladelund.de\/wp-content\/uploads\/2022\/10\/Canon-EOS-Bilder-JHV-2022-067-scaled.jpg 2560w, https:\/\/sovdladelund.de\/wp-content\/uploads\/2022\/10\/Canon-EOS-Bilder-JHV-2022-067-300x200.jpg 300w, https:\/\/sovdladelund.de\/wp-content\/uploads\/2022\/10\/Canon-EOS-Bilder-JHV-2022-067-1024x683.jpg 1024w, https:\/\/sovdladelund.de\/wp-content\/uploads\/2022\/10\/Canon-EOS-Bilder-JHV-2022-067-768x512.jpg 768w, https:\/\/sovdladelund.de\/wp-content\/uploads\/2022\/10\/Canon-EOS-Bilder-JHV-2022-067-1536x1024.jpg 1536w, https:\/\/sovdladelund.de\/wp-content\/uploads\/2022\/10\/Canon-EOS-Bilder-JHV-2022-067-2048x1365.jpg 2048w, https:\/\/sovdladelund.de\/wp-content\/uploads\/2022\/10\/Canon-EOS-Bilder-JHV-2022-067-1568x1045.jpg 1568w\" sizes=\"auto, (max-width: 2560px) 100vw, 2560px\" \/><\/figure>\n\n\n\n<figure class=\"wp-block-image size-large\"><img loading=\"lazy\" decoding=\"async\" width=\"2560\" height=\"1707\" data-id=\"346\" src=\"https:\/\/sovdladelund.de\/wp-content\/uploads\/2022\/10\/Canon-EOS-Bilder-JHV-2022-068-scaled.jpg\" alt=\"\" class=\"wp-image-346\" srcset=\"https:\/\/sovdladelund.de\/wp-content\/uploads\/2022\/10\/Canon-EOS-Bilder-JHV-2022-068-scaled.jpg 2560w, https:\/\/sovdladelund.de\/wp-content\/uploads\/2022\/10\/Canon-EOS-Bilder-JHV-2022-068-300x200.jpg 300w, https:\/\/sovdladelund.de\/wp-content\/uploads\/2022\/10\/Canon-EOS-Bilder-JHV-2022-068-1024x683.jpg 1024w, https:\/\/sovdladelund.de\/wp-content\/uploads\/2022\/10\/Canon-EOS-Bilder-JHV-2022-068-768x512.jpg 768w, https:\/\/sovdladelund.de\/wp-content\/uploads\/2022\/10\/Canon-EOS-Bilder-JHV-2022-068-1536x1024.jpg 1536w, https:\/\/sovdladelund.de\/wp-content\/uploads\/2022\/10\/Canon-EOS-Bilder-JHV-2022-068-2048x1365.jpg 2048w, https:\/\/sovdladelund.de\/wp-content\/uploads\/2022\/10\/Canon-EOS-Bilder-JHV-2022-068-1568x1045.jpg 1568w\" sizes=\"auto, (max-width: 2560px) 100vw, 2560px\" \/><\/figure>\n\n\n\n<figure class=\"wp-block-image size-large\"><img loading=\"lazy\" decoding=\"async\" width=\"2560\" height=\"1707\" data-id=\"347\" src=\"https:\/\/sovdladelund.de\/wp-content\/uploads\/2022\/10\/Canon-EOS-Bilder-JHV-2022-069-scaled.jpg\" alt=\"\" class=\"wp-image-347\" srcset=\"https:\/\/sovdladelund.de\/wp-content\/uploads\/2022\/10\/Canon-EOS-Bilder-JHV-2022-069-scaled.jpg 2560w, https:\/\/sovdladelund.de\/wp-content\/uploads\/2022\/10\/Canon-EOS-Bilder-JHV-2022-069-300x200.jpg 300w, https:\/\/sovdladelund.de\/wp-content\/uploads\/2022\/10\/Canon-EOS-Bilder-JHV-2022-069-1024x683.jpg 1024w, https:\/\/sovdladelund.de\/wp-content\/uploads\/2022\/10\/Canon-EOS-Bilder-JHV-2022-069-768x512.jpg 768w, https:\/\/sovdladelund.de\/wp-content\/uploads\/2022\/10\/Canon-EOS-Bilder-JHV-2022-069-1536x1024.jpg 1536w, https:\/\/sovdladelund.de\/wp-content\/uploads\/2022\/10\/Canon-EOS-Bilder-JHV-2022-069-2048x1365.jpg 2048w, https:\/\/sovdladelund.de\/wp-content\/uploads\/2022\/10\/Canon-EOS-Bilder-JHV-2022-069-1568x1045.jpg 1568w\" sizes=\"auto, (max-width: 2560px) 100vw, 2560px\" \/><\/figure>\n\n\n\n<figure class=\"wp-block-image size-large\"><img loading=\"lazy\" decoding=\"async\" width=\"2560\" height=\"1707\" data-id=\"348\" src=\"https:\/\/sovdladelund.de\/wp-content\/uploads\/2022\/10\/Canon-EOS-Bilder-JHV-2022-070-scaled.jpg\" alt=\"\" class=\"wp-image-348\" srcset=\"https:\/\/sovdladelund.de\/wp-content\/uploads\/2022\/10\/Canon-EOS-Bilder-JHV-2022-070-scaled.jpg 2560w, https:\/\/sovdladelund.de\/wp-content\/uploads\/2022\/10\/Canon-EOS-Bilder-JHV-2022-070-300x200.jpg 300w, https:\/\/sovdladelund.de\/wp-content\/uploads\/2022\/10\/Canon-EOS-Bilder-JHV-2022-070-1024x683.jpg 1024w, https:\/\/sovdladelund.de\/wp-content\/uploads\/2022\/10\/Canon-EOS-Bilder-JHV-2022-070-768x512.jpg 768w, https:\/\/sovdladelund.de\/wp-content\/uploads\/2022\/10\/Canon-EOS-Bilder-JHV-2022-070-1536x1024.jpg 1536w, https:\/\/sovdladelund.de\/wp-content\/uploads\/2022\/10\/Canon-EOS-Bilder-JHV-2022-070-2048x1365.jpg 2048w, https:\/\/sovdladelund.de\/wp-content\/uploads\/2022\/10\/Canon-EOS-Bilder-JHV-2022-070-1568x1045.jpg 1568w\" sizes=\"auto, (max-width: 2560px) 100vw, 2560px\" \/><\/figure>\n\n\n\n<figure class=\"wp-block-image size-large\"><img loading=\"lazy\" decoding=\"async\" width=\"2560\" height=\"1707\" data-id=\"349\" src=\"https:\/\/sovdladelund.de\/wp-content\/uploads\/2022\/10\/Canon-EOS-Bilder-JHV-2022-071-scaled.jpg\" alt=\"\" class=\"wp-image-349\" srcset=\"https:\/\/sovdladelund.de\/wp-content\/uploads\/2022\/10\/Canon-EOS-Bilder-JHV-2022-071-scaled.jpg 2560w, https:\/\/sovdladelund.de\/wp-content\/uploads\/2022\/10\/Canon-EOS-Bilder-JHV-2022-071-300x200.jpg 300w, https:\/\/sovdladelund.de\/wp-content\/uploads\/2022\/10\/Canon-EOS-Bilder-JHV-2022-071-1024x683.jpg 1024w, https:\/\/sovdladelund.de\/wp-content\/uploads\/2022\/10\/Canon-EOS-Bilder-JHV-2022-071-768x512.jpg 768w, https:\/\/sovdladelund.de\/wp-content\/uploads\/2022\/10\/Canon-EOS-Bilder-JHV-2022-071-1536x1024.jpg 1536w, https:\/\/sovdladelund.de\/wp-content\/uploads\/2022\/10\/Canon-EOS-Bilder-JHV-2022-071-2048x1365.jpg 2048w, https:\/\/sovdladelund.de\/wp-content\/uploads\/2022\/10\/Canon-EOS-Bilder-JHV-2022-071-1568x1045.jpg 1568w\" sizes=\"auto, (max-width: 2560px) 100vw, 2560px\" \/><\/figure>\n\n\n\n<figure class=\"wp-block-image size-large\"><img loading=\"lazy\" decoding=\"async\" width=\"2560\" height=\"1707\" data-id=\"351\" src=\"https:\/\/sovdladelund.de\/wp-content\/uploads\/2022\/10\/Canon-EOS-Bilder-JHV-2022-073-scaled.jpg\" alt=\"\" class=\"wp-image-351\" srcset=\"https:\/\/sovdladelund.de\/wp-content\/uploads\/2022\/10\/Canon-EOS-Bilder-JHV-2022-073-scaled.jpg 2560w, https:\/\/sovdladelund.de\/wp-content\/uploads\/2022\/10\/Canon-EOS-Bilder-JHV-2022-073-300x200.jpg 300w, https:\/\/sovdladelund.de\/wp-content\/uploads\/2022\/10\/Canon-EOS-Bilder-JHV-2022-073-1024x683.jpg 1024w, https:\/\/sovdladelund.de\/wp-content\/uploads\/2022\/10\/Canon-EOS-Bilder-JHV-2022-073-768x512.jpg 768w, https:\/\/sovdladelund.de\/wp-content\/uploads\/2022\/10\/Canon-EOS-Bilder-JHV-2022-073-1536x1024.jpg 1536w, https:\/\/sovdladelund.de\/wp-content\/uploads\/2022\/10\/Canon-EOS-Bilder-JHV-2022-073-2048x1365.jpg 2048w, https:\/\/sovdladelund.de\/wp-content\/uploads\/2022\/10\/Canon-EOS-Bilder-JHV-2022-073-1568x1045.jpg 1568w\" sizes=\"auto, (max-width: 2560px) 100vw, 2560px\" \/><\/figure>\n\n\n\n<figure class=\"wp-block-image size-large\"><img loading=\"lazy\" decoding=\"async\" width=\"2560\" height=\"1707\" data-id=\"352\" src=\"https:\/\/sovdladelund.de\/wp-content\/uploads\/2022\/10\/Canon-EOS-Bilder-JHV-2022-074-scaled.jpg\" alt=\"\" class=\"wp-image-352\" srcset=\"https:\/\/sovdladelund.de\/wp-content\/uploads\/2022\/10\/Canon-EOS-Bilder-JHV-2022-074-scaled.jpg 2560w, https:\/\/sovdladelund.de\/wp-content\/uploads\/2022\/10\/Canon-EOS-Bilder-JHV-2022-074-300x200.jpg 300w, https:\/\/sovdladelund.de\/wp-content\/uploads\/2022\/10\/Canon-EOS-Bilder-JHV-2022-074-1024x683.jpg 1024w, https:\/\/sovdladelund.de\/wp-content\/uploads\/2022\/10\/Canon-EOS-Bilder-JHV-2022-074-768x512.jpg 768w, https:\/\/sovdladelund.de\/wp-content\/uploads\/2022\/10\/Canon-EOS-Bilder-JHV-2022-074-1536x1024.jpg 1536w, https:\/\/sovdladelund.de\/wp-content\/uploads\/2022\/10\/Canon-EOS-Bilder-JHV-2022-074-2048x1365.jpg 2048w, https:\/\/sovdladelund.de\/wp-content\/uploads\/2022\/10\/Canon-EOS-Bilder-JHV-2022-074-1568x1045.jpg 1568w\" sizes=\"auto, (max-width: 2560px) 100vw, 2560px\" \/><\/figure>\n\n\n\n<figure class=\"wp-block-image size-large\"><img loading=\"lazy\" decoding=\"async\" width=\"2560\" height=\"1707\" data-id=\"354\" src=\"https:\/\/sovdladelund.de\/wp-content\/uploads\/2022\/10\/Canon-EOS-Bilder-JHV-2022-076-scaled.jpg\" alt=\"\" class=\"wp-image-354\" srcset=\"https:\/\/sovdladelund.de\/wp-content\/uploads\/2022\/10\/Canon-EOS-Bilder-JHV-2022-076-scaled.jpg 2560w, https:\/\/sovdladelund.de\/wp-content\/uploads\/2022\/10\/Canon-EOS-Bilder-JHV-2022-076-300x200.jpg 300w, https:\/\/sovdladelund.de\/wp-content\/uploads\/2022\/10\/Canon-EOS-Bilder-JHV-2022-076-1024x683.jpg 1024w, https:\/\/sovdladelund.de\/wp-content\/uploads\/2022\/10\/Canon-EOS-Bilder-JHV-2022-076-768x512.jpg 768w, https:\/\/sovdladelund.de\/wp-content\/uploads\/2022\/10\/Canon-EOS-Bilder-JHV-2022-076-1536x1024.jpg 1536w, https:\/\/sovdladelund.de\/wp-content\/uploads\/2022\/10\/Canon-EOS-Bilder-JHV-2022-076-2048x1365.jpg 2048w, https:\/\/sovdladelund.de\/wp-content\/uploads\/2022\/10\/Canon-EOS-Bilder-JHV-2022-076-1568x1045.jpg 1568w\" sizes=\"auto, (max-width: 2560px) 100vw, 2560px\" \/><figcaption class=\"wp-element-caption\">2.Vorsitzende Monika Abele<\/figcaption><\/figure>\n\n\n\n<figure class=\"wp-block-image size-large\"><img loading=\"lazy\" decoding=\"async\" width=\"2560\" height=\"1707\" data-id=\"363\" src=\"https:\/\/sovdladelund.de\/wp-content\/uploads\/2022\/10\/Canon-EOS-Bilder-JHV-2022-092-scaled.jpg\" alt=\"\" class=\"wp-image-363\" srcset=\"https:\/\/sovdladelund.de\/wp-content\/uploads\/2022\/10\/Canon-EOS-Bilder-JHV-2022-092-scaled.jpg 2560w, https:\/\/sovdladelund.de\/wp-content\/uploads\/2022\/10\/Canon-EOS-Bilder-JHV-2022-092-300x200.jpg 300w, https:\/\/sovdladelund.de\/wp-content\/uploads\/2022\/10\/Canon-EOS-Bilder-JHV-2022-092-1024x683.jpg 1024w, https:\/\/sovdladelund.de\/wp-content\/uploads\/2022\/10\/Canon-EOS-Bilder-JHV-2022-092-768x512.jpg 768w, https:\/\/sovdladelund.de\/wp-content\/uploads\/2022\/10\/Canon-EOS-Bilder-JHV-2022-092-1536x1024.jpg 1536w, https:\/\/sovdladelund.de\/wp-content\/uploads\/2022\/10\/Canon-EOS-Bilder-JHV-2022-092-2048x1365.jpg 2048w, https:\/\/sovdladelund.de\/wp-content\/uploads\/2022\/10\/Canon-EOS-Bilder-JHV-2022-092-1568x1045.jpg 1568w\" sizes=\"auto, (max-width: 2560px) 100vw, 2560px\" \/><\/figure>\n\n\n\n<figure class=\"wp-block-image size-large\"><img loading=\"lazy\" decoding=\"async\" width=\"2560\" height=\"1707\" data-id=\"364\" src=\"https:\/\/sovdladelund.de\/wp-content\/uploads\/2022\/10\/Canon-EOS-Bilder-JHV-2022-093-scaled.jpg\" alt=\"\" class=\"wp-image-364\" srcset=\"https:\/\/sovdladelund.de\/wp-content\/uploads\/2022\/10\/Canon-EOS-Bilder-JHV-2022-093-scaled.jpg 2560w, https:\/\/sovdladelund.de\/wp-content\/uploads\/2022\/10\/Canon-EOS-Bilder-JHV-2022-093-300x200.jpg 300w, https:\/\/sovdladelund.de\/wp-content\/uploads\/2022\/10\/Canon-EOS-Bilder-JHV-2022-093-1024x683.jpg 1024w, https:\/\/sovdladelund.de\/wp-content\/uploads\/2022\/10\/Canon-EOS-Bilder-JHV-2022-093-768x512.jpg 768w, https:\/\/sovdladelund.de\/wp-content\/uploads\/2022\/10\/Canon-EOS-Bilder-JHV-2022-093-1536x1024.jpg 1536w, https:\/\/sovdladelund.de\/wp-content\/uploads\/2022\/10\/Canon-EOS-Bilder-JHV-2022-093-2048x1365.jpg 2048w, https:\/\/sovdladelund.de\/wp-content\/uploads\/2022\/10\/Canon-EOS-Bilder-JHV-2022-093-1568x1045.jpg 1568w\" sizes=\"auto, (max-width: 2560px) 100vw, 2560px\" \/><\/figure>\n\n\n\n<figure class=\"wp-block-image size-large\"><img loading=\"lazy\" decoding=\"async\" width=\"2560\" height=\"1707\" data-id=\"365\" src=\"https:\/\/sovdladelund.de\/wp-content\/uploads\/2022\/10\/Canon-EOS-Bilder-JHV-2022-094-scaled.jpg\" alt=\"\" class=\"wp-image-365\" srcset=\"https:\/\/sovdladelund.de\/wp-content\/uploads\/2022\/10\/Canon-EOS-Bilder-JHV-2022-094-scaled.jpg 2560w, https:\/\/sovdladelund.de\/wp-content\/uploads\/2022\/10\/Canon-EOS-Bilder-JHV-2022-094-300x200.jpg 300w, https:\/\/sovdladelund.de\/wp-content\/uploads\/2022\/10\/Canon-EOS-Bilder-JHV-2022-094-1024x683.jpg 1024w, https:\/\/sovdladelund.de\/wp-content\/uploads\/2022\/10\/Canon-EOS-Bilder-JHV-2022-094-768x512.jpg 768w, https:\/\/sovdladelund.de\/wp-content\/uploads\/2022\/10\/Canon-EOS-Bilder-JHV-2022-094-1536x1024.jpg 1536w, https:\/\/sovdladelund.de\/wp-content\/uploads\/2022\/10\/Canon-EOS-Bilder-JHV-2022-094-2048x1365.jpg 2048w, https:\/\/sovdladelund.de\/wp-content\/uploads\/2022\/10\/Canon-EOS-Bilder-JHV-2022-094-1568x1045.jpg 1568w\" sizes=\"auto, (max-width: 2560px) 100vw, 2560px\" \/><\/figure>\n\n\n\n<figure class=\"wp-block-image size-large\"><img loading=\"lazy\" decoding=\"async\" width=\"2560\" height=\"1707\" data-id=\"366\" src=\"https:\/\/sovdladelund.de\/wp-content\/uploads\/2022\/10\/Canon-EOS-Bilder-JHV-2022-095-scaled.jpg\" alt=\"\" class=\"wp-image-366\" srcset=\"https:\/\/sovdladelund.de\/wp-content\/uploads\/2022\/10\/Canon-EOS-Bilder-JHV-2022-095-scaled.jpg 2560w, https:\/\/sovdladelund.de\/wp-content\/uploads\/2022\/10\/Canon-EOS-Bilder-JHV-2022-095-300x200.jpg 300w, https:\/\/sovdladelund.de\/wp-content\/uploads\/2022\/10\/Canon-EOS-Bilder-JHV-2022-095-1024x683.jpg 1024w, https:\/\/sovdladelund.de\/wp-content\/uploads\/2022\/10\/Canon-EOS-Bilder-JHV-2022-095-768x512.jpg 768w, https:\/\/sovdladelund.de\/wp-content\/uploads\/2022\/10\/Canon-EOS-Bilder-JHV-2022-095-1536x1024.jpg 1536w, https:\/\/sovdladelund.de\/wp-content\/uploads\/2022\/10\/Canon-EOS-Bilder-JHV-2022-095-2048x1365.jpg 2048w, https:\/\/sovdladelund.de\/wp-content\/uploads\/2022\/10\/Canon-EOS-Bilder-JHV-2022-095-1568x1045.jpg 1568w\" sizes=\"auto, (max-width: 2560px) 100vw, 2560px\" \/><\/figure>\n<\/figure>\n\n\n\n<figure class=\"wp-block-gallery has-nested-images columns-default is-cropped wp-block-gallery-7 is-layout-flex wp-block-gallery-is-layout-flex\">\n<figure class=\"wp-block-image size-large\"><img loading=\"lazy\" decoding=\"async\" width=\"768\" height=\"1024\" data-id=\"377\" src=\"https:\/\/sovdladelund.de\/wp-content\/uploads\/2022\/10\/DSC02596-768x1024.jpg\" alt=\"\" class=\"wp-image-377\" srcset=\"https:\/\/sovdladelund.de\/wp-content\/uploads\/2022\/10\/DSC02596-768x1024.jpg 768w, https:\/\/sovdladelund.de\/wp-content\/uploads\/2022\/10\/DSC02596-225x300.jpg 225w, https:\/\/sovdladelund.de\/wp-content\/uploads\/2022\/10\/DSC02596-1152x1536.jpg 1152w, https:\/\/sovdladelund.de\/wp-content\/uploads\/2022\/10\/DSC02596-1536x2048.jpg 1536w, https:\/\/sovdladelund.de\/wp-content\/uploads\/2022\/10\/DSC02596-1568x2091.jpg 1568w, https:\/\/sovdladelund.de\/wp-content\/uploads\/2022\/10\/DSC02596-scaled.jpg 1920w\" sizes=\"auto, (max-width: 768px) 100vw, 768px\" \/><figcaption class=\"wp-element-caption\">Wilfried Dix<\/figcaption><\/figure>\n\n\n\n<figure class=\"wp-block-image size-large\"><img loading=\"lazy\" decoding=\"async\" width=\"768\" height=\"1024\" data-id=\"378\" src=\"https:\/\/sovdladelund.de\/wp-content\/uploads\/2022\/10\/DSC02598-768x1024.jpg\" alt=\"\" class=\"wp-image-378\" srcset=\"https:\/\/sovdladelund.de\/wp-content\/uploads\/2022\/10\/DSC02598-768x1024.jpg 768w, https:\/\/sovdladelund.de\/wp-content\/uploads\/2022\/10\/DSC02598-225x300.jpg 225w, https:\/\/sovdladelund.de\/wp-content\/uploads\/2022\/10\/DSC02598-1152x1536.jpg 1152w, https:\/\/sovdladelund.de\/wp-content\/uploads\/2022\/10\/DSC02598-1536x2048.jpg 1536w, https:\/\/sovdladelund.de\/wp-content\/uploads\/2022\/10\/DSC02598-1568x2091.jpg 1568w, https:\/\/sovdladelund.de\/wp-content\/uploads\/2022\/10\/DSC02598-scaled.jpg 1920w\" sizes=\"auto, (max-width: 768px) 100vw, 768px\" \/><figcaption class=\"wp-element-caption\">Mariechen Dix<\/figcaption><\/figure>\n\n\n\n<figure class=\"wp-block-image size-large\"><img loading=\"lazy\" decoding=\"async\" width=\"768\" height=\"1024\" data-id=\"379\" src=\"https:\/\/sovdladelund.de\/wp-content\/uploads\/2022\/10\/DSC02600-768x1024.jpg\" alt=\"\" class=\"wp-image-379\" srcset=\"https:\/\/sovdladelund.de\/wp-content\/uploads\/2022\/10\/DSC02600-768x1024.jpg 768w, https:\/\/sovdladelund.de\/wp-content\/uploads\/2022\/10\/DSC02600-225x300.jpg 225w, https:\/\/sovdladelund.de\/wp-content\/uploads\/2022\/10\/DSC02600-1152x1536.jpg 1152w, https:\/\/sovdladelund.de\/wp-content\/uploads\/2022\/10\/DSC02600-1536x2048.jpg 1536w, https:\/\/sovdladelund.de\/wp-content\/uploads\/2022\/10\/DSC02600-1568x2091.jpg 1568w, https:\/\/sovdladelund.de\/wp-content\/uploads\/2022\/10\/DSC02600-scaled.jpg 1920w\" sizes=\"auto, (max-width: 768px) 100vw, 768px\" \/><figcaption class=\"wp-element-caption\">Hans Christian Domeyer<\/figcaption><\/figure>\n\n\n\n<figure class=\"wp-block-image size-large\"><img loading=\"lazy\" decoding=\"async\" width=\"1024\" height=\"768\" data-id=\"380\" src=\"https:\/\/sovdladelund.de\/wp-content\/uploads\/2022\/10\/DSC02606-1024x768.jpg\" alt=\"\" class=\"wp-image-380\" srcset=\"https:\/\/sovdladelund.de\/wp-content\/uploads\/2022\/10\/DSC02606-1024x768.jpg 1024w, https:\/\/sovdladelund.de\/wp-content\/uploads\/2022\/10\/DSC02606-300x225.jpg 300w, https:\/\/sovdladelund.de\/wp-content\/uploads\/2022\/10\/DSC02606-768x576.jpg 768w, https:\/\/sovdladelund.de\/wp-content\/uploads\/2022\/10\/DSC02606-1536x1152.jpg 1536w, https:\/\/sovdladelund.de\/wp-content\/uploads\/2022\/10\/DSC02606-2048x1536.jpg 2048w, https:\/\/sovdladelund.de\/wp-content\/uploads\/2022\/10\/DSC02606-1568x1176.jpg 1568w\" sizes=\"auto, (max-width: 1024px) 100vw, 1024px\" \/><\/figure>\n\n\n\n<figure class=\"wp-block-image size-large\"><img loading=\"lazy\" decoding=\"async\" width=\"1024\" height=\"768\" data-id=\"381\" src=\"https:\/\/sovdladelund.de\/wp-content\/uploads\/2022\/10\/DSC02609-1024x768.jpg\" alt=\"\" class=\"wp-image-381\" srcset=\"https:\/\/sovdladelund.de\/wp-content\/uploads\/2022\/10\/DSC02609-1024x768.jpg 1024w, https:\/\/sovdladelund.de\/wp-content\/uploads\/2022\/10\/DSC02609-300x225.jpg 300w, https:\/\/sovdladelund.de\/wp-content\/uploads\/2022\/10\/DSC02609-768x576.jpg 768w, https:\/\/sovdladelund.de\/wp-content\/uploads\/2022\/10\/DSC02609-1536x1152.jpg 1536w, https:\/\/sovdladelund.de\/wp-content\/uploads\/2022\/10\/DSC02609-2048x1536.jpg 2048w, https:\/\/sovdladelund.de\/wp-content\/uploads\/2022\/10\/DSC02609-1568x1176.jpg 1568w\" sizes=\"auto, (max-width: 1024px) 100vw, 1024px\" \/><\/figure>\n<\/figure>\n\n\n\n<figure class=\"wp-block-image size-large\"><img loading=\"lazy\" decoding=\"async\" width=\"683\" height=\"1024\" src=\"https:\/\/sovdladelund.de\/wp-content\/uploads\/2022\/12\/Adventstreff-2022-186-683x1024.jpg\" alt=\"\" class=\"wp-image-402\" srcset=\"https:\/\/sovdladelund.de\/wp-content\/uploads\/2022\/12\/Adventstreff-2022-186-683x1024.jpg 683w, https:\/\/sovdladelund.de\/wp-content\/uploads\/2022\/12\/Adventstreff-2022-186-200x300.jpg 200w, https:\/\/sovdladelund.de\/wp-content\/uploads\/2022\/12\/Adventstreff-2022-186-768x1152.jpg 768w, https:\/\/sovdladelund.de\/wp-content\/uploads\/2022\/12\/Adventstreff-2022-186-1024x1536.jpg 1024w, https:\/\/sovdladelund.de\/wp-content\/uploads\/2022\/12\/Adventstreff-2022-186-1365x2048.jpg 1365w, https:\/\/sovdladelund.de\/wp-content\/uploads\/2022\/12\/Adventstreff-2022-186-1568x2352.jpg 1568w, https:\/\/sovdladelund.de\/wp-content\/uploads\/2022\/12\/Adventstreff-2022-186-scaled.jpg 1707w\" sizes=\"auto, (max-width: 683px) 100vw, 683px\" \/><\/figure>\n\n\n\n<figure class=\"wp-block-image size-large is-resized\"><img loading=\"lazy\" decoding=\"async\" width=\"1024\" height=\"683\" src=\"https:\/\/sovdladelund.de\/wp-content\/uploads\/2022\/12\/Adventstreff-2022-194-1024x683.jpg\" alt=\"\" class=\"wp-image-406\" style=\"width:492px;height:328px\" srcset=\"https:\/\/sovdladelund.de\/wp-content\/uploads\/2022\/12\/Adventstreff-2022-194-1024x683.jpg 1024w, https:\/\/sovdladelund.de\/wp-content\/uploads\/2022\/12\/Adventstreff-2022-194-300x200.jpg 300w, https:\/\/sovdladelund.de\/wp-content\/uploads\/2022\/12\/Adventstreff-2022-194-768x512.jpg 768w, https:\/\/sovdladelund.de\/wp-content\/uploads\/2022\/12\/Adventstreff-2022-194-1536x1024.jpg 1536w, https:\/\/sovdladelund.de\/wp-content\/uploads\/2022\/12\/Adventstreff-2022-194-2048x1365.jpg 2048w, https:\/\/sovdladelund.de\/wp-content\/uploads\/2022\/12\/Adventstreff-2022-194-1568x1045.jpg 1568w\" sizes=\"auto, (max-width: 1024px) 100vw, 1024px\" \/><\/figure>\n\n\n\n<figure class=\"wp-block-image size-large\"><img loading=\"lazy\" decoding=\"async\" width=\"1024\" height=\"683\" src=\"https:\/\/sovdladelund.de\/wp-content\/uploads\/2022\/12\/Adventstreff-2022-126-1024x683.jpg\" alt=\"\" class=\"wp-image-412\" srcset=\"https:\/\/sovdladelund.de\/wp-content\/uploads\/2022\/12\/Adventstreff-2022-126-1024x683.jpg 1024w, https:\/\/sovdladelund.de\/wp-content\/uploads\/2022\/12\/Adventstreff-2022-126-300x200.jpg 300w, https:\/\/sovdladelund.de\/wp-content\/uploads\/2022\/12\/Adventstreff-2022-126-768x512.jpg 768w, https:\/\/sovdladelund.de\/wp-content\/uploads\/2022\/12\/Adventstreff-2022-126-1536x1024.jpg 1536w, https:\/\/sovdladelund.de\/wp-content\/uploads\/2022\/12\/Adventstreff-2022-126-2048x1365.jpg 2048w, https:\/\/sovdladelund.de\/wp-content\/uploads\/2022\/12\/Adventstreff-2022-126-1568x1045.jpg 1568w\" sizes=\"auto, (max-width: 1024px) 100vw, 1024px\" \/><\/figure>\n\n\n\n<figure class=\"wp-block-image size-large\"><img loading=\"lazy\" decoding=\"async\" width=\"1024\" height=\"683\" src=\"https:\/\/sovdladelund.de\/wp-content\/uploads\/2022\/12\/Adventstreff-2022-118-1024x683.jpg\" alt=\"\" class=\"wp-image-387\" srcset=\"https:\/\/sovdladelund.de\/wp-content\/uploads\/2022\/12\/Adventstreff-2022-118-1024x683.jpg 1024w, https:\/\/sovdladelund.de\/wp-content\/uploads\/2022\/12\/Adventstreff-2022-118-300x200.jpg 300w, https:\/\/sovdladelund.de\/wp-content\/uploads\/2022\/12\/Adventstreff-2022-118-768x512.jpg 768w, https:\/\/sovdladelund.de\/wp-content\/uploads\/2022\/12\/Adventstreff-2022-118-1536x1024.jpg 1536w, https:\/\/sovdladelund.de\/wp-content\/uploads\/2022\/12\/Adventstreff-2022-118-2048x1365.jpg 2048w, https:\/\/sovdladelund.de\/wp-content\/uploads\/2022\/12\/Adventstreff-2022-118-1568x1045.jpg 1568w\" sizes=\"auto, (max-width: 1024px) 100vw, 1024px\" \/><\/figure>\n\n\n\n<figure class=\"wp-block-image size-large\"><img loading=\"lazy\" decoding=\"async\" width=\"1024\" height=\"683\" src=\"https:\/\/sovdladelund.de\/wp-content\/uploads\/2022\/12\/Adventstreff-2022-121-1024x683.jpg\" alt=\"\" class=\"wp-image-388\" srcset=\"https:\/\/sovdladelund.de\/wp-content\/uploads\/2022\/12\/Adventstreff-2022-121-1024x683.jpg 1024w, https:\/\/sovdladelund.de\/wp-content\/uploads\/2022\/12\/Adventstreff-2022-121-300x200.jpg 300w, https:\/\/sovdladelund.de\/wp-content\/uploads\/2022\/12\/Adventstreff-2022-121-768x512.jpg 768w, https:\/\/sovdladelund.de\/wp-content\/uploads\/2022\/12\/Adventstreff-2022-121-1536x1024.jpg 1536w, https:\/\/sovdladelund.de\/wp-content\/uploads\/2022\/12\/Adventstreff-2022-121-2048x1365.jpg 2048w, https:\/\/sovdladelund.de\/wp-content\/uploads\/2022\/12\/Adventstreff-2022-121-1568x1045.jpg 1568w\" sizes=\"auto, (max-width: 1024px) 100vw, 1024px\" \/><\/figure>\n\n\n\n<figure class=\"wp-block-image size-large\"><img loading=\"lazy\" decoding=\"async\" width=\"1024\" height=\"683\" src=\"https:\/\/sovdladelund.de\/wp-content\/uploads\/2022\/12\/Adventstreff-2022-149-1024x683.jpg\" alt=\"\" class=\"wp-image-393\" srcset=\"https:\/\/sovdladelund.de\/wp-content\/uploads\/2022\/12\/Adventstreff-2022-149-1024x683.jpg 1024w, https:\/\/sovdladelund.de\/wp-content\/uploads\/2022\/12\/Adventstreff-2022-149-300x200.jpg 300w, https:\/\/sovdladelund.de\/wp-content\/uploads\/2022\/12\/Adventstreff-2022-149-768x512.jpg 768w, https:\/\/sovdladelund.de\/wp-content\/uploads\/2022\/12\/Adventstreff-2022-149-1536x1024.jpg 1536w, https:\/\/sovdladelund.de\/wp-content\/uploads\/2022\/12\/Adventstreff-2022-149-2048x1365.jpg 2048w, https:\/\/sovdladelund.de\/wp-content\/uploads\/2022\/12\/Adventstreff-2022-149-1568x1045.jpg 1568w\" sizes=\"auto, (max-width: 1024px) 100vw, 1024px\" \/><\/figure>\n\n\n\n<figure class=\"wp-block-image size-large\"><img loading=\"lazy\" decoding=\"async\" width=\"1024\" height=\"683\" src=\"https:\/\/sovdladelund.de\/wp-content\/uploads\/2023\/01\/Adventstreff-2022-176-1024x683.jpg\" alt=\"\" class=\"wp-image-418\" srcset=\"https:\/\/sovdladelund.de\/wp-content\/uploads\/2023\/01\/Adventstreff-2022-176-1024x683.jpg 1024w, https:\/\/sovdladelund.de\/wp-content\/uploads\/2023\/01\/Adventstreff-2022-176-300x200.jpg 300w, https:\/\/sovdladelund.de\/wp-content\/uploads\/2023\/01\/Adventstreff-2022-176-768x512.jpg 768w, https:\/\/sovdladelund.de\/wp-content\/uploads\/2023\/01\/Adventstreff-2022-176-1536x1024.jpg 1536w, https:\/\/sovdladelund.de\/wp-content\/uploads\/2023\/01\/Adventstreff-2022-176-2048x1365.jpg 2048w, https:\/\/sovdladelund.de\/wp-content\/uploads\/2023\/01\/Adventstreff-2022-176-1568x1045.jpg 1568w\" sizes=\"auto, (max-width: 1024px) 100vw, 1024px\" \/><\/figure>\n\n\n\n<figure class=\"wp-block-image size-large\"><img loading=\"lazy\" decoding=\"async\" width=\"1024\" height=\"683\" src=\"https:\/\/sovdladelund.de\/wp-content\/uploads\/2023\/01\/Adventstreff-2022-172-1024x683.jpg\" alt=\"\" class=\"wp-image-420\" srcset=\"https:\/\/sovdladelund.de\/wp-content\/uploads\/2023\/01\/Adventstreff-2022-172-1024x683.jpg 1024w, https:\/\/sovdladelund.de\/wp-content\/uploads\/2023\/01\/Adventstreff-2022-172-300x200.jpg 300w, https:\/\/sovdladelund.de\/wp-content\/uploads\/2023\/01\/Adventstreff-2022-172-768x512.jpg 768w, https:\/\/sovdladelund.de\/wp-content\/uploads\/2023\/01\/Adventstreff-2022-172-1536x1024.jpg 1536w, https:\/\/sovdladelund.de\/wp-content\/uploads\/2023\/01\/Adventstreff-2022-172-2048x1365.jpg 2048w, https:\/\/sovdladelund.de\/wp-content\/uploads\/2023\/01\/Adventstreff-2022-172-1568x1045.jpg 1568w\" sizes=\"auto, (max-width: 1024px) 100vw, 1024px\" \/><\/figure>\n\n\n\n<figure class=\"wp-block-image size-large\"><img loading=\"lazy\" decoding=\"async\" width=\"1024\" height=\"683\" src=\"https:\/\/sovdladelund.de\/wp-content\/uploads\/2023\/01\/Adventstreff-2022-117-1024x683.jpg\" alt=\"\" class=\"wp-image-422\" srcset=\"https:\/\/sovdladelund.de\/wp-content\/uploads\/2023\/01\/Adventstreff-2022-117-1024x683.jpg 1024w, https:\/\/sovdladelund.de\/wp-content\/uploads\/2023\/01\/Adventstreff-2022-117-300x200.jpg 300w, https:\/\/sovdladelund.de\/wp-content\/uploads\/2023\/01\/Adventstreff-2022-117-768x512.jpg 768w, https:\/\/sovdladelund.de\/wp-content\/uploads\/2023\/01\/Adventstreff-2022-117-1536x1024.jpg 1536w, https:\/\/sovdladelund.de\/wp-content\/uploads\/2023\/01\/Adventstreff-2022-117-2048x1365.jpg 2048w, https:\/\/sovdladelund.de\/wp-content\/uploads\/2023\/01\/Adventstreff-2022-117-1568x1045.jpg 1568w\" sizes=\"auto, (max-width: 1024px) 100vw, 1024px\" \/><\/figure>\n\n\n\n<figure class=\"wp-block-image size-large\"><img loading=\"lazy\" decoding=\"async\" width=\"1024\" height=\"683\" src=\"https:\/\/sovdladelund.de\/wp-content\/uploads\/2023\/01\/Adventstreff-2022-147-1024x683.jpg\" alt=\"\" class=\"wp-image-425\" srcset=\"https:\/\/sovdladelund.de\/wp-content\/uploads\/2023\/01\/Adventstreff-2022-147-1024x683.jpg 1024w, https:\/\/sovdladelund.de\/wp-content\/uploads\/2023\/01\/Adventstreff-2022-147-300x200.jpg 300w, https:\/\/sovdladelund.de\/wp-content\/uploads\/2023\/01\/Adventstreff-2022-147-768x512.jpg 768w, https:\/\/sovdladelund.de\/wp-content\/uploads\/2023\/01\/Adventstreff-2022-147-1536x1024.jpg 1536w, https:\/\/sovdladelund.de\/wp-content\/uploads\/2023\/01\/Adventstreff-2022-147-2048x1365.jpg 2048w, https:\/\/sovdladelund.de\/wp-content\/uploads\/2023\/01\/Adventstreff-2022-147-1568x1045.jpg 1568w\" sizes=\"auto, (max-width: 1024px) 100vw, 1024px\" \/><\/figure>\n\n\n\n<figure class=\"wp-block-image size-large\"><img loading=\"lazy\" decoding=\"async\" width=\"1024\" height=\"683\" src=\"https:\/\/sovdladelund.de\/wp-content\/uploads\/2023\/01\/Adventstreff-2022-163-1024x683.jpg\" alt=\"\" class=\"wp-image-427\" srcset=\"https:\/\/sovdladelund.de\/wp-content\/uploads\/2023\/01\/Adventstreff-2022-163-1024x683.jpg 1024w, https:\/\/sovdladelund.de\/wp-content\/uploads\/2023\/01\/Adventstreff-2022-163-300x200.jpg 300w, https:\/\/sovdladelund.de\/wp-content\/uploads\/2023\/01\/Adventstreff-2022-163-768x512.jpg 768w, https:\/\/sovdladelund.de\/wp-content\/uploads\/2023\/01\/Adventstreff-2022-163-1536x1024.jpg 1536w, https:\/\/sovdladelund.de\/wp-content\/uploads\/2023\/01\/Adventstreff-2022-163-2048x1365.jpg 2048w, https:\/\/sovdladelund.de\/wp-content\/uploads\/2023\/01\/Adventstreff-2022-163-1568x1045.jpg 1568w\" sizes=\"auto, (max-width: 1024px) 100vw, 1024px\" \/><\/figure>\n\n\n\n<figure class=\"wp-block-image size-large\"><img loading=\"lazy\" decoding=\"async\" width=\"1024\" height=\"683\" src=\"https:\/\/sovdladelund.de\/wp-content\/uploads\/2023\/01\/Adventstreff-2022-130-1024x683.jpg\" alt=\"\" class=\"wp-image-430\" srcset=\"https:\/\/sovdladelund.de\/wp-content\/uploads\/2023\/01\/Adventstreff-2022-130-1024x683.jpg 1024w, https:\/\/sovdladelund.de\/wp-content\/uploads\/2023\/01\/Adventstreff-2022-130-300x200.jpg 300w, https:\/\/sovdladelund.de\/wp-content\/uploads\/2023\/01\/Adventstreff-2022-130-768x512.jpg 768w, https:\/\/sovdladelund.de\/wp-content\/uploads\/2023\/01\/Adventstreff-2022-130-1536x1024.jpg 1536w, https:\/\/sovdladelund.de\/wp-content\/uploads\/2023\/01\/Adventstreff-2022-130-2048x1365.jpg 2048w, https:\/\/sovdladelund.de\/wp-content\/uploads\/2023\/01\/Adventstreff-2022-130-1568x1045.jpg 1568w\" sizes=\"auto, (max-width: 1024px) 100vw, 1024px\" \/><\/figure>\n<\/div>\n<\/div>\n\n\n\n<figure class=\"wp-block-gallery aligncenter has-nested-images columns-default is-cropped wp-block-gallery-8 is-layout-flex wp-block-gallery-is-layout-flex\">\n<figure class=\"wp-block-image size-large\"><img loading=\"lazy\" decoding=\"async\" width=\"768\" height=\"1024\" data-id=\"293\" src=\"https:\/\/sovdladelund.de\/wp-content\/uploads\/2022\/08\/IMG-20220817-WA0006-768x1024.jpg\" alt=\"\" class=\"wp-image-293\" srcset=\"https:\/\/sovdladelund.de\/wp-content\/uploads\/2022\/08\/IMG-20220817-WA0006-768x1024.jpg 768w, https:\/\/sovdladelund.de\/wp-content\/uploads\/2022\/08\/IMG-20220817-WA0006-225x300.jpg 225w, https:\/\/sovdladelund.de\/wp-content\/uploads\/2022\/08\/IMG-20220817-WA0006-1152x1536.jpg 1152w, https:\/\/sovdladelund.de\/wp-content\/uploads\/2022\/08\/IMG-20220817-WA0006.jpg 1200w\" sizes=\"auto, (max-width: 768px) 100vw, 768px\" \/><\/figure>\n\n\n\n<figure class=\"wp-block-image size-large\"><img loading=\"lazy\" decoding=\"async\" width=\"768\" height=\"1024\" data-id=\"295\" src=\"https:\/\/sovdladelund.de\/wp-content\/uploads\/2022\/08\/IMG-20220817-WA0009-768x1024.jpg\" alt=\"\" class=\"wp-image-295\" srcset=\"https:\/\/sovdladelund.de\/wp-content\/uploads\/2022\/08\/IMG-20220817-WA0009-768x1024.jpg 768w, https:\/\/sovdladelund.de\/wp-content\/uploads\/2022\/08\/IMG-20220817-WA0009-225x300.jpg 225w, https:\/\/sovdladelund.de\/wp-content\/uploads\/2022\/08\/IMG-20220817-WA0009-1152x1536.jpg 1152w, https:\/\/sovdladelund.de\/wp-content\/uploads\/2022\/08\/IMG-20220817-WA0009.jpg 1200w\" sizes=\"auto, (max-width: 768px) 100vw, 768px\" \/><\/figure>\n\n\n\n<figure class=\"wp-block-image size-large\"><img loading=\"lazy\" decoding=\"async\" width=\"768\" height=\"1024\" data-id=\"297\" src=\"https:\/\/sovdladelund.de\/wp-content\/uploads\/2022\/08\/IMG-20220817-WA0015-768x1024.jpg\" alt=\"\" class=\"wp-image-297\" srcset=\"https:\/\/sovdladelund.de\/wp-content\/uploads\/2022\/08\/IMG-20220817-WA0015-768x1024.jpg 768w, https:\/\/sovdladelund.de\/wp-content\/uploads\/2022\/08\/IMG-20220817-WA0015-225x300.jpg 225w, https:\/\/sovdladelund.de\/wp-content\/uploads\/2022\/08\/IMG-20220817-WA0015-1152x1536.jpg 1152w, https:\/\/sovdladelund.de\/wp-content\/uploads\/2022\/08\/IMG-20220817-WA0015.jpg 1200w\" sizes=\"auto, (max-width: 768px) 100vw, 768px\" \/><\/figure>\n<\/figure>\n\n\n\n<figure class=\"wp-block-image size-large\"><img loading=\"lazy\" decoding=\"async\" width=\"1024\" height=\"1024\" src=\"https:\/\/sovdladelund.de\/wp-content\/uploads\/2022\/08\/20220817_094209-1024x1024.jpg\" alt=\"\" class=\"wp-image-299\" srcset=\"https:\/\/sovdladelund.de\/wp-content\/uploads\/2022\/08\/20220817_094209-1024x1024.jpg 1024w, https:\/\/sovdladelund.de\/wp-content\/uploads\/2022\/08\/20220817_094209-300x300.jpg 300w, https:\/\/sovdladelund.de\/wp-content\/uploads\/2022\/08\/20220817_094209-150x150.jpg 150w, https:\/\/sovdladelund.de\/wp-content\/uploads\/2022\/08\/20220817_094209-768x768.jpg 768w, https:\/\/sovdladelund.de\/wp-content\/uploads\/2022\/08\/20220817_094209-1536x1536.jpg 1536w, https:\/\/sovdladelund.de\/wp-content\/uploads\/2022\/08\/20220817_094209-2048x2048.jpg 2048w, https:\/\/sovdladelund.de\/wp-content\/uploads\/2022\/08\/20220817_094209-1568x1568.jpg 1568w\" sizes=\"auto, (max-width: 1024px) 100vw, 1024px\" \/><\/figure>\n\n\n\n<figure class=\"wp-block-gallery has-nested-images columns-default is-cropped wp-block-gallery-9 is-layout-flex wp-block-gallery-is-layout-flex\">\n<figure class=\"wp-block-image size-large\"><img loading=\"lazy\" decoding=\"async\" width=\"1024\" height=\"1024\" data-id=\"302\" src=\"https:\/\/sovdladelund.de\/wp-content\/uploads\/2022\/08\/20220816_103733-1024x1024.jpg\" alt=\"\" class=\"wp-image-302\" srcset=\"https:\/\/sovdladelund.de\/wp-content\/uploads\/2022\/08\/20220816_103733-1024x1024.jpg 1024w, https:\/\/sovdladelund.de\/wp-content\/uploads\/2022\/08\/20220816_103733-300x300.jpg 300w, https:\/\/sovdladelund.de\/wp-content\/uploads\/2022\/08\/20220816_103733-150x150.jpg 150w, https:\/\/sovdladelund.de\/wp-content\/uploads\/2022\/08\/20220816_103733-768x768.jpg 768w, https:\/\/sovdladelund.de\/wp-content\/uploads\/2022\/08\/20220816_103733-1536x1536.jpg 1536w, https:\/\/sovdladelund.de\/wp-content\/uploads\/2022\/08\/20220816_103733-2048x2048.jpg 2048w, https:\/\/sovdladelund.de\/wp-content\/uploads\/2022\/08\/20220816_103733-1568x1568.jpg 1568w\" sizes=\"auto, (max-width: 1024px) 100vw, 1024px\" \/><\/figure>\n\n\n\n<figure class=\"wp-block-image size-large\"><img loading=\"lazy\" decoding=\"async\" width=\"1024\" height=\"1024\" data-id=\"301\" src=\"https:\/\/sovdladelund.de\/wp-content\/uploads\/2022\/08\/20220817_095503-1024x1024.jpg\" alt=\"\" class=\"wp-image-301\" srcset=\"https:\/\/sovdladelund.de\/wp-content\/uploads\/2022\/08\/20220817_095503-1024x1024.jpg 1024w, https:\/\/sovdladelund.de\/wp-content\/uploads\/2022\/08\/20220817_095503-300x300.jpg 300w, https:\/\/sovdladelund.de\/wp-content\/uploads\/2022\/08\/20220817_095503-150x150.jpg 150w, https:\/\/sovdladelund.de\/wp-content\/uploads\/2022\/08\/20220817_095503-768x768.jpg 768w, https:\/\/sovdladelund.de\/wp-content\/uploads\/2022\/08\/20220817_095503-1536x1536.jpg 1536w, https:\/\/sovdladelund.de\/wp-content\/uploads\/2022\/08\/20220817_095503-2048x2048.jpg 2048w, https:\/\/sovdladelund.de\/wp-content\/uploads\/2022\/08\/20220817_095503-1568x1568.jpg 1568w\" sizes=\"auto, (max-width: 1024px) 100vw, 1024px\" \/><\/figure>\n\n\n\n<figure class=\"wp-block-image size-large\"><img loading=\"lazy\" decoding=\"async\" width=\"1024\" height=\"1024\" data-id=\"303\" src=\"https:\/\/sovdladelund.de\/wp-content\/uploads\/2022\/08\/20220817_101018-1024x1024.jpg\" alt=\"\" class=\"wp-image-303\" srcset=\"https:\/\/sovdladelund.de\/wp-content\/uploads\/2022\/08\/20220817_101018-1024x1024.jpg 1024w, https:\/\/sovdladelund.de\/wp-content\/uploads\/2022\/08\/20220817_101018-300x300.jpg 300w, https:\/\/sovdladelund.de\/wp-content\/uploads\/2022\/08\/20220817_101018-150x150.jpg 150w, https:\/\/sovdladelund.de\/wp-content\/uploads\/2022\/08\/20220817_101018-768x768.jpg 768w, https:\/\/sovdladelund.de\/wp-content\/uploads\/2022\/08\/20220817_101018-1536x1536.jpg 1536w, https:\/\/sovdladelund.de\/wp-content\/uploads\/2022\/08\/20220817_101018-2048x2048.jpg 2048w, https:\/\/sovdladelund.de\/wp-content\/uploads\/2022\/08\/20220817_101018-1568x1568.jpg 1568w\" sizes=\"auto, (max-width: 1024px) 100vw, 1024px\" \/><\/figure>\n<\/figure>\n\n\n\n<figure class=\"wp-block-gallery has-nested-images columns-default is-cropped wp-block-gallery-10 is-layout-flex wp-block-gallery-is-layout-flex\">\n<figure class=\"wp-block-image size-large\"><img loading=\"lazy\" decoding=\"async\" width=\"768\" height=\"1024\" data-id=\"309\" src=\"https:\/\/sovdladelund.de\/wp-content\/uploads\/2022\/08\/IMG-20220817-WA0008-768x1024.jpg\" alt=\"\" class=\"wp-image-309\" srcset=\"https:\/\/sovdladelund.de\/wp-content\/uploads\/2022\/08\/IMG-20220817-WA0008-768x1024.jpg 768w, https:\/\/sovdladelund.de\/wp-content\/uploads\/2022\/08\/IMG-20220817-WA0008-225x300.jpg 225w, https:\/\/sovdladelund.de\/wp-content\/uploads\/2022\/08\/IMG-20220817-WA0008-1152x1536.jpg 1152w, https:\/\/sovdladelund.de\/wp-content\/uploads\/2022\/08\/IMG-20220817-WA0008.jpg 1200w\" sizes=\"auto, (max-width: 768px) 100vw, 768px\" \/><\/figure>\n\n\n\n<figure class=\"wp-block-image size-large\"><img loading=\"lazy\" decoding=\"async\" width=\"768\" height=\"1024\" data-id=\"308\" src=\"https:\/\/sovdladelund.de\/wp-content\/uploads\/2022\/08\/IMG-20220817-WA0009-1-768x1024.jpg\" alt=\"\" class=\"wp-image-308\" srcset=\"https:\/\/sovdladelund.de\/wp-content\/uploads\/2022\/08\/IMG-20220817-WA0009-1-768x1024.jpg 768w, https:\/\/sovdladelund.de\/wp-content\/uploads\/2022\/08\/IMG-20220817-WA0009-1-225x300.jpg 225w, https:\/\/sovdladelund.de\/wp-content\/uploads\/2022\/08\/IMG-20220817-WA0009-1-1152x1536.jpg 1152w, https:\/\/sovdladelund.de\/wp-content\/uploads\/2022\/08\/IMG-20220817-WA0009-1.jpg 1200w\" sizes=\"auto, (max-width: 768px) 100vw, 768px\" \/><\/figure>\n\n\n\n<figure class=\"wp-block-image size-large\"><img loading=\"lazy\" decoding=\"async\" width=\"768\" height=\"1024\" data-id=\"311\" src=\"https:\/\/sovdladelund.de\/wp-content\/uploads\/2022\/08\/IMG-20220817-WA0011-768x1024.jpg\" alt=\"\" class=\"wp-image-311\" srcset=\"https:\/\/sovdladelund.de\/wp-content\/uploads\/2022\/08\/IMG-20220817-WA0011-768x1024.jpg 768w, https:\/\/sovdladelund.de\/wp-content\/uploads\/2022\/08\/IMG-20220817-WA0011-225x300.jpg 225w, https:\/\/sovdladelund.de\/wp-content\/uploads\/2022\/08\/IMG-20220817-WA0011-1152x1536.jpg 1152w, https:\/\/sovdladelund.de\/wp-content\/uploads\/2022\/08\/IMG-20220817-WA0011.jpg 1200w\" sizes=\"auto, (max-width: 768px) 100vw, 768px\" \/><\/figure>\n\n\n\n<figure class=\"wp-block-image size-large\"><img loading=\"lazy\" decoding=\"async\" width=\"768\" height=\"1024\" data-id=\"307\" src=\"https:\/\/sovdladelund.de\/wp-content\/uploads\/2022\/08\/IMG-20220817-WA0012-768x1024.jpg\" alt=\"\" class=\"wp-image-307\" srcset=\"https:\/\/sovdladelund.de\/wp-content\/uploads\/2022\/08\/IMG-20220817-WA0012-768x1024.jpg 768w, https:\/\/sovdladelund.de\/wp-content\/uploads\/2022\/08\/IMG-20220817-WA0012-225x300.jpg 225w, https:\/\/sovdladelund.de\/wp-content\/uploads\/2022\/08\/IMG-20220817-WA0012-1152x1536.jpg 1152w, https:\/\/sovdladelund.de\/wp-content\/uploads\/2022\/08\/IMG-20220817-WA0012.jpg 1200w\" sizes=\"auto, (max-width: 768px) 100vw, 768px\" \/><\/figure>\n\n\n\n<figure class=\"wp-block-image size-large\"><img loading=\"lazy\" decoding=\"async\" width=\"768\" height=\"1024\" data-id=\"310\" src=\"https:\/\/sovdladelund.de\/wp-content\/uploads\/2022\/08\/IMG-20220817-WA0015-1-768x1024.jpg\" alt=\"\" class=\"wp-image-310\" srcset=\"https:\/\/sovdladelund.de\/wp-content\/uploads\/2022\/08\/IMG-20220817-WA0015-1-768x1024.jpg 768w, https:\/\/sovdladelund.de\/wp-content\/uploads\/2022\/08\/IMG-20220817-WA0015-1-225x300.jpg 225w, https:\/\/sovdladelund.de\/wp-content\/uploads\/2022\/08\/IMG-20220817-WA0015-1-1152x1536.jpg 1152w, https:\/\/sovdladelund.de\/wp-content\/uploads\/2022\/08\/IMG-20220817-WA0015-1.jpg 1200w\" sizes=\"auto, (max-width: 768px) 100vw, 768px\" \/><\/figure>\n\n\n\n<figure class=\"wp-block-image size-large\"><img loading=\"lazy\" decoding=\"async\" width=\"768\" height=\"1024\" data-id=\"313\" src=\"https:\/\/sovdladelund.de\/wp-content\/uploads\/2022\/08\/IMG-20220817-WA0021-768x1024.jpg\" alt=\"\" class=\"wp-image-313\" srcset=\"https:\/\/sovdladelund.de\/wp-content\/uploads\/2022\/08\/IMG-20220817-WA0021-768x1024.jpg 768w, https:\/\/sovdladelund.de\/wp-content\/uploads\/2022\/08\/IMG-20220817-WA0021-225x300.jpg 225w, https:\/\/sovdladelund.de\/wp-content\/uploads\/2022\/08\/IMG-20220817-WA0021-1152x1536.jpg 1152w, https:\/\/sovdladelund.de\/wp-content\/uploads\/2022\/08\/IMG-20220817-WA0021.jpg 1200w\" sizes=\"auto, (max-width: 768px) 100vw, 768px\" \/><\/figure>\n\n\n\n<figure class=\"wp-block-image size-large\"><img loading=\"lazy\" decoding=\"async\" width=\"768\" height=\"1024\" data-id=\"314\" src=\"https:\/\/sovdladelund.de\/wp-content\/uploads\/2022\/08\/IMG-20220817-WA0023-768x1024.jpg\" alt=\"\" class=\"wp-image-314\" srcset=\"https:\/\/sovdladelund.de\/wp-content\/uploads\/2022\/08\/IMG-20220817-WA0023-768x1024.jpg 768w, https:\/\/sovdladelund.de\/wp-content\/uploads\/2022\/08\/IMG-20220817-WA0023-225x300.jpg 225w, https:\/\/sovdladelund.de\/wp-content\/uploads\/2022\/08\/IMG-20220817-WA0023-1152x1536.jpg 1152w, https:\/\/sovdladelund.de\/wp-content\/uploads\/2022\/08\/IMG-20220817-WA0023.jpg 1200w\" sizes=\"auto, (max-width: 768px) 100vw, 768px\" \/><\/figure>\n<\/figure>\n\n\n\n<figure class=\"wp-block-gallery has-nested-images columns-default is-cropped wp-block-gallery-11 is-layout-flex wp-block-gallery-is-layout-flex\">\n<figure class=\"wp-block-image size-large\"><img loading=\"lazy\" decoding=\"async\" width=\"768\" height=\"1024\" data-id=\"306\" src=\"https:\/\/sovdladelund.de\/wp-content\/uploads\/2022\/08\/IMG-20220817-WA0018-768x1024.jpg\" alt=\"\" class=\"wp-image-306\" srcset=\"https:\/\/sovdladelund.de\/wp-content\/uploads\/2022\/08\/IMG-20220817-WA0018-768x1024.jpg 768w, https:\/\/sovdladelund.de\/wp-content\/uploads\/2022\/08\/IMG-20220817-WA0018-225x300.jpg 225w, https:\/\/sovdladelund.de\/wp-content\/uploads\/2022\/08\/IMG-20220817-WA0018-1152x1536.jpg 1152w, https:\/\/sovdladelund.de\/wp-content\/uploads\/2022\/08\/IMG-20220817-WA0018.jpg 1200w\" sizes=\"auto, (max-width: 768px) 100vw, 768px\" \/><\/figure>\n<\/figure>\n\n\n\n<figure class=\"wp-block-image\"><img loading=\"lazy\" decoding=\"async\" width=\"2560\" height=\"1707\" src=\"https:\/\/sovdladelund.de\/wp-content\/uploads\/2024\/03\/Maerz-2024-001-scaled.jpg\" alt=\"\" class=\"wp-image-511\" srcset=\"https:\/\/sovdladelund.de\/wp-content\/uploads\/2024\/03\/Maerz-2024-001-scaled.jpg 2560w, https:\/\/sovdladelund.de\/wp-content\/uploads\/2024\/03\/Maerz-2024-001-300x200.jpg 300w, https:\/\/sovdladelund.de\/wp-content\/uploads\/2024\/03\/Maerz-2024-001-1024x683.jpg 1024w, https:\/\/sovdladelund.de\/wp-content\/uploads\/2024\/03\/Maerz-2024-001-768x512.jpg 768w, https:\/\/sovdladelund.de\/wp-content\/uploads\/2024\/03\/Maerz-2024-001-1536x1024.jpg 1536w, https:\/\/sovdladelund.de\/wp-content\/uploads\/2024\/03\/Maerz-2024-001-2048x1365.jpg 2048w, https:\/\/sovdladelund.de\/wp-content\/uploads\/2024\/03\/Maerz-2024-001-1568x1045.jpg 1568w\" sizes=\"auto, (max-width: 2560px) 100vw, 2560px\" \/><\/figure>\n","protected":false},"excerpt":{"rendered":"<p>Oh wie war das sch\u00f6n, daher haben wir auch eine R\u00fcckblende. Tipp: mit Rechtsklick auf Bild, in neuem Tab \u00f6ffnen seht ihr das ganze Bild<\/p>\n","protected":false},"author":1,"featured_media":0,"parent":0,"menu_order":0,"comment_status":"closed","ping_status":"closed","template":"","meta":{"footnotes":""},"class_list":["post-245","page","type-page","status-publish","hentry","entry"],"yoast_head":"<!-- This site is optimized with the Yoast SEO plugin v25.5 - https:\/\/yoast.com\/wordpress\/plugins\/seo\/ -->\n<title>Bildergalerie - Sozialverband Ladelund<\/title>\n<meta name=\"robots\" content=\"index, follow, max-snippet:-1, max-image-preview:large, max-video-preview:-1\" \/>\n<link rel=\"canonical\" href=\"https:\/\/sovdladelund.de\/index.php\/bildergalerie\/\" \/>\n<meta property=\"og:locale\" content=\"de_DE\" \/>\n<meta property=\"og:type\" content=\"article\" \/>\n<meta property=\"og:title\" content=\"Bildergalerie - Sozialverband Ladelund\" \/>\n<meta property=\"og:description\" content=\"Oh wie war das sch\u00f6n, daher haben wir auch eine R\u00fcckblende. Tipp: mit Rechtsklick auf Bild, in neuem Tab \u00f6ffnen seht ihr das ganze Bild\" \/>\n<meta property=\"og:url\" content=\"https:\/\/sovdladelund.de\/index.php\/bildergalerie\/\" \/>\n<meta property=\"og:site_name\" content=\"Sozialverband Ladelund\" \/>\n<meta property=\"article:publisher\" content=\"https:\/\/www.facebook.com\/groups\/381158450765117\" \/>\n<meta property=\"article:modified_time\" content=\"2024-03-14T12:19:54+00:00\" \/>\n<meta property=\"og:image\" content=\"https:\/\/sovdladelund.de\/wp-content\/uploads\/2022\/08\/IMG-20220521-WA0005.jpg\" \/>\n<meta name=\"twitter:card\" content=\"summary_large_image\" \/>\n<meta name=\"twitter:label1\" content=\"Gesch\u00e4tzte Lesezeit\" \/>\n\t<meta name=\"twitter:data1\" content=\"20\u00a0Minuten\" \/>\n<script type=\"application\/ld+json\" class=\"yoast-schema-graph\">{\"@context\":\"https:\/\/schema.org\",\"@graph\":[{\"@type\":\"WebPage\",\"@id\":\"https:\/\/sovdladelund.de\/index.php\/bildergalerie\/\",\"url\":\"https:\/\/sovdladelund.de\/index.php\/bildergalerie\/\",\"name\":\"Bildergalerie - Sozialverband Ladelund\",\"isPartOf\":{\"@id\":\"https:\/\/sovdladelund.de\/#website\"},\"primaryImageOfPage\":{\"@id\":\"https:\/\/sovdladelund.de\/index.php\/bildergalerie\/#primaryimage\"},\"image\":{\"@id\":\"https:\/\/sovdladelund.de\/index.php\/bildergalerie\/#primaryimage\"},\"thumbnailUrl\":\"https:\/\/sovdladelund.de\/wp-content\/uploads\/2022\/08\/IMG-20220521-WA0005.jpg\",\"datePublished\":\"2022-08-12T12:00:45+00:00\",\"dateModified\":\"2024-03-14T12:19:54+00:00\",\"breadcrumb\":{\"@id\":\"https:\/\/sovdladelund.de\/index.php\/bildergalerie\/#breadcrumb\"},\"inLanguage\":\"de\",\"potentialAction\":[{\"@type\":\"ReadAction\",\"target\":[\"https:\/\/sovdladelund.de\/index.php\/bildergalerie\/\"]}]},{\"@type\":\"ImageObject\",\"inLanguage\":\"de\",\"@id\":\"https:\/\/sovdladelund.de\/index.php\/bildergalerie\/#primaryimage\",\"url\":\"https:\/\/sovdladelund.de\/wp-content\/uploads\/2022\/08\/IMG-20220521-WA0005.jpg\",\"contentUrl\":\"https:\/\/sovdladelund.de\/wp-content\/uploads\/2022\/08\/IMG-20220521-WA0005.jpg\",\"width\":899,\"height\":1599,\"caption\":\"Unser Stand zum Schubkarrenrennen in Ladelund\"},{\"@type\":\"BreadcrumbList\",\"@id\":\"https:\/\/sovdladelund.de\/index.php\/bildergalerie\/#breadcrumb\",\"itemListElement\":[{\"@type\":\"ListItem\",\"position\":1,\"name\":\"Startseite\",\"item\":\"https:\/\/sovdladelund.de\/\"},{\"@type\":\"ListItem\",\"position\":2,\"name\":\"Bildergalerie\"}]},{\"@type\":\"WebSite\",\"@id\":\"https:\/\/sovdladelund.de\/#website\",\"url\":\"https:\/\/sovdladelund.de\/\",\"name\":\"Sozialverband Ladelund\",\"description\":\"Gemeinsam sind wir b\u00e4renstark\",\"publisher\":{\"@id\":\"https:\/\/sovdladelund.de\/#organization\"},\"potentialAction\":[{\"@type\":\"SearchAction\",\"target\":{\"@type\":\"EntryPoint\",\"urlTemplate\":\"https:\/\/sovdladelund.de\/?s={search_term_string}\"},\"query-input\":{\"@type\":\"PropertyValueSpecification\",\"valueRequired\":true,\"valueName\":\"search_term_string\"}}],\"inLanguage\":\"de\"},{\"@type\":\"Organization\",\"@id\":\"https:\/\/sovdladelund.de\/#organization\",\"name\":\"Sozialverband Ladelund\",\"url\":\"https:\/\/sovdladelund.de\/\",\"logo\":{\"@type\":\"ImageObject\",\"inLanguage\":\"de\",\"@id\":\"https:\/\/sovdladelund.de\/#\/schema\/logo\/image\/\",\"url\":\"https:\/\/sovdladelund.de\/wp-content\/uploads\/2022\/10\/sovd-logo-1.png\",\"contentUrl\":\"https:\/\/sovdladelund.de\/wp-content\/uploads\/2022\/10\/sovd-logo-1.png\",\"width\":161,\"height\":78,\"caption\":\"Sozialverband Ladelund\"},\"image\":{\"@id\":\"https:\/\/sovdladelund.de\/#\/schema\/logo\/image\/\"},\"sameAs\":[\"https:\/\/www.facebook.com\/groups\/381158450765117\"]}]}<\/script>\n<!-- \/ Yoast SEO plugin. -->","yoast_head_json":{"title":"Bildergalerie - Sozialverband Ladelund","robots":{"index":"index","follow":"follow","max-snippet":"max-snippet:-1","max-image-preview":"max-image-preview:large","max-video-preview":"max-video-preview:-1"},"canonical":"https:\/\/sovdladelund.de\/index.php\/bildergalerie\/","og_locale":"de_DE","og_type":"article","og_title":"Bildergalerie - Sozialverband Ladelund","og_description":"Oh wie war das sch\u00f6n, daher haben wir auch eine R\u00fcckblende. Tipp: mit Rechtsklick auf Bild, in neuem Tab \u00f6ffnen seht ihr das ganze Bild","og_url":"https:\/\/sovdladelund.de\/index.php\/bildergalerie\/","og_site_name":"Sozialverband Ladelund","article_publisher":"https:\/\/www.facebook.com\/groups\/381158450765117","article_modified_time":"2024-03-14T12:19:54+00:00","og_image":[{"url":"https:\/\/sovdladelund.de\/wp-content\/uploads\/2022\/08\/IMG-20220521-WA0005.jpg","type":"","width":"","height":""}],"twitter_card":"summary_large_image","twitter_misc":{"Gesch\u00e4tzte Lesezeit":"20\u00a0Minuten"},"schema":{"@context":"https:\/\/schema.org","@graph":[{"@type":"WebPage","@id":"https:\/\/sovdladelund.de\/index.php\/bildergalerie\/","url":"https:\/\/sovdladelund.de\/index.php\/bildergalerie\/","name":"Bildergalerie - Sozialverband Ladelund","isPartOf":{"@id":"https:\/\/sovdladelund.de\/#website"},"primaryImageOfPage":{"@id":"https:\/\/sovdladelund.de\/index.php\/bildergalerie\/#primaryimage"},"image":{"@id":"https:\/\/sovdladelund.de\/index.php\/bildergalerie\/#primaryimage"},"thumbnailUrl":"https:\/\/sovdladelund.de\/wp-content\/uploads\/2022\/08\/IMG-20220521-WA0005.jpg","datePublished":"2022-08-12T12:00:45+00:00","dateModified":"2024-03-14T12:19:54+00:00","breadcrumb":{"@id":"https:\/\/sovdladelund.de\/index.php\/bildergalerie\/#breadcrumb"},"inLanguage":"de","potentialAction":[{"@type":"ReadAction","target":["https:\/\/sovdladelund.de\/index.php\/bildergalerie\/"]}]},{"@type":"ImageObject","inLanguage":"de","@id":"https:\/\/sovdladelund.de\/index.php\/bildergalerie\/#primaryimage","url":"https:\/\/sovdladelund.de\/wp-content\/uploads\/2022\/08\/IMG-20220521-WA0005.jpg","contentUrl":"https:\/\/sovdladelund.de\/wp-content\/uploads\/2022\/08\/IMG-20220521-WA0005.jpg","width":899,"height":1599,"caption":"Unser Stand zum Schubkarrenrennen in Ladelund"},{"@type":"BreadcrumbList","@id":"https:\/\/sovdladelund.de\/index.php\/bildergalerie\/#breadcrumb","itemListElement":[{"@type":"ListItem","position":1,"name":"Startseite","item":"https:\/\/sovdladelund.de\/"},{"@type":"ListItem","position":2,"name":"Bildergalerie"}]},{"@type":"WebSite","@id":"https:\/\/sovdladelund.de\/#website","url":"https:\/\/sovdladelund.de\/","name":"Sozialverband Ladelund","description":"Gemeinsam sind wir b\u00e4renstark","publisher":{"@id":"https:\/\/sovdladelund.de\/#organization"},"potentialAction":[{"@type":"SearchAction","target":{"@type":"EntryPoint","urlTemplate":"https:\/\/sovdladelund.de\/?s={search_term_string}"},"query-input":{"@type":"PropertyValueSpecification","valueRequired":true,"valueName":"search_term_string"}}],"inLanguage":"de"},{"@type":"Organization","@id":"https:\/\/sovdladelund.de\/#organization","name":"Sozialverband Ladelund","url":"https:\/\/sovdladelund.de\/","logo":{"@type":"ImageObject","inLanguage":"de","@id":"https:\/\/sovdladelund.de\/#\/schema\/logo\/image\/","url":"https:\/\/sovdladelund.de\/wp-content\/uploads\/2022\/10\/sovd-logo-1.png","contentUrl":"https:\/\/sovdladelund.de\/wp-content\/uploads\/2022\/10\/sovd-logo-1.png","width":161,"height":78,"caption":"Sozialverband Ladelund"},"image":{"@id":"https:\/\/sovdladelund.de\/#\/schema\/logo\/image\/"},"sameAs":["https:\/\/www.facebook.com\/groups\/381158450765117"]}]}},"_links":{"self":[{"href":"https:\/\/sovdladelund.de\/index.php\/wp-json\/wp\/v2\/pages\/245","targetHints":{"allow":["GET"]}}],"collection":[{"href":"https:\/\/sovdladelund.de\/index.php\/wp-json\/wp\/v2\/pages"}],"about":[{"href":"https:\/\/sovdladelund.de\/index.php\/wp-json\/wp\/v2\/types\/page"}],"author":[{"embeddable":true,"href":"https:\/\/sovdladelund.de\/index.php\/wp-json\/wp\/v2\/users\/1"}],"replies":[{"embeddable":true,"href":"https:\/\/sovdladelund.de\/index.php\/wp-json\/wp\/v2\/comments?post=245"}],"version-history":[{"count":15,"href":"https:\/\/sovdladelund.de\/index.php\/wp-json\/wp\/v2\/pages\/245\/revisions"}],"predecessor-version":[{"id":513,"href":"https:\/\/sovdladelund.de\/index.php\/wp-json\/wp\/v2\/pages\/245\/revisions\/513"}],"wp:attachment":[{"href":"https:\/\/sovdladelund.de\/index.php\/wp-json\/wp\/v2\/media?parent=245"}],"curies":[{"name":"wp","href":"https:\/\/api.w.org\/{rel}","templated":true}]}}